{"id":23131,"date":"2024-10-01T17:12:11","date_gmt":"2024-10-01T17:12:11","guid":{"rendered":"https:\/\/rutesentrerefugis.com\/?page_id=23131"},"modified":"2024-10-01T17:23:01","modified_gmt":"2024-10-01T17:23:01","slug":"parlem-de-llibres","status":"publish","type":"page","link":"https:\/\/rutesentrerefugis.com\/index.php\/parlem-de-llibres\/","title":{"rendered":"PARLEM DE LLIBRES"},"content":{"rendered":"\t\t<div data-elementor-type=\"wp-page\" data-elementor-id=\"23131\" class=\"elementor elementor-23131\" data-elementor-post-type=\"page\">\n\t\t\t\t\t\t<section class=\"elementor-section elementor-top-section elementor-element elementor-element-09e8dee elementor-section-full_width elementor-section-height-default elementor-section-height-default\" data-id=\"09e8dee\" data-element_type=\"section\" data-e-type=\"section\" data-settings=\"{&quot;background_background&quot;:&quot;classic&quot;}\">\n\t\t\t\t\t\t<div class=\"elementor-container elementor-column-gap-default\">\n\t\t\t\t\t<div class=\"elementor-column elementor-col-100 elementor-top-column elementor-element elementor-element-73d995f\" data-id=\"73d995f\" data-element_type=\"column\" data-e-type=\"column\">\n\t\t\t<div class=\"elementor-widget-wrap elementor-element-populated\">\n\t\t\t\t\t\t<div class=\"elementor-element elementor-element-7b5f9e5 elementor-widget elementor-widget-image\" data-id=\"7b5f9e5\" data-element_type=\"widget\" data-e-type=\"widget\" data-widget_type=\"image.default\">\n\t\t\t\t<div class=\"elementor-widget-container\">\n\t\t\t\t\t\t\t\t\t\t\t\t\t\t\t<img fetchpriority=\"high\" decoding=\"async\" width=\"2000\" height=\"450\" src=\"https:\/\/rutesentrerefugis.com\/wp-content\/uploads\/2024\/10\/Parlem-de-Llibres-Cap.jpg\" class=\"attachment-full size-full wp-image-23137\" alt=\"\" srcset=\"https:\/\/rutesentrerefugis.com\/wp-content\/uploads\/2024\/10\/Parlem-de-Llibres-Cap.jpg 2000w, https:\/\/rutesentrerefugis.com\/wp-content\/uploads\/2024\/10\/Parlem-de-Llibres-Cap-300x68.jpg 300w, https:\/\/rutesentrerefugis.com\/wp-content\/uploads\/2024\/10\/Parlem-de-Llibres-Cap-1024x230.jpg 1024w, https:\/\/rutesentrerefugis.com\/wp-content\/uploads\/2024\/10\/Parlem-de-Llibres-Cap-768x173.jpg 768w, https:\/\/rutesentrerefugis.com\/wp-content\/uploads\/2024\/10\/Parlem-de-Llibres-Cap-1536x346.jpg 1536w\" sizes=\"(max-width: 2000px) 100vw, 2000px\" \/>\t\t\t\t\t\t\t\t\t\t\t\t\t\t\t<\/div>\n\t\t\t\t<\/div>\n\t\t\t\t\t<\/div>\n\t\t<\/div>\n\t\t\t\t\t<\/div>\n\t\t<\/section>\n\t\t\t\t<section class=\"elementor-section elementor-top-section elementor-element elementor-element-6c5dc14 elementor-section-full_width elementor-section-height-default elementor-section-height-default\" data-id=\"6c5dc14\" data-element_type=\"section\" data-e-type=\"section\" data-settings=\"{&quot;background_background&quot;:&quot;classic&quot;}\">\n\t\t\t\t\t\t<div class=\"elementor-container elementor-column-gap-default\">\n\t\t\t\t\t<div class=\"elementor-column elementor-col-100 elementor-top-column elementor-element elementor-element-630a444\" data-id=\"630a444\" data-element_type=\"column\" data-e-type=\"column\">\n\t\t\t<div class=\"elementor-widget-wrap elementor-element-populated\">\n\t\t\t\t\t\t<div class=\"elementor-element elementor-element-cf1d0cf elementor-widget elementor-widget-heading\" data-id=\"cf1d0cf\" data-element_type=\"widget\" data-e-type=\"widget\" data-widget_type=\"heading.default\">\n\t\t\t\t<div class=\"elementor-widget-container\">\n\t\t\t\t\t<h1 class=\"elementor-heading-title elementor-size-default\">\u00b7 <font color=\"#B40404\">PARLEM DE LLIBRES<\/font> \u00b7<\/h1>\t\t\t\t<\/div>\n\t\t\t\t<\/div>\n\t\t\t\t\t<\/div>\n\t\t<\/div>\n\t\t\t\t\t<\/div>\n\t\t<\/section>\n\t\t\t\t<section class=\"elementor-section elementor-top-section elementor-element elementor-element-d8be62b elementor-section-full_width elementor-section-height-default elementor-section-height-default\" data-id=\"d8be62b\" data-element_type=\"section\" data-e-type=\"section\" data-settings=\"{&quot;background_background&quot;:&quot;classic&quot;}\">\n\t\t\t\t\t\t<div class=\"elementor-container elementor-column-gap-default\">\n\t\t\t\t\t<div class=\"elementor-column elementor-col-100 elementor-top-column elementor-element elementor-element-5531f42\" data-id=\"5531f42\" data-element_type=\"column\" data-e-type=\"column\">\n\t\t\t<div class=\"elementor-widget-wrap elementor-element-populated\">\n\t\t\t\t\t\t<div class=\"elementor-element elementor-element-03c8967 elementor-widget-divider--view-line elementor-widget elementor-widget-divider\" data-id=\"03c8967\" data-element_type=\"widget\" data-e-type=\"widget\" data-widget_type=\"divider.default\">\n\t\t\t\t<div class=\"elementor-widget-container\">\n\t\t\t\t\t\t\t<div class=\"elementor-divider\">\n\t\t\t<span class=\"elementor-divider-separator\">\n\t\t\t\t\t\t<\/span>\n\t\t<\/div>\n\t\t\t\t\t\t<\/div>\n\t\t\t\t<\/div>\n\t\t\t\t\t<\/div>\n\t\t<\/div>\n\t\t\t\t\t<\/div>\n\t\t<\/section>\n\t\t\t\t<section class=\"elementor-section elementor-top-section elementor-element elementor-element-c3dbf71 elementor-section-full_width elementor-section-height-default elementor-section-height-default\" data-id=\"c3dbf71\" data-element_type=\"section\" data-e-type=\"section\">\n\t\t\t\t\t\t<div class=\"elementor-container elementor-column-gap-default\">\n\t\t\t\t\t<div class=\"elementor-column elementor-col-100 elementor-top-column elementor-element elementor-element-0566861\" data-id=\"0566861\" data-element_type=\"column\" data-e-type=\"column\">\n\t\t\t<div class=\"elementor-widget-wrap elementor-element-populated\">\n\t\t\t\t\t\t<div class=\"elementor-element elementor-element-c41c8de elementor-widget elementor-widget-spacer\" data-id=\"c41c8de\" data-element_type=\"widget\" data-e-type=\"widget\" data-widget_type=\"spacer.default\">\n\t\t\t\t<div class=\"elementor-widget-container\">\n\t\t\t\t\t\t\t<div class=\"elementor-spacer\">\n\t\t\t<div class=\"elementor-spacer-inner\"><\/div>\n\t\t<\/div>\n\t\t\t\t\t\t<\/div>\n\t\t\t\t<\/div>\n\t\t\t\t\t<\/div>\n\t\t<\/div>\n\t\t\t\t\t<\/div>\n\t\t<\/section>\n\t\t\t\t<section class=\"elementor-section elementor-top-section elementor-element elementor-element-4670a2b elementor-section-full_width elementor-section-height-default elementor-section-height-default\" data-id=\"4670a2b\" data-element_type=\"section\" data-e-type=\"section\">\n\t\t\t\t\t\t<div class=\"elementor-container elementor-column-gap-default\">\n\t\t\t\t\t<div class=\"elementor-column elementor-col-100 elementor-top-column elementor-element elementor-element-e2429e9\" data-id=\"e2429e9\" data-element_type=\"column\" data-e-type=\"column\">\n\t\t\t<div class=\"elementor-widget-wrap elementor-element-populated\">\n\t\t\t\t\t\t<div class=\"elementor-element elementor-element-c15348d elementor-grid-5 elementor-grid-tablet-2 elementor-grid-mobile-1 elementor-posts--thumbnail-top elementor-posts--show-avatar elementor-card-shadow-yes elementor-posts__hover-gradient load-more-align-center elementor-widget elementor-widget-posts\" data-id=\"c15348d\" data-element_type=\"widget\" data-e-type=\"widget\" data-settings=\"{&quot;cards_columns&quot;:&quot;5&quot;,&quot;pagination_type&quot;:&quot;load_more_on_click&quot;,&quot;cards_columns_tablet&quot;:&quot;2&quot;,&quot;cards_columns_mobile&quot;:&quot;1&quot;,&quot;cards_row_gap&quot;:{&quot;unit&quot;:&quot;px&quot;,&quot;size&quot;:35,&quot;sizes&quot;:[]},&quot;cards_row_gap_tablet&quot;:{&quot;unit&quot;:&quot;px&quot;,&quot;size&quot;:&quot;&quot;,&quot;sizes&quot;:[]},&quot;cards_row_gap_mobile&quot;:{&quot;unit&quot;:&quot;px&quot;,&quot;size&quot;:&quot;&quot;,&quot;sizes&quot;:[]},&quot;load_more_spinner&quot;:{&quot;value&quot;:&quot;fas fa-spinner&quot;,&quot;library&quot;:&quot;fa-solid&quot;}}\" data-widget_type=\"posts.cards\">\n\t\t\t\t<div class=\"elementor-widget-container\">\n\t\t\t\t\t\t\t<div class=\"elementor-posts-container elementor-posts elementor-posts--skin-cards elementor-grid\" role=\"list\">\n\t\t\t\t<article class=\"elementor-post elementor-grid-item post-29508 post type-post status-publish format-standard has-post-thumbnail hentry category-blog category-fontalba category-llibres tag-colleccio-fontalba tag-jordi-cabre-i-trias tag-montseny-es-ca tag-montseny-una-biografia tag-simbol-editors-es-ca tag-una-biografia\" role=\"listitem\">\n\t\t\t<div class=\"elementor-post__card\">\n\t\t\t\t<a class=\"elementor-post__thumbnail__link\" href=\"https:\/\/rutesentrerefugis.com\/index.php\/2026\/03\/02\/montseny\/\" tabindex=\"-1\" ><div class=\"elementor-post__thumbnail\"><img decoding=\"async\" width=\"1200\" height=\"800\" src=\"https:\/\/rutesentrerefugis.com\/wp-content\/uploads\/2026\/03\/Montseny-Inici.jpg\" class=\"attachment-full size-full wp-image-29510\" alt=\"\" srcset=\"https:\/\/rutesentrerefugis.com\/wp-content\/uploads\/2026\/03\/Montseny-Inici.jpg 1200w, https:\/\/rutesentrerefugis.com\/wp-content\/uploads\/2026\/03\/Montseny-Inici-300x200.jpg 300w, https:\/\/rutesentrerefugis.com\/wp-content\/uploads\/2026\/03\/Montseny-Inici-1024x683.jpg 1024w, https:\/\/rutesentrerefugis.com\/wp-content\/uploads\/2026\/03\/Montseny-Inici-768x512.jpg 768w\" sizes=\"(max-width: 1200px) 100vw, 1200px\" \/><\/div><\/a>\n\t\t\t\t<div class=\"elementor-post__avatar\">\n\t\t\t<img alt='Jordi Cabre' src='https:\/\/rutesentrerefugis.com\/wp-content\/uploads\/2026\/03\/avatar_user_81_1772475596.jpg' srcset='https:\/\/rutesentrerefugis.com\/wp-content\/uploads\/2026\/03\/avatar_user_81_1772475596.jpg 2x' class='avatar avatar-128 photo' height='128' width='128' \/>\t\t<\/div>\n\t\t\t\t<div class=\"elementor-post__text\">\n\t\t\t\t<h3 class=\"elementor-post__title\">\n\t\t\t<a href=\"https:\/\/rutesentrerefugis.com\/index.php\/2026\/03\/02\/montseny\/\" >\n\t\t\t\tMONTSENY\t\t\t<\/a>\n\t\t<\/h3>\n\t\t\t\t<\/div>\n\t\t\t\t<div class=\"elementor-post__meta-data\">\n\t\t\t\t\t<span class=\"elementor-post-author\">\n\t\t\tJordi Cabre\t\t<\/span>\n\t\t\t\t<span class=\"elementor-post-date\">\n\t\t\t02\/03\/2026\t\t<\/span>\n\t\t\t\t<\/div>\n\t\t\t\t\t<\/div>\n\t\t<\/article>\n\t\t\t\t<article class=\"elementor-post elementor-grid-item post-29279 post type-post status-publish format-standard has-post-thumbnail hentry category-blog category-fontalba category-llibres tag-blanca-busquets-ca tag-colleccio-fontalba tag-collsacabra-ca tag-collsacabra-una-biografia-ca tag-simbol-editors-es-ca tag-una-biografia\" role=\"listitem\">\n\t\t\t<div class=\"elementor-post__card\">\n\t\t\t\t<a class=\"elementor-post__thumbnail__link\" href=\"https:\/\/rutesentrerefugis.com\/index.php\/2025\/12\/01\/collsacabra\/\" tabindex=\"-1\" ><div class=\"elementor-post__thumbnail\"><img decoding=\"async\" width=\"1200\" height=\"800\" src=\"https:\/\/rutesentrerefugis.com\/wp-content\/uploads\/2025\/12\/Collsacabra-Inici.jpg\" class=\"attachment-full size-full wp-image-29280\" alt=\"\" srcset=\"https:\/\/rutesentrerefugis.com\/wp-content\/uploads\/2025\/12\/Collsacabra-Inici.jpg 1200w, https:\/\/rutesentrerefugis.com\/wp-content\/uploads\/2025\/12\/Collsacabra-Inici-300x200.jpg 300w, https:\/\/rutesentrerefugis.com\/wp-content\/uploads\/2025\/12\/Collsacabra-Inici-1024x683.jpg 1024w, https:\/\/rutesentrerefugis.com\/wp-content\/uploads\/2025\/12\/Collsacabra-Inici-768x512.jpg 768w\" sizes=\"(max-width: 1200px) 100vw, 1200px\" \/><\/div><\/a>\n\t\t\t\t<div class=\"elementor-post__avatar\">\n\t\t\t<img alt='Blanca Busquets' src='https:\/\/rutesentrerefugis.com\/wp-content\/uploads\/2025\/12\/avatar_user_78_1764611039.jpg' srcset='https:\/\/rutesentrerefugis.com\/wp-content\/uploads\/2025\/12\/avatar_user_78_1764611039.jpg 2x' class='avatar avatar-128 photo' height='128' width='128' \/>\t\t<\/div>\n\t\t\t\t<div class=\"elementor-post__text\">\n\t\t\t\t<h3 class=\"elementor-post__title\">\n\t\t\t<a href=\"https:\/\/rutesentrerefugis.com\/index.php\/2025\/12\/01\/collsacabra\/\" >\n\t\t\t\tCOLLSACABRA\t\t\t<\/a>\n\t\t<\/h3>\n\t\t\t\t<\/div>\n\t\t\t\t<div class=\"elementor-post__meta-data\">\n\t\t\t\t\t<span class=\"elementor-post-author\">\n\t\t\tBlanca Busquets\t\t<\/span>\n\t\t\t\t<span class=\"elementor-post-date\">\n\t\t\t01\/12\/2025\t\t<\/span>\n\t\t\t\t<\/div>\n\t\t\t\t\t<\/div>\n\t\t<\/article>\n\t\t\t\t<article class=\"elementor-post elementor-grid-item post-29156 post type-post status-publish format-standard has-post-thumbnail hentry category-blog category-fontalba category-llibres tag-albert-villaro tag-cadi-ca tag-colleccio-fontalba tag-simbol-editors-es-ca tag-una-biografia\" role=\"listitem\">\n\t\t\t<div class=\"elementor-post__card\">\n\t\t\t\t<a class=\"elementor-post__thumbnail__link\" href=\"https:\/\/rutesentrerefugis.com\/index.php\/2025\/11\/25\/cadi\/\" tabindex=\"-1\" ><div class=\"elementor-post__thumbnail\"><img loading=\"lazy\" decoding=\"async\" width=\"1200\" height=\"800\" src=\"https:\/\/rutesentrerefugis.com\/wp-content\/uploads\/2025\/11\/Cadi-Inici.jpg\" class=\"attachment-full size-full wp-image-29157\" alt=\"\" srcset=\"https:\/\/rutesentrerefugis.com\/wp-content\/uploads\/2025\/11\/Cadi-Inici.jpg 1200w, https:\/\/rutesentrerefugis.com\/wp-content\/uploads\/2025\/11\/Cadi-Inici-300x200.jpg 300w, https:\/\/rutesentrerefugis.com\/wp-content\/uploads\/2025\/11\/Cadi-Inici-1024x683.jpg 1024w, https:\/\/rutesentrerefugis.com\/wp-content\/uploads\/2025\/11\/Cadi-Inici-768x512.jpg 768w\" sizes=\"(max-width: 1200px) 100vw, 1200px\" \/><\/div><\/a>\n\t\t\t\t<div class=\"elementor-post__avatar\">\n\t\t\t<img alt='Albert Villaro' src='https:\/\/rutesentrerefugis.com\/wp-content\/uploads\/2025\/11\/avatar_user_77_1764093109.jpg' srcset='https:\/\/rutesentrerefugis.com\/wp-content\/uploads\/2025\/11\/avatar_user_77_1764093109.jpg 2x' class='avatar avatar-128 photo' height='128' width='128' \/>\t\t<\/div>\n\t\t\t\t<div class=\"elementor-post__text\">\n\t\t\t\t<h3 class=\"elementor-post__title\">\n\t\t\t<a href=\"https:\/\/rutesentrerefugis.com\/index.php\/2025\/11\/25\/cadi\/\" >\n\t\t\t\tCAD\u00cd\t\t\t<\/a>\n\t\t<\/h3>\n\t\t\t\t<\/div>\n\t\t\t\t<div class=\"elementor-post__meta-data\">\n\t\t\t\t\t<span class=\"elementor-post-author\">\n\t\t\tAlbert Villaro\t\t<\/span>\n\t\t\t\t<span class=\"elementor-post-date\">\n\t\t\t25\/11\/2025\t\t<\/span>\n\t\t\t\t<\/div>\n\t\t\t\t\t<\/div>\n\t\t<\/article>\n\t\t\t\t<article class=\"elementor-post elementor-grid-item post-29085 post type-post status-publish format-standard has-post-thumbnail hentry category-blog category-fontalba category-llibres tag-colleccio-fontalba tag-sant-llorenc-del-munt tag-simbol-editors-es-ca tag-terrassa-ca tag-una-biografia tag-vicenc-villatoro\" role=\"listitem\">\n\t\t\t<div class=\"elementor-post__card\">\n\t\t\t\t<a class=\"elementor-post__thumbnail__link\" href=\"https:\/\/rutesentrerefugis.com\/index.php\/2025\/11\/17\/sant-llorenc-del-munt\/\" tabindex=\"-1\" ><div class=\"elementor-post__thumbnail\"><img loading=\"lazy\" decoding=\"async\" width=\"1200\" height=\"800\" src=\"https:\/\/rutesentrerefugis.com\/wp-content\/uploads\/2025\/11\/Sant-Llorenc-del-Munt-Inici.jpg\" class=\"attachment-full size-full wp-image-29086\" alt=\"\" srcset=\"https:\/\/rutesentrerefugis.com\/wp-content\/uploads\/2025\/11\/Sant-Llorenc-del-Munt-Inici.jpg 1200w, https:\/\/rutesentrerefugis.com\/wp-content\/uploads\/2025\/11\/Sant-Llorenc-del-Munt-Inici-300x200.jpg 300w, https:\/\/rutesentrerefugis.com\/wp-content\/uploads\/2025\/11\/Sant-Llorenc-del-Munt-Inici-1024x683.jpg 1024w, https:\/\/rutesentrerefugis.com\/wp-content\/uploads\/2025\/11\/Sant-Llorenc-del-Munt-Inici-768x512.jpg 768w\" sizes=\"(max-width: 1200px) 100vw, 1200px\" \/><\/div><\/a>\n\t\t\t\t<div class=\"elementor-post__avatar\">\n\t\t\t<img alt='Vicen\u00e7 Villatoro' src='https:\/\/rutesentrerefugis.com\/wp-content\/uploads\/2025\/11\/avatar_user_76_1763403688.jpg' srcset='https:\/\/rutesentrerefugis.com\/wp-content\/uploads\/2025\/11\/avatar_user_76_1763403688.jpg 2x' class='avatar avatar-128 photo' height='128' width='128' \/>\t\t<\/div>\n\t\t\t\t<div class=\"elementor-post__text\">\n\t\t\t\t<h3 class=\"elementor-post__title\">\n\t\t\t<a href=\"https:\/\/rutesentrerefugis.com\/index.php\/2025\/11\/17\/sant-llorenc-del-munt\/\" >\n\t\t\t\tSANT LLOREN\u00c7 DEL MUNT\t\t\t<\/a>\n\t\t<\/h3>\n\t\t\t\t<\/div>\n\t\t\t\t<div class=\"elementor-post__meta-data\">\n\t\t\t\t\t<span class=\"elementor-post-author\">\n\t\t\tVicen\u00e7 Villatoro\t\t<\/span>\n\t\t\t\t<span class=\"elementor-post-date\">\n\t\t\t17\/11\/2025\t\t<\/span>\n\t\t\t\t<\/div>\n\t\t\t\t\t<\/div>\n\t\t<\/article>\n\t\t\t\t<article class=\"elementor-post elementor-grid-item post-29025 post type-post status-publish format-standard has-post-thumbnail hentry category-blog category-enric-faura-ca category-llibres tag-article tag-articulo tag-blog tag-capitan-swing-es-ca tag-columnas-ca tag-columnes-ca tag-cronicas-ca tag-croniques-ca tag-enric-faura-es-ca tag-la-bandera-en-la-cumbre-ca tag-libros tag-llibres tag-pablo-batalla tag-politica-ca\" role=\"listitem\">\n\t\t\t<div class=\"elementor-post__card\">\n\t\t\t\t<a class=\"elementor-post__thumbnail__link\" href=\"https:\/\/rutesentrerefugis.com\/index.php\/2025\/10\/25\/tot-es-politica\/\" tabindex=\"-1\" ><div class=\"elementor-post__thumbnail\"><img loading=\"lazy\" decoding=\"async\" width=\"1200\" height=\"800\" src=\"https:\/\/rutesentrerefugis.com\/wp-content\/uploads\/2025\/10\/Tot-es-Politica-Inici.jpg\" class=\"attachment-full size-full wp-image-29026\" alt=\"\" srcset=\"https:\/\/rutesentrerefugis.com\/wp-content\/uploads\/2025\/10\/Tot-es-Politica-Inici.jpg 1200w, https:\/\/rutesentrerefugis.com\/wp-content\/uploads\/2025\/10\/Tot-es-Politica-Inici-300x200.jpg 300w, https:\/\/rutesentrerefugis.com\/wp-content\/uploads\/2025\/10\/Tot-es-Politica-Inici-1024x683.jpg 1024w, https:\/\/rutesentrerefugis.com\/wp-content\/uploads\/2025\/10\/Tot-es-Politica-Inici-768x512.jpg 768w\" sizes=\"(max-width: 1200px) 100vw, 1200px\" \/><\/div><\/a>\n\t\t\t\t<div class=\"elementor-post__avatar\">\n\t\t\t<img alt='Enric Faura' src='https:\/\/rutesentrerefugis.com\/wp-content\/uploads\/2023\/05\/avatar_user_12_1683353104.jpg' srcset='https:\/\/rutesentrerefugis.com\/wp-content\/uploads\/2023\/05\/avatar_user_12_1683353104.jpg 2x' class='avatar avatar-128 photo' height='128' width='128' \/>\t\t<\/div>\n\t\t\t\t<div class=\"elementor-post__text\">\n\t\t\t\t<h3 class=\"elementor-post__title\">\n\t\t\t<a href=\"https:\/\/rutesentrerefugis.com\/index.php\/2025\/10\/25\/tot-es-politica\/\" >\n\t\t\t\tTOT \u00c9S POL\u00cdTICA?\t\t\t<\/a>\n\t\t<\/h3>\n\t\t\t\t<\/div>\n\t\t\t\t<div class=\"elementor-post__meta-data\">\n\t\t\t\t\t<span class=\"elementor-post-author\">\n\t\t\tEnric Faura\t\t<\/span>\n\t\t\t\t<span class=\"elementor-post-date\">\n\t\t\t25\/10\/2025\t\t<\/span>\n\t\t\t\t<\/div>\n\t\t\t\t\t<\/div>\n\t\t<\/article>\n\t\t\t\t<article class=\"elementor-post elementor-grid-item post-28897 post type-post status-publish format-standard has-post-thumbnail hentry category-blog category-croniques-ca category-edu-sallent-ca category-llibres tag-alpinisme-de-seca tag-colleccio-annapurna tag-cossetania-edicions-es-ca tag-edu-sallent-ca tag-eduard-sallent tag-jordi-coromines\" role=\"listitem\">\n\t\t\t<div class=\"elementor-post__card\">\n\t\t\t\t<a class=\"elementor-post__thumbnail__link\" href=\"https:\/\/rutesentrerefugis.com\/index.php\/2025\/10\/15\/alpinisme-de-seca\/\" tabindex=\"-1\" ><div class=\"elementor-post__thumbnail\"><img loading=\"lazy\" decoding=\"async\" width=\"1200\" height=\"800\" src=\"https:\/\/rutesentrerefugis.com\/wp-content\/uploads\/2025\/10\/Alpinisme-de-Seca-Inici.jpg\" class=\"attachment-full size-full wp-image-28958\" alt=\"\" srcset=\"https:\/\/rutesentrerefugis.com\/wp-content\/uploads\/2025\/10\/Alpinisme-de-Seca-Inici.jpg 1200w, https:\/\/rutesentrerefugis.com\/wp-content\/uploads\/2025\/10\/Alpinisme-de-Seca-Inici-300x200.jpg 300w, https:\/\/rutesentrerefugis.com\/wp-content\/uploads\/2025\/10\/Alpinisme-de-Seca-Inici-1024x683.jpg 1024w, https:\/\/rutesentrerefugis.com\/wp-content\/uploads\/2025\/10\/Alpinisme-de-Seca-Inici-768x512.jpg 768w\" sizes=\"(max-width: 1200px) 100vw, 1200px\" \/><\/div><\/a>\n\t\t\t\t<div class=\"elementor-post__avatar\">\n\t\t\t<img alt='Edu Sallent' src='https:\/\/rutesentrerefugis.com\/wp-content\/uploads\/2023\/05\/avatar_user_22_1683354133.jpg' srcset='https:\/\/rutesentrerefugis.com\/wp-content\/uploads\/2023\/05\/avatar_user_22_1683354133.jpg 2x' class='avatar avatar-128 photo' height='128' width='128' \/>\t\t<\/div>\n\t\t\t\t<div class=\"elementor-post__text\">\n\t\t\t\t<h3 class=\"elementor-post__title\">\n\t\t\t<a href=\"https:\/\/rutesentrerefugis.com\/index.php\/2025\/10\/15\/alpinisme-de-seca\/\" >\n\t\t\t\tALPINISME DE SECA\t\t\t<\/a>\n\t\t<\/h3>\n\t\t\t\t<\/div>\n\t\t\t\t<div class=\"elementor-post__meta-data\">\n\t\t\t\t\t<span class=\"elementor-post-author\">\n\t\t\tEdu Sallent\t\t<\/span>\n\t\t\t\t<span class=\"elementor-post-date\">\n\t\t\t15\/10\/2025\t\t<\/span>\n\t\t\t\t<\/div>\n\t\t\t\t\t<\/div>\n\t\t<\/article>\n\t\t\t\t<article class=\"elementor-post elementor-grid-item post-28606 post type-post status-publish format-standard has-post-thumbnail hentry category-blog category-croniques-ca category-llibres tag-blog tag-capitan-swing-es-ca tag-hablemos-de-libros-ca tag-la-bandera-en-la-cumbre-ca tag-libros tag-llibres tag-montanismo-ca tag-muntanyisme-ca tag-paco-batalla-cueto-ca tag-parlem-de-llibres-ca tag-politica-ca\" role=\"listitem\">\n\t\t\t<div class=\"elementor-post__card\">\n\t\t\t\t<a class=\"elementor-post__thumbnail__link\" href=\"https:\/\/rutesentrerefugis.com\/index.php\/2025\/09\/14\/la-bandera-en-la-cumbre\/\" tabindex=\"-1\" ><div class=\"elementor-post__thumbnail\"><img loading=\"lazy\" decoding=\"async\" width=\"1200\" height=\"800\" src=\"https:\/\/rutesentrerefugis.com\/wp-content\/uploads\/2025\/09\/La-Bandera-en-la-Cumbre-Inici.jpg\" class=\"attachment-full size-full wp-image-28608\" alt=\"\" srcset=\"https:\/\/rutesentrerefugis.com\/wp-content\/uploads\/2025\/09\/La-Bandera-en-la-Cumbre-Inici.jpg 1200w, https:\/\/rutesentrerefugis.com\/wp-content\/uploads\/2025\/09\/La-Bandera-en-la-Cumbre-Inici-300x200.jpg 300w, https:\/\/rutesentrerefugis.com\/wp-content\/uploads\/2025\/09\/La-Bandera-en-la-Cumbre-Inici-1024x683.jpg 1024w, https:\/\/rutesentrerefugis.com\/wp-content\/uploads\/2025\/09\/La-Bandera-en-la-Cumbre-Inici-768x512.jpg 768w\" sizes=\"(max-width: 1200px) 100vw, 1200px\" \/><\/div><\/a>\n\t\t\t\t<div class=\"elementor-post__avatar\">\n\t\t\t<img alt='Pablo Batalla Cueto' src='https:\/\/rutesentrerefugis.com\/wp-content\/uploads\/2025\/09\/avatar_user_75_1757847010.jpg' srcset='https:\/\/rutesentrerefugis.com\/wp-content\/uploads\/2025\/09\/avatar_user_75_1757847010.jpg 2x' class='avatar avatar-128 photo' height='128' width='128' \/>\t\t<\/div>\n\t\t\t\t<div class=\"elementor-post__text\">\n\t\t\t\t<h3 class=\"elementor-post__title\">\n\t\t\t<a href=\"https:\/\/rutesentrerefugis.com\/index.php\/2025\/09\/14\/la-bandera-en-la-cumbre\/\" >\n\t\t\t\tLA BANDERA EN LA CUMBRE\t\t\t<\/a>\n\t\t<\/h3>\n\t\t\t\t<\/div>\n\t\t\t\t<div class=\"elementor-post__meta-data\">\n\t\t\t\t\t<span class=\"elementor-post-author\">\n\t\t\tPablo Batalla Cueto\t\t<\/span>\n\t\t\t\t<span class=\"elementor-post-date\">\n\t\t\t14\/09\/2025\t\t<\/span>\n\t\t\t\t<\/div>\n\t\t\t\t\t<\/div>\n\t\t<\/article>\n\t\t\t\t<article class=\"elementor-post elementor-grid-item post-28508 post type-post status-publish format-standard has-post-thumbnail hentry category-blog category-croniques-ca category-llibres tag-1700-km-a-pie-por-el-gran-camino-del-himalaya tag-ediciones-peninsula tag-el-sendero-de-las-nubes tag-himalaia-ca tag-himalaya-ca tag-sergi-unanue\" role=\"listitem\">\n\t\t\t<div class=\"elementor-post__card\">\n\t\t\t\t<a class=\"elementor-post__thumbnail__link\" href=\"https:\/\/rutesentrerefugis.com\/index.php\/2025\/09\/11\/el-sendero-de-las-nubes\/\" tabindex=\"-1\" ><div class=\"elementor-post__thumbnail\"><img loading=\"lazy\" decoding=\"async\" width=\"1200\" height=\"800\" src=\"https:\/\/rutesentrerefugis.com\/wp-content\/uploads\/2025\/09\/El-Sendero-de-las-Nubes-Inici.jpg\" class=\"attachment-full size-full wp-image-28511\" alt=\"\" srcset=\"https:\/\/rutesentrerefugis.com\/wp-content\/uploads\/2025\/09\/El-Sendero-de-las-Nubes-Inici.jpg 1200w, https:\/\/rutesentrerefugis.com\/wp-content\/uploads\/2025\/09\/El-Sendero-de-las-Nubes-Inici-300x200.jpg 300w, https:\/\/rutesentrerefugis.com\/wp-content\/uploads\/2025\/09\/El-Sendero-de-las-Nubes-Inici-1024x683.jpg 1024w, https:\/\/rutesentrerefugis.com\/wp-content\/uploads\/2025\/09\/El-Sendero-de-las-Nubes-Inici-768x512.jpg 768w\" sizes=\"(max-width: 1200px) 100vw, 1200px\" \/><\/div><\/a>\n\t\t\t\t<div class=\"elementor-post__avatar\">\n\t\t\t<img alt='Sergi Unanue' src='https:\/\/rutesentrerefugis.com\/wp-content\/uploads\/2025\/09\/avatar_user_74_1757607813.jpg' srcset='https:\/\/rutesentrerefugis.com\/wp-content\/uploads\/2025\/09\/avatar_user_74_1757607813.jpg 2x' class='avatar avatar-128 photo' height='128' width='128' \/>\t\t<\/div>\n\t\t\t\t<div class=\"elementor-post__text\">\n\t\t\t\t<h3 class=\"elementor-post__title\">\n\t\t\t<a href=\"https:\/\/rutesentrerefugis.com\/index.php\/2025\/09\/11\/el-sendero-de-las-nubes\/\" >\n\t\t\t\tEL SENDERO DE LAS NUBES\t\t\t<\/a>\n\t\t<\/h3>\n\t\t\t\t<\/div>\n\t\t\t\t<div class=\"elementor-post__meta-data\">\n\t\t\t\t\t<span class=\"elementor-post-author\">\n\t\t\tSergi Unanue\t\t<\/span>\n\t\t\t\t<span class=\"elementor-post-date\">\n\t\t\t11\/09\/2025\t\t<\/span>\n\t\t\t\t<\/div>\n\t\t\t\t\t<\/div>\n\t\t<\/article>\n\t\t\t\t<article class=\"elementor-post elementor-grid-item post-27858 post type-post status-publish format-standard has-post-thumbnail hentry category-blog category-llibres tag-blog tag-gr-11-en-30-dias tag-gr-11-en-30-dies tag-gr-11 tag-guia-para-principiantes tag-guia-per-a-principiants tag-libros tag-llibres tag-senda-pirenaica tag-senda-pirinenca tag-transpirenaica tag-transpirinenca tag-xavier-boix-ricart\" role=\"listitem\">\n\t\t\t<div class=\"elementor-post__card\">\n\t\t\t\t<a class=\"elementor-post__thumbnail__link\" href=\"https:\/\/rutesentrerefugis.com\/index.php\/2025\/08\/29\/gr-11-en-30-dies\/\" tabindex=\"-1\" ><div class=\"elementor-post__thumbnail\"><img loading=\"lazy\" decoding=\"async\" width=\"1200\" height=\"800\" src=\"https:\/\/rutesentrerefugis.com\/wp-content\/uploads\/2025\/08\/GR-11-30-Dies-Inici.jpg\" class=\"attachment-full size-full wp-image-27860\" alt=\"\" srcset=\"https:\/\/rutesentrerefugis.com\/wp-content\/uploads\/2025\/08\/GR-11-30-Dies-Inici.jpg 1200w, https:\/\/rutesentrerefugis.com\/wp-content\/uploads\/2025\/08\/GR-11-30-Dies-Inici-300x200.jpg 300w, https:\/\/rutesentrerefugis.com\/wp-content\/uploads\/2025\/08\/GR-11-30-Dies-Inici-1024x683.jpg 1024w, https:\/\/rutesentrerefugis.com\/wp-content\/uploads\/2025\/08\/GR-11-30-Dies-Inici-768x512.jpg 768w\" sizes=\"(max-width: 1200px) 100vw, 1200px\" \/><\/div><\/a>\n\t\t\t\t<div class=\"elementor-post__avatar\">\n\t\t\t<img alt='Xavier Boix Ricart' src='https:\/\/rutesentrerefugis.com\/wp-content\/uploads\/2025\/08\/avatar_user_72_1756470622.jpg' srcset='https:\/\/rutesentrerefugis.com\/wp-content\/uploads\/2025\/08\/avatar_user_72_1756470622.jpg 2x' class='avatar avatar-128 photo' height='128' width='128' \/>\t\t<\/div>\n\t\t\t\t<div class=\"elementor-post__text\">\n\t\t\t\t<h3 class=\"elementor-post__title\">\n\t\t\t<a href=\"https:\/\/rutesentrerefugis.com\/index.php\/2025\/08\/29\/gr-11-en-30-dies\/\" >\n\t\t\t\tGR-11 EN 30 DIES\t\t\t<\/a>\n\t\t<\/h3>\n\t\t\t\t<\/div>\n\t\t\t\t<div class=\"elementor-post__meta-data\">\n\t\t\t\t\t<span class=\"elementor-post-author\">\n\t\t\tXavier Boix Ricart\t\t<\/span>\n\t\t\t\t<span class=\"elementor-post-date\">\n\t\t\t29\/08\/2025\t\t<\/span>\n\t\t\t\t<\/div>\n\t\t\t\t\t<\/div>\n\t\t<\/article>\n\t\t\t\t<article class=\"elementor-post elementor-grid-item post-26450 post type-post status-publish format-standard has-post-thumbnail hentry category-blog category-llibres tag-12444 tag-araceli-segarra tag-blog tag-broughton-coburn tag-capitan-swing-es-ca tag-cronicas-ca tag-croniques-ca tag-darjeeling-es-ca tag-david-breashers tag-ed-viesturs tag-edmund-hillary tag-el-dalai-lama tag-everest tag-imax tag-india tag-jamling-tenzing-norgay tag-jon-krakauer tag-mas-cerca-de-mi-padre tag-nepal tag-peter-hillary tag-tenzing-norgay\" role=\"listitem\">\n\t\t\t<div class=\"elementor-post__card\">\n\t\t\t\t<a class=\"elementor-post__thumbnail__link\" href=\"https:\/\/rutesentrerefugis.com\/index.php\/2025\/07\/06\/mas-cerca-de-mi-padre\/\" tabindex=\"-1\" ><div class=\"elementor-post__thumbnail\"><img loading=\"lazy\" decoding=\"async\" width=\"1200\" height=\"800\" src=\"https:\/\/rutesentrerefugis.com\/wp-content\/uploads\/2025\/07\/Mas-Cerca-de-mi-Padre-Inici.jpg\" class=\"attachment-full size-full wp-image-26451\" alt=\"\" srcset=\"https:\/\/rutesentrerefugis.com\/wp-content\/uploads\/2025\/07\/Mas-Cerca-de-mi-Padre-Inici.jpg 1200w, https:\/\/rutesentrerefugis.com\/wp-content\/uploads\/2025\/07\/Mas-Cerca-de-mi-Padre-Inici-300x200.jpg 300w, https:\/\/rutesentrerefugis.com\/wp-content\/uploads\/2025\/07\/Mas-Cerca-de-mi-Padre-Inici-1024x683.jpg 1024w, https:\/\/rutesentrerefugis.com\/wp-content\/uploads\/2025\/07\/Mas-Cerca-de-mi-Padre-Inici-768x512.jpg 768w\" sizes=\"(max-width: 1200px) 100vw, 1200px\" \/><\/div><\/a>\n\t\t\t\t<div class=\"elementor-post__avatar\">\n\t\t\t<img alt='Jamling Tenzing Norgay' src='https:\/\/rutesentrerefugis.com\/wp-content\/uploads\/2025\/07\/avatar_user_71_1751819990.jpg' srcset='https:\/\/rutesentrerefugis.com\/wp-content\/uploads\/2025\/07\/avatar_user_71_1751819990.jpg 2x' class='avatar avatar-128 photo' height='128' width='128' \/>\t\t<\/div>\n\t\t\t\t<div class=\"elementor-post__text\">\n\t\t\t\t<h3 class=\"elementor-post__title\">\n\t\t\t<a href=\"https:\/\/rutesentrerefugis.com\/index.php\/2025\/07\/06\/mas-cerca-de-mi-padre\/\" >\n\t\t\t\tM\u00c1S CERCA DE MI PADRE\t\t\t<\/a>\n\t\t<\/h3>\n\t\t\t\t<\/div>\n\t\t\t\t<div class=\"elementor-post__meta-data\">\n\t\t\t\t\t<span class=\"elementor-post-author\">\n\t\t\tJamling Tenzing Norgay\t\t<\/span>\n\t\t\t\t<span class=\"elementor-post-date\">\n\t\t\t06\/07\/2025\t\t<\/span>\n\t\t\t\t<\/div>\n\t\t\t\t\t<\/div>\n\t\t<\/article>\n\t\t\t\t<article class=\"elementor-post elementor-grid-item post-26269 post type-post status-publish format-standard has-post-thumbnail hentry category-blog category-libros-del-asteroide category-llibres tag-dalai-lama tag-heinrich-harrer tag-himalaia-ca tag-himalaya-ca tag-isabel-hernandez tag-libros-del-asteroide tag-nanga-parbat-es-ca tag-siete-anos-en-el-tibet tag-tibet\" role=\"listitem\">\n\t\t\t<div class=\"elementor-post__card\">\n\t\t\t\t<a class=\"elementor-post__thumbnail__link\" href=\"https:\/\/rutesentrerefugis.com\/index.php\/2025\/06\/27\/siete-anos-en-el-tibet\/\" tabindex=\"-1\" ><div class=\"elementor-post__thumbnail\"><img loading=\"lazy\" decoding=\"async\" width=\"1200\" height=\"800\" src=\"https:\/\/rutesentrerefugis.com\/wp-content\/uploads\/2025\/06\/Siete-Tibet-Inici.jpg\" class=\"attachment-full size-full wp-image-26270\" alt=\"\" srcset=\"https:\/\/rutesentrerefugis.com\/wp-content\/uploads\/2025\/06\/Siete-Tibet-Inici.jpg 1200w, https:\/\/rutesentrerefugis.com\/wp-content\/uploads\/2025\/06\/Siete-Tibet-Inici-300x200.jpg 300w, https:\/\/rutesentrerefugis.com\/wp-content\/uploads\/2025\/06\/Siete-Tibet-Inici-1024x683.jpg 1024w, https:\/\/rutesentrerefugis.com\/wp-content\/uploads\/2025\/06\/Siete-Tibet-Inici-768x512.jpg 768w\" sizes=\"(max-width: 1200px) 100vw, 1200px\" \/><\/div><\/a>\n\t\t\t\t<div class=\"elementor-post__avatar\">\n\t\t\t<img alt='Heinrich Harrer' src='https:\/\/rutesentrerefugis.com\/wp-content\/uploads\/2025\/06\/avatar_user_70_1751039475.jpg' srcset='https:\/\/rutesentrerefugis.com\/wp-content\/uploads\/2025\/06\/avatar_user_70_1751039475.jpg 2x' class='avatar avatar-128 photo' height='128' width='128' \/>\t\t<\/div>\n\t\t\t\t<div class=\"elementor-post__text\">\n\t\t\t\t<h3 class=\"elementor-post__title\">\n\t\t\t<a href=\"https:\/\/rutesentrerefugis.com\/index.php\/2025\/06\/27\/siete-anos-en-el-tibet\/\" >\n\t\t\t\tSIETE A\u00d1OS EN EL TIBET\t\t\t<\/a>\n\t\t<\/h3>\n\t\t\t\t<\/div>\n\t\t\t\t<div class=\"elementor-post__meta-data\">\n\t\t\t\t\t<span class=\"elementor-post-author\">\n\t\t\tHeinrich Harrer\t\t<\/span>\n\t\t\t\t<span class=\"elementor-post-date\">\n\t\t\t27\/06\/2025\t\t<\/span>\n\t\t\t\t<\/div>\n\t\t\t\t\t<\/div>\n\t\t<\/article>\n\t\t\t\t<article class=\"elementor-post elementor-grid-item post-25871 post type-post status-publish format-standard has-post-thumbnail hentry category-blog category-llibres tag-15-excursions-a-peu-des-dels-refugis-de-catalunya tag-andreu-lloret tag-cossetania-edicions-es-ca\" role=\"listitem\">\n\t\t\t<div class=\"elementor-post__card\">\n\t\t\t\t<a class=\"elementor-post__thumbnail__link\" href=\"https:\/\/rutesentrerefugis.com\/index.php\/2025\/04\/22\/15-excursions-a-peu-des-dels-refugis-de-catalunya\/\" tabindex=\"-1\" ><div class=\"elementor-post__thumbnail\"><img loading=\"lazy\" decoding=\"async\" width=\"1200\" height=\"800\" src=\"https:\/\/rutesentrerefugis.com\/wp-content\/uploads\/2025\/04\/15-Refugis-Catalunya-Inici.jpg\" class=\"attachment-full size-full wp-image-25872\" alt=\"\" srcset=\"https:\/\/rutesentrerefugis.com\/wp-content\/uploads\/2025\/04\/15-Refugis-Catalunya-Inici.jpg 1200w, https:\/\/rutesentrerefugis.com\/wp-content\/uploads\/2025\/04\/15-Refugis-Catalunya-Inici-300x200.jpg 300w, https:\/\/rutesentrerefugis.com\/wp-content\/uploads\/2025\/04\/15-Refugis-Catalunya-Inici-1024x683.jpg 1024w, https:\/\/rutesentrerefugis.com\/wp-content\/uploads\/2025\/04\/15-Refugis-Catalunya-Inici-768x512.jpg 768w\" sizes=\"(max-width: 1200px) 100vw, 1200px\" \/><\/div><\/a>\n\t\t\t\t<div class=\"elementor-post__avatar\">\n\t\t\t<img alt='Andreu Lloret' src='https:\/\/rutesentrerefugis.com\/wp-content\/uploads\/2025\/04\/avatar_user_68_1745343833.jpg' srcset='https:\/\/rutesentrerefugis.com\/wp-content\/uploads\/2025\/04\/avatar_user_68_1745343833.jpg 2x' class='avatar avatar-128 photo' height='128' width='128' \/>\t\t<\/div>\n\t\t\t\t<div class=\"elementor-post__text\">\n\t\t\t\t<h3 class=\"elementor-post__title\">\n\t\t\t<a href=\"https:\/\/rutesentrerefugis.com\/index.php\/2025\/04\/22\/15-excursions-a-peu-des-dels-refugis-de-catalunya\/\" >\n\t\t\t\t15 EXCURSIONS A PEU DES DELS REFUGIS DE CATALUNYA\t\t\t<\/a>\n\t\t<\/h3>\n\t\t\t\t<\/div>\n\t\t\t\t<div class=\"elementor-post__meta-data\">\n\t\t\t\t\t<span class=\"elementor-post-author\">\n\t\t\tAndreu Lloret\t\t<\/span>\n\t\t\t\t<span class=\"elementor-post-date\">\n\t\t\t22\/04\/2025\t\t<\/span>\n\t\t\t\t<\/div>\n\t\t\t\t\t<\/div>\n\t\t<\/article>\n\t\t\t\t<article class=\"elementor-post elementor-grid-item post-25683 post type-post status-publish format-standard has-post-thumbnail hentry category-blog category-llibres tag-101-refugis-de-muntanya-de-catalunya tag-catalunya-ca tag-editorial-efados tag-laura-maso-ferrerons tag-montana tag-muntanya tag-refugios tag-refugios-de-montana tag-refugis tag-refugis-de-muntanya\" role=\"listitem\">\n\t\t\t<div class=\"elementor-post__card\">\n\t\t\t\t<a class=\"elementor-post__thumbnail__link\" href=\"https:\/\/rutesentrerefugis.com\/index.php\/2025\/04\/17\/101-refugis-de-muntanya-de-catalunya\/\" tabindex=\"-1\" ><div class=\"elementor-post__thumbnail\"><img loading=\"lazy\" decoding=\"async\" width=\"1200\" height=\"800\" src=\"https:\/\/rutesentrerefugis.com\/wp-content\/uploads\/2025\/04\/101-Refugis-Catalunya-Inici.jpg\" class=\"attachment-full size-full wp-image-25783\" alt=\"\" srcset=\"https:\/\/rutesentrerefugis.com\/wp-content\/uploads\/2025\/04\/101-Refugis-Catalunya-Inici.jpg 1200w, https:\/\/rutesentrerefugis.com\/wp-content\/uploads\/2025\/04\/101-Refugis-Catalunya-Inici-300x200.jpg 300w, https:\/\/rutesentrerefugis.com\/wp-content\/uploads\/2025\/04\/101-Refugis-Catalunya-Inici-1024x683.jpg 1024w, https:\/\/rutesentrerefugis.com\/wp-content\/uploads\/2025\/04\/101-Refugis-Catalunya-Inici-768x512.jpg 768w\" sizes=\"(max-width: 1200px) 100vw, 1200px\" \/><\/div><\/a>\n\t\t\t\t<div class=\"elementor-post__avatar\">\n\t\t\t<img alt='Laura Maso Ferrerons' src='https:\/\/rutesentrerefugis.com\/wp-content\/uploads\/2025\/04\/avatar_user_67_1745226543.jpg' srcset='https:\/\/rutesentrerefugis.com\/wp-content\/uploads\/2025\/04\/avatar_user_67_1745226543.jpg 2x' class='avatar avatar-128 photo' height='128' width='128' \/>\t\t<\/div>\n\t\t\t\t<div class=\"elementor-post__text\">\n\t\t\t\t<h3 class=\"elementor-post__title\">\n\t\t\t<a href=\"https:\/\/rutesentrerefugis.com\/index.php\/2025\/04\/17\/101-refugis-de-muntanya-de-catalunya\/\" >\n\t\t\t\t101 REFUGIS DE MUNTANYA DE CATALUNYA\t\t\t<\/a>\n\t\t<\/h3>\n\t\t\t\t<\/div>\n\t\t\t\t<div class=\"elementor-post__meta-data\">\n\t\t\t\t\t<span class=\"elementor-post-author\">\n\t\t\tLaura Maso Ferrerons\t\t<\/span>\n\t\t\t\t<span class=\"elementor-post-date\">\n\t\t\t17\/04\/2025\t\t<\/span>\n\t\t\t\t<\/div>\n\t\t\t\t\t<\/div>\n\t\t<\/article>\n\t\t\t\t<article class=\"elementor-post elementor-grid-item post-25532 post type-post status-publish format-standard has-post-thumbnail hentry category-blog category-libros-del-asteroide category-llibres tag-al-alvarez tag-alimentar-a-la-bestia tag-dolomitas tag-dolomites tag-libros-del-asteroide tag-mo-anthoine\" role=\"listitem\">\n\t\t\t<div class=\"elementor-post__card\">\n\t\t\t\t<a class=\"elementor-post__thumbnail__link\" href=\"https:\/\/rutesentrerefugis.com\/index.php\/2025\/04\/04\/alimentar-a-la-bestia\/\" tabindex=\"-1\" ><div class=\"elementor-post__thumbnail\"><img loading=\"lazy\" decoding=\"async\" width=\"1200\" height=\"800\" src=\"https:\/\/rutesentrerefugis.com\/wp-content\/uploads\/2025\/04\/Alimentar-a-la-Bestia-Inici.jpg\" class=\"attachment-full size-full wp-image-25579\" alt=\"\" srcset=\"https:\/\/rutesentrerefugis.com\/wp-content\/uploads\/2025\/04\/Alimentar-a-la-Bestia-Inici.jpg 1200w, https:\/\/rutesentrerefugis.com\/wp-content\/uploads\/2025\/04\/Alimentar-a-la-Bestia-Inici-300x200.jpg 300w, https:\/\/rutesentrerefugis.com\/wp-content\/uploads\/2025\/04\/Alimentar-a-la-Bestia-Inici-1024x683.jpg 1024w, https:\/\/rutesentrerefugis.com\/wp-content\/uploads\/2025\/04\/Alimentar-a-la-Bestia-Inici-768x512.jpg 768w\" sizes=\"(max-width: 1200px) 100vw, 1200px\" \/><\/div><\/a>\n\t\t\t\t<div class=\"elementor-post__avatar\">\n\t\t\t<img alt='Al Alvarez' src='https:\/\/rutesentrerefugis.com\/wp-content\/uploads\/2025\/04\/avatar_user_66_1744134999.jpg' srcset='https:\/\/rutesentrerefugis.com\/wp-content\/uploads\/2025\/04\/avatar_user_66_1744134999.jpg 2x' class='avatar avatar-128 photo' height='128' width='128' \/>\t\t<\/div>\n\t\t\t\t<div class=\"elementor-post__text\">\n\t\t\t\t<h3 class=\"elementor-post__title\">\n\t\t\t<a href=\"https:\/\/rutesentrerefugis.com\/index.php\/2025\/04\/04\/alimentar-a-la-bestia\/\" >\n\t\t\t\tALIMENTAR A LA BESTIA\t\t\t<\/a>\n\t\t<\/h3>\n\t\t\t\t<\/div>\n\t\t\t\t<div class=\"elementor-post__meta-data\">\n\t\t\t\t\t<span class=\"elementor-post-author\">\n\t\t\tAl Alvarez\t\t<\/span>\n\t\t\t\t<span class=\"elementor-post-date\">\n\t\t\t04\/04\/2025\t\t<\/span>\n\t\t\t\t<\/div>\n\t\t\t\t\t<\/div>\n\t\t<\/article>\n\t\t\t\t<article class=\"elementor-post elementor-grid-item post-25447 post type-post status-publish format-standard has-post-thumbnail hentry category-blog category-llibres tag-campobase tag-editorial-debate tag-el-pais tag-montana tag-oscar-gogorza tag-penguin-random-house-ca\" role=\"listitem\">\n\t\t\t<div class=\"elementor-post__card\">\n\t\t\t\t<a class=\"elementor-post__thumbnail__link\" href=\"https:\/\/rutesentrerefugis.com\/index.php\/2025\/04\/02\/montana\/\" tabindex=\"-1\" ><div class=\"elementor-post__thumbnail\"><img loading=\"lazy\" decoding=\"async\" width=\"1200\" height=\"800\" src=\"https:\/\/rutesentrerefugis.com\/wp-content\/uploads\/2025\/03\/Montana-Inici-02.jpg\" class=\"attachment-full size-full wp-image-25501\" alt=\"\" srcset=\"https:\/\/rutesentrerefugis.com\/wp-content\/uploads\/2025\/03\/Montana-Inici-02.jpg 1200w, https:\/\/rutesentrerefugis.com\/wp-content\/uploads\/2025\/03\/Montana-Inici-02-300x200.jpg 300w, https:\/\/rutesentrerefugis.com\/wp-content\/uploads\/2025\/03\/Montana-Inici-02-1024x683.jpg 1024w, https:\/\/rutesentrerefugis.com\/wp-content\/uploads\/2025\/03\/Montana-Inici-02-768x512.jpg 768w\" sizes=\"(max-width: 1200px) 100vw, 1200px\" \/><\/div><\/a>\n\t\t\t\t<div class=\"elementor-post__avatar\">\n\t\t\t<img alt='Oscar Gogorza' src='https:\/\/rutesentrerefugis.com\/wp-content\/uploads\/2025\/03\/avatar_user_64_1743243207.jpg' srcset='https:\/\/rutesentrerefugis.com\/wp-content\/uploads\/2025\/03\/avatar_user_64_1743243207.jpg 2x' class='avatar avatar-128 photo' height='128' width='128' \/>\t\t<\/div>\n\t\t\t\t<div class=\"elementor-post__text\">\n\t\t\t\t<h3 class=\"elementor-post__title\">\n\t\t\t<a href=\"https:\/\/rutesentrerefugis.com\/index.php\/2025\/04\/02\/montana\/\" >\n\t\t\t\tMONTA\u00d1A\t\t\t<\/a>\n\t\t<\/h3>\n\t\t\t\t<\/div>\n\t\t\t\t<div class=\"elementor-post__meta-data\">\n\t\t\t\t\t<span class=\"elementor-post-author\">\n\t\t\tOscar Gogorza\t\t<\/span>\n\t\t\t\t<span class=\"elementor-post-date\">\n\t\t\t02\/04\/2025\t\t<\/span>\n\t\t\t\t<\/div>\n\t\t\t\t\t<\/div>\n\t\t<\/article>\n\t\t\t\t<article class=\"elementor-post elementor-grid-item post-25041 post type-post status-publish format-standard has-post-thumbnail hentry category-blog category-llibres tag-ara-llibres tag-ediciones-desnivel-es-ca tag-hay-luz-entre-las-cuerdas tag-hi-ha-llum-entre-les-cordes tag-silvia-vidal-ca\" role=\"listitem\">\n\t\t\t<div class=\"elementor-post__card\">\n\t\t\t\t<a class=\"elementor-post__thumbnail__link\" href=\"https:\/\/rutesentrerefugis.com\/index.php\/2025\/03\/30\/hi-ha-llum-entre-les-cordes\/\" tabindex=\"-1\" ><div class=\"elementor-post__thumbnail\"><img loading=\"lazy\" decoding=\"async\" width=\"1200\" height=\"800\" src=\"https:\/\/rutesentrerefugis.com\/wp-content\/uploads\/2025\/03\/Hi-ha-Llum-entre-les-Cordes-Inici.jpg\" class=\"attachment-full size-full wp-image-25524\" alt=\"\" srcset=\"https:\/\/rutesentrerefugis.com\/wp-content\/uploads\/2025\/03\/Hi-ha-Llum-entre-les-Cordes-Inici.jpg 1200w, https:\/\/rutesentrerefugis.com\/wp-content\/uploads\/2025\/03\/Hi-ha-Llum-entre-les-Cordes-Inici-300x200.jpg 300w, https:\/\/rutesentrerefugis.com\/wp-content\/uploads\/2025\/03\/Hi-ha-Llum-entre-les-Cordes-Inici-1024x683.jpg 1024w, https:\/\/rutesentrerefugis.com\/wp-content\/uploads\/2025\/03\/Hi-ha-Llum-entre-les-Cordes-Inici-768x512.jpg 768w\" sizes=\"(max-width: 1200px) 100vw, 1200px\" \/><\/div><\/a>\n\t\t\t\t<div class=\"elementor-post__avatar\">\n\t\t\t<img alt='Silvia Vidal' src='https:\/\/rutesentrerefugis.com\/wp-content\/uploads\/2025\/03\/Silvia-Vidal-Web.jpg' srcset='https:\/\/rutesentrerefugis.com\/wp-content\/uploads\/2025\/03\/Silvia-Vidal-Web.jpg 2x' class='avatar avatar-128 photo' height='128' width='128' \/>\t\t<\/div>\n\t\t\t\t<div class=\"elementor-post__text\">\n\t\t\t\t<h3 class=\"elementor-post__title\">\n\t\t\t<a href=\"https:\/\/rutesentrerefugis.com\/index.php\/2025\/03\/30\/hi-ha-llum-entre-les-cordes\/\" >\n\t\t\t\tHI HA LLUM ENTRE LES CORDES\t\t\t<\/a>\n\t\t<\/h3>\n\t\t\t\t<\/div>\n\t\t\t\t<div class=\"elementor-post__meta-data\">\n\t\t\t\t\t<span class=\"elementor-post-author\">\n\t\t\tSilvia Vidal\t\t<\/span>\n\t\t\t\t<span class=\"elementor-post-date\">\n\t\t\t30\/03\/2025\t\t<\/span>\n\t\t\t\t<\/div>\n\t\t\t\t\t<\/div>\n\t\t<\/article>\n\t\t\t\t<article class=\"elementor-post elementor-grid-item post-24891 post type-post status-publish format-standard has-post-thumbnail hentry category-blog category-llibres category-simbol-editors tag-berezina tag-desert-del-gobi tag-dins-els-boscos-de-siberia tag-la-llarga-caminada tag-la-senda-del-llop tag-mongolia tag-siberia tag-simbol-editors-es-ca tag-slavomir-rawicz tag-sylvain-tesson tag-tibet tag-virgile-dureuil\" role=\"listitem\">\n\t\t\t<div class=\"elementor-post__card\">\n\t\t\t\t<a class=\"elementor-post__thumbnail__link\" href=\"https:\/\/rutesentrerefugis.com\/index.php\/2025\/03\/19\/la-senda-del-llop\/\" tabindex=\"-1\" ><div class=\"elementor-post__thumbnail\"><img loading=\"lazy\" decoding=\"async\" width=\"1200\" height=\"800\" src=\"https:\/\/rutesentrerefugis.com\/wp-content\/uploads\/2025\/03\/La-Senda-del-Llop-Inici-02.jpg\" class=\"attachment-full size-full wp-image-24989\" alt=\"\" srcset=\"https:\/\/rutesentrerefugis.com\/wp-content\/uploads\/2025\/03\/La-Senda-del-Llop-Inici-02.jpg 1200w, https:\/\/rutesentrerefugis.com\/wp-content\/uploads\/2025\/03\/La-Senda-del-Llop-Inici-02-300x200.jpg 300w, https:\/\/rutesentrerefugis.com\/wp-content\/uploads\/2025\/03\/La-Senda-del-Llop-Inici-02-1024x683.jpg 1024w, https:\/\/rutesentrerefugis.com\/wp-content\/uploads\/2025\/03\/La-Senda-del-Llop-Inici-02-768x512.jpg 768w\" sizes=\"(max-width: 1200px) 100vw, 1200px\" \/><\/div><\/a>\n\t\t\t\t<div class=\"elementor-post__avatar\">\n\t\t\t<img alt='Sylvain Tesson' src='https:\/\/rutesentrerefugis.com\/wp-content\/uploads\/2025\/03\/avatar_user_63_1742496880.jpg' srcset='https:\/\/rutesentrerefugis.com\/wp-content\/uploads\/2025\/03\/avatar_user_63_1742496880.jpg 2x' class='avatar avatar-128 photo' height='128' width='128' \/>\t\t<\/div>\n\t\t\t\t<div class=\"elementor-post__text\">\n\t\t\t\t<h3 class=\"elementor-post__title\">\n\t\t\t<a href=\"https:\/\/rutesentrerefugis.com\/index.php\/2025\/03\/19\/la-senda-del-llop\/\" >\n\t\t\t\tLA SENDA DEL LLOP\t\t\t<\/a>\n\t\t<\/h3>\n\t\t\t\t<\/div>\n\t\t\t\t<div class=\"elementor-post__meta-data\">\n\t\t\t\t\t<span class=\"elementor-post-author\">\n\t\t\tSylvain Tesson\t\t<\/span>\n\t\t\t\t<span class=\"elementor-post-date\">\n\t\t\t19\/03\/2025\t\t<\/span>\n\t\t\t\t<\/div>\n\t\t\t\t\t<\/div>\n\t\t<\/article>\n\t\t\t\t<article class=\"elementor-post elementor-grid-item post-24822 post type-post status-publish format-standard has-post-thumbnail hentry category-blog category-jordi-toti-juanola category-llibres category-simbol-editors tag-4-estacions-i-1-ramat tag-camprodon-ca tag-jordi-toti-juanola tag-mas-la-capallera tag-rocabruna tag-sant-joan-les-fonts tag-simbol-editors-es-ca tag-steve-cracknell\" role=\"listitem\">\n\t\t\t<div class=\"elementor-post__card\">\n\t\t\t\t<a class=\"elementor-post__thumbnail__link\" href=\"https:\/\/rutesentrerefugis.com\/index.php\/2025\/03\/12\/4-estacions-i-1-ramat\/\" tabindex=\"-1\" ><div class=\"elementor-post__thumbnail\"><img loading=\"lazy\" decoding=\"async\" width=\"1200\" height=\"800\" src=\"https:\/\/rutesentrerefugis.com\/wp-content\/uploads\/2025\/03\/4-Estacions-i-1-Ramat-Inici.jpg\" class=\"attachment-full size-full wp-image-24873\" alt=\"\" srcset=\"https:\/\/rutesentrerefugis.com\/wp-content\/uploads\/2025\/03\/4-Estacions-i-1-Ramat-Inici.jpg 1200w, https:\/\/rutesentrerefugis.com\/wp-content\/uploads\/2025\/03\/4-Estacions-i-1-Ramat-Inici-300x200.jpg 300w, https:\/\/rutesentrerefugis.com\/wp-content\/uploads\/2025\/03\/4-Estacions-i-1-Ramat-Inici-1024x683.jpg 1024w, https:\/\/rutesentrerefugis.com\/wp-content\/uploads\/2025\/03\/4-Estacions-i-1-Ramat-Inici-768x512.jpg 768w\" sizes=\"(max-width: 1200px) 100vw, 1200px\" \/><\/div><\/a>\n\t\t\t\t<div class=\"elementor-post__avatar\">\n\t\t\t<img alt='Jordi Toti Juanola' src='https:\/\/rutesentrerefugis.com\/wp-content\/uploads\/2025\/03\/avatar_user_62_1741805641.jpg' srcset='https:\/\/rutesentrerefugis.com\/wp-content\/uploads\/2025\/03\/avatar_user_62_1741805641.jpg 2x' class='avatar avatar-128 photo' height='128' width='128' \/>\t\t<\/div>\n\t\t\t\t<div class=\"elementor-post__text\">\n\t\t\t\t<h3 class=\"elementor-post__title\">\n\t\t\t<a href=\"https:\/\/rutesentrerefugis.com\/index.php\/2025\/03\/12\/4-estacions-i-1-ramat\/\" >\n\t\t\t\t4 ESTACIONS i 1 RAMAT\t\t\t<\/a>\n\t\t<\/h3>\n\t\t\t\t<\/div>\n\t\t\t\t<div class=\"elementor-post__meta-data\">\n\t\t\t\t\t<span class=\"elementor-post-author\">\n\t\t\tJordi Toti Juanola\t\t<\/span>\n\t\t\t\t<span class=\"elementor-post-date\">\n\t\t\t12\/03\/2025\t\t<\/span>\n\t\t\t\t<\/div>\n\t\t\t\t\t<\/div>\n\t\t<\/article>\n\t\t\t\t<article class=\"elementor-post elementor-grid-item post-23908 post type-post status-publish format-standard has-post-thumbnail hentry category-blog category-josep-jane-vallvey category-llibres category-tushita-edicions tag-armand-ballart tag-josep-jane-vallvey tag-la-quimera-duna-primera tag-tushita-edicions-es-ca\" role=\"listitem\">\n\t\t\t<div class=\"elementor-post__card\">\n\t\t\t\t<a class=\"elementor-post__thumbnail__link\" href=\"https:\/\/rutesentrerefugis.com\/index.php\/2024\/12\/08\/la-quimera-duna-primera\/\" tabindex=\"-1\" ><div class=\"elementor-post__thumbnail\"><img loading=\"lazy\" decoding=\"async\" width=\"1200\" height=\"800\" src=\"https:\/\/rutesentrerefugis.com\/wp-content\/uploads\/2024\/12\/La-Quimera-d-una-Primera-Inici.jpg\" class=\"attachment-full size-full wp-image-23984\" alt=\"\" srcset=\"https:\/\/rutesentrerefugis.com\/wp-content\/uploads\/2024\/12\/La-Quimera-d-una-Primera-Inici.jpg 1200w, https:\/\/rutesentrerefugis.com\/wp-content\/uploads\/2024\/12\/La-Quimera-d-una-Primera-Inici-300x200.jpg 300w, https:\/\/rutesentrerefugis.com\/wp-content\/uploads\/2024\/12\/La-Quimera-d-una-Primera-Inici-1024x683.jpg 1024w, https:\/\/rutesentrerefugis.com\/wp-content\/uploads\/2024\/12\/La-Quimera-d-una-Primera-Inici-768x512.jpg 768w\" sizes=\"(max-width: 1200px) 100vw, 1200px\" \/><\/div><\/a>\n\t\t\t\t<div class=\"elementor-post__avatar\">\n\t\t\t<img alt='Josep Jan\u00e9 Vallvey' src='https:\/\/rutesentrerefugis.com\/wp-content\/uploads\/2024\/12\/avatar_user_61_1733684235.jpg' srcset='https:\/\/rutesentrerefugis.com\/wp-content\/uploads\/2024\/12\/avatar_user_61_1733684235.jpg 2x' class='avatar avatar-128 photo' height='128' width='128' \/>\t\t<\/div>\n\t\t\t\t<div class=\"elementor-post__text\">\n\t\t\t\t<h3 class=\"elementor-post__title\">\n\t\t\t<a href=\"https:\/\/rutesentrerefugis.com\/index.php\/2024\/12\/08\/la-quimera-duna-primera\/\" >\n\t\t\t\tLA QUIMERA D&#8217;UNA PRIMERA\t\t\t<\/a>\n\t\t<\/h3>\n\t\t\t\t<\/div>\n\t\t\t\t<div class=\"elementor-post__meta-data\">\n\t\t\t\t\t<span class=\"elementor-post-author\">\n\t\t\tJosep Jan\u00e9 Vallvey\t\t<\/span>\n\t\t\t\t<span class=\"elementor-post-date\">\n\t\t\t08\/12\/2024\t\t<\/span>\n\t\t\t\t<\/div>\n\t\t\t\t\t<\/div>\n\t\t<\/article>\n\t\t\t\t<article class=\"elementor-post elementor-grid-item post-20551 post type-post status-publish format-standard has-post-thumbnail hentry category-blog category-llibres category-simbol-editors tag-4-abracades-i-1-tros-de-paper tag-cronicas-ca tag-croniques-ca tag-huesca tag-laia-bonals-ruiz tag-operacio-rescat-a-la-cova-desjamundo tag-pau-capella tag-simbol-editors-es-ca tag-villanua\" role=\"listitem\">\n\t\t\t<div class=\"elementor-post__card\">\n\t\t\t\t<a class=\"elementor-post__thumbnail__link\" href=\"https:\/\/rutesentrerefugis.com\/index.php\/2024\/04\/16\/4-abracades-i-1-tros-de-paper\/\" tabindex=\"-1\" ><div class=\"elementor-post__thumbnail\"><img loading=\"lazy\" decoding=\"async\" width=\"1200\" height=\"800\" src=\"https:\/\/rutesentrerefugis.com\/wp-content\/uploads\/2024\/04\/4-Abracades-i-1-Tros-de-Paper-Inici.jpg\" class=\"attachment-full size-full wp-image-20617\" alt=\"\" srcset=\"https:\/\/rutesentrerefugis.com\/wp-content\/uploads\/2024\/04\/4-Abracades-i-1-Tros-de-Paper-Inici.jpg 1200w, https:\/\/rutesentrerefugis.com\/wp-content\/uploads\/2024\/04\/4-Abracades-i-1-Tros-de-Paper-Inici-300x200.jpg 300w, https:\/\/rutesentrerefugis.com\/wp-content\/uploads\/2024\/04\/4-Abracades-i-1-Tros-de-Paper-Inici-1024x683.jpg 1024w, https:\/\/rutesentrerefugis.com\/wp-content\/uploads\/2024\/04\/4-Abracades-i-1-Tros-de-Paper-Inici-768x512.jpg 768w\" sizes=\"(max-width: 1200px) 100vw, 1200px\" \/><\/div><\/a>\n\t\t\t\t<div class=\"elementor-post__avatar\">\n\t\t\t<img alt='Laia Bonals Ruiz' src='https:\/\/rutesentrerefugis.com\/wp-content\/uploads\/2024\/04\/Laia-Bonals-Ruiz-Pagina-02.jpg' srcset='https:\/\/rutesentrerefugis.com\/wp-content\/uploads\/2024\/04\/Laia-Bonals-Ruiz-Pagina-02.jpg 2x' class='avatar avatar-128 photo' height='128' width='128' \/>\t\t<\/div>\n\t\t\t\t<div class=\"elementor-post__text\">\n\t\t\t\t<h3 class=\"elementor-post__title\">\n\t\t\t<a href=\"https:\/\/rutesentrerefugis.com\/index.php\/2024\/04\/16\/4-abracades-i-1-tros-de-paper\/\" >\n\t\t\t\t4 ABRA\u00c7ADES i 1 TROS DE PAPER\t\t\t<\/a>\n\t\t<\/h3>\n\t\t\t\t<\/div>\n\t\t\t\t<div class=\"elementor-post__meta-data\">\n\t\t\t\t\t<span class=\"elementor-post-author\">\n\t\t\tLaia Bonals Ruiz\t\t<\/span>\n\t\t\t\t<span class=\"elementor-post-date\">\n\t\t\t16\/04\/2024\t\t<\/span>\n\t\t\t\t<\/div>\n\t\t\t\t\t<\/div>\n\t\t<\/article>\n\t\t\t\t<article class=\"elementor-post elementor-grid-item post-19804 post type-post status-publish format-standard has-post-thumbnail hentry category-blog category-enric-soler-ca category-llibres category-tushita-edicions tag-domenech-i-montaner tag-enric-soler-i-raspall-es-ca tag-marededeu-quin-viatge tag-tushita-edicions-es-ca\" role=\"listitem\">\n\t\t\t<div class=\"elementor-post__card\">\n\t\t\t\t<a class=\"elementor-post__thumbnail__link\" href=\"https:\/\/rutesentrerefugis.com\/index.php\/2024\/01\/16\/marededeu-quin-viatge\/\" tabindex=\"-1\" ><div class=\"elementor-post__thumbnail\"><img loading=\"lazy\" decoding=\"async\" width=\"1200\" height=\"800\" src=\"https:\/\/rutesentrerefugis.com\/wp-content\/uploads\/2024\/01\/Marededeu-Quin-Viatge-Inici.jpg\" class=\"attachment-full size-full wp-image-19813\" alt=\"\" srcset=\"https:\/\/rutesentrerefugis.com\/wp-content\/uploads\/2024\/01\/Marededeu-Quin-Viatge-Inici.jpg 1200w, https:\/\/rutesentrerefugis.com\/wp-content\/uploads\/2024\/01\/Marededeu-Quin-Viatge-Inici-300x200.jpg 300w, https:\/\/rutesentrerefugis.com\/wp-content\/uploads\/2024\/01\/Marededeu-Quin-Viatge-Inici-1024x683.jpg 1024w, https:\/\/rutesentrerefugis.com\/wp-content\/uploads\/2024\/01\/Marededeu-Quin-Viatge-Inici-768x512.jpg 768w\" sizes=\"(max-width: 1200px) 100vw, 1200px\" \/><\/div><\/a>\n\t\t\t\t<div class=\"elementor-post__avatar\">\n\t\t\t<img alt='Enric Soler i Raspall' src='https:\/\/rutesentrerefugis.com\/wp-content\/uploads\/2023\/05\/avatar_user_18_1683353182.jpg' srcset='https:\/\/rutesentrerefugis.com\/wp-content\/uploads\/2023\/05\/avatar_user_18_1683353182.jpg 2x' class='avatar avatar-128 photo' height='128' width='128' \/>\t\t<\/div>\n\t\t\t\t<div class=\"elementor-post__text\">\n\t\t\t\t<h3 class=\"elementor-post__title\">\n\t\t\t<a href=\"https:\/\/rutesentrerefugis.com\/index.php\/2024\/01\/16\/marededeu-quin-viatge\/\" >\n\t\t\t\tMAREDED\u00c9U, QUIN VIATGE!\t\t\t<\/a>\n\t\t<\/h3>\n\t\t\t\t<\/div>\n\t\t\t\t<div class=\"elementor-post__meta-data\">\n\t\t\t\t\t<span class=\"elementor-post-author\">\n\t\t\tEnric Soler i Raspall\t\t<\/span>\n\t\t\t\t<span class=\"elementor-post-date\">\n\t\t\t16\/01\/2024\t\t<\/span>\n\t\t\t\t<\/div>\n\t\t\t\t\t<\/div>\n\t\t<\/article>\n\t\t\t\t<article class=\"elementor-post elementor-grid-item post-18767 post type-post status-publish format-standard has-post-thumbnail hentry category-blog category-llibres category-simbol-editors tag-6-pams-sota-la-neu-i-1-rescat tag-bjorn-asle-nord tag-la-lluita-per-sobreviure-a-una-allau-ca tag-noruega tag-nuria-picas tag-simbol-editors-es-ca\" role=\"listitem\">\n\t\t\t<div class=\"elementor-post__card\">\n\t\t\t\t<a class=\"elementor-post__thumbnail__link\" href=\"https:\/\/rutesentrerefugis.com\/index.php\/2023\/08\/04\/6-pams-sota-la-neu-i-1-rescat\/\" tabindex=\"-1\" ><div class=\"elementor-post__thumbnail\"><img loading=\"lazy\" decoding=\"async\" width=\"1200\" height=\"800\" src=\"https:\/\/rutesentrerefugis.com\/wp-content\/uploads\/2023\/08\/6-Pams-Inici.jpg\" class=\"attachment-full size-full wp-image-18801\" alt=\"\" srcset=\"https:\/\/rutesentrerefugis.com\/wp-content\/uploads\/2023\/08\/6-Pams-Inici.jpg 1200w, https:\/\/rutesentrerefugis.com\/wp-content\/uploads\/2023\/08\/6-Pams-Inici-300x200.jpg 300w, https:\/\/rutesentrerefugis.com\/wp-content\/uploads\/2023\/08\/6-Pams-Inici-1024x683.jpg 1024w, https:\/\/rutesentrerefugis.com\/wp-content\/uploads\/2023\/08\/6-Pams-Inici-768x512.jpg 768w\" sizes=\"(max-width: 1200px) 100vw, 1200px\" \/><\/div><\/a>\n\t\t\t\t<div class=\"elementor-post__avatar\">\n\t\t\t<img alt='Bjorn Adsle Nord' src='https:\/\/rutesentrerefugis.com\/wp-content\/uploads\/2023\/08\/avatar_user_59_1691137812.jpg' srcset='https:\/\/rutesentrerefugis.com\/wp-content\/uploads\/2023\/08\/avatar_user_59_1691137812.jpg 2x' class='avatar avatar-128 photo' height='128' width='128' \/>\t\t<\/div>\n\t\t\t\t<div class=\"elementor-post__text\">\n\t\t\t\t<h3 class=\"elementor-post__title\">\n\t\t\t<a href=\"https:\/\/rutesentrerefugis.com\/index.php\/2023\/08\/04\/6-pams-sota-la-neu-i-1-rescat\/\" >\n\t\t\t\t6 PAMS SOTA LA NEU i 1 RESCAT\t\t\t<\/a>\n\t\t<\/h3>\n\t\t\t\t<\/div>\n\t\t\t\t<div class=\"elementor-post__meta-data\">\n\t\t\t\t\t<span class=\"elementor-post-author\">\n\t\t\tBjorn Adsle Nord\t\t<\/span>\n\t\t\t\t<span class=\"elementor-post-date\">\n\t\t\t04\/08\/2023\t\t<\/span>\n\t\t\t\t<\/div>\n\t\t\t\t\t<\/div>\n\t\t<\/article>\n\t\t\t\t<article class=\"elementor-post elementor-grid-item post-18586 post type-post status-publish format-standard has-post-thumbnail hentry category-blog category-kris-ubach category-llibres tag-brecha-de-roland tag-cauterets-es-ca tag-duquesa-de-berry tag-ediciones-peninsula tag-juliette-drouet tag-kris-ubach tag-mas-alla-de-las-montanas tag-parque-nacional-de-ordesa-y-monte-perdido-ca tag-pirineos-es-ca tag-pirineus-es-ca\" role=\"listitem\">\n\t\t\t<div class=\"elementor-post__card\">\n\t\t\t\t<a class=\"elementor-post__thumbnail__link\" href=\"https:\/\/rutesentrerefugis.com\/index.php\/2023\/07\/11\/pirineosmas-alla-de-las-montanas\/\" tabindex=\"-1\" ><div class=\"elementor-post__thumbnail\"><img loading=\"lazy\" decoding=\"async\" width=\"1200\" height=\"800\" src=\"https:\/\/rutesentrerefugis.com\/wp-content\/uploads\/2023\/07\/Pirineos-Inici.jpg\" class=\"attachment-full size-full wp-image-18588\" alt=\"\" srcset=\"https:\/\/rutesentrerefugis.com\/wp-content\/uploads\/2023\/07\/Pirineos-Inici.jpg 1200w, https:\/\/rutesentrerefugis.com\/wp-content\/uploads\/2023\/07\/Pirineos-Inici-300x200.jpg 300w, https:\/\/rutesentrerefugis.com\/wp-content\/uploads\/2023\/07\/Pirineos-Inici-1024x683.jpg 1024w, https:\/\/rutesentrerefugis.com\/wp-content\/uploads\/2023\/07\/Pirineos-Inici-768x512.jpg 768w\" sizes=\"(max-width: 1200px) 100vw, 1200px\" \/><\/div><\/a>\n\t\t\t\t<div class=\"elementor-post__avatar\">\n\t\t\t<img alt='Kris Ubach' src='https:\/\/rutesentrerefugis.com\/wp-content\/uploads\/2023\/07\/avatar_user_58_1689060055.jpg' srcset='https:\/\/rutesentrerefugis.com\/wp-content\/uploads\/2023\/07\/avatar_user_58_1689060055.jpg 2x' class='avatar avatar-128 photo' height='128' width='128' \/>\t\t<\/div>\n\t\t\t\t<div class=\"elementor-post__text\">\n\t\t\t\t<h3 class=\"elementor-post__title\">\n\t\t\t<a href=\"https:\/\/rutesentrerefugis.com\/index.php\/2023\/07\/11\/pirineosmas-alla-de-las-montanas\/\" >\n\t\t\t\tPIRINEOS<\/br>M\u00c1S ALL\u00c1 DE LAS MONTA\u00d1AS\t\t\t<\/a>\n\t\t<\/h3>\n\t\t\t\t<\/div>\n\t\t\t\t<div class=\"elementor-post__meta-data\">\n\t\t\t\t\t<span class=\"elementor-post-author\">\n\t\t\tKris Ubach\t\t<\/span>\n\t\t\t\t<span class=\"elementor-post-date\">\n\t\t\t11\/07\/2023\t\t<\/span>\n\t\t\t\t<\/div>\n\t\t\t\t\t<\/div>\n\t\t<\/article>\n\t\t\t\t<article class=\"elementor-post elementor-grid-item post-18417 post type-post status-publish format-standard has-post-thumbnail hentry category-blog category-llibres category-oscar-farrerons-vidal-ca tag-editorial-gavarres-ca tag-el-caliu-de-la-memoria-ca tag-histories-del-montseny-ca tag-oscar-farrerons-vidal-ca\" role=\"listitem\">\n\t\t\t<div class=\"elementor-post__card\">\n\t\t\t\t<a class=\"elementor-post__thumbnail__link\" href=\"https:\/\/rutesentrerefugis.com\/index.php\/2023\/07\/09\/les-bruixes-de-viladrau\/\" tabindex=\"-1\" ><div class=\"elementor-post__thumbnail\"><img loading=\"lazy\" decoding=\"async\" width=\"1200\" height=\"800\" src=\"https:\/\/rutesentrerefugis.com\/wp-content\/uploads\/2023\/07\/Bruixes-Viladrau-Inici.jpg\" class=\"attachment-full size-full wp-image-18457\" alt=\"\" srcset=\"https:\/\/rutesentrerefugis.com\/wp-content\/uploads\/2023\/07\/Bruixes-Viladrau-Inici.jpg 1200w, https:\/\/rutesentrerefugis.com\/wp-content\/uploads\/2023\/07\/Bruixes-Viladrau-Inici-300x200.jpg 300w, https:\/\/rutesentrerefugis.com\/wp-content\/uploads\/2023\/07\/Bruixes-Viladrau-Inici-1024x683.jpg 1024w, https:\/\/rutesentrerefugis.com\/wp-content\/uploads\/2023\/07\/Bruixes-Viladrau-Inici-768x512.jpg 768w\" sizes=\"(max-width: 1200px) 100vw, 1200px\" \/><\/div><\/a>\n\t\t\t\t<div class=\"elementor-post__avatar\">\n\t\t\t<img alt='Oscar Farrerons Vidal' src='https:\/\/rutesentrerefugis.com\/wp-content\/uploads\/2023\/05\/avatar_user_39_1683354314.jpg' srcset='https:\/\/rutesentrerefugis.com\/wp-content\/uploads\/2023\/05\/avatar_user_39_1683354314.jpg 2x' class='avatar avatar-128 photo' height='128' width='128' \/>\t\t<\/div>\n\t\t\t\t<div class=\"elementor-post__text\">\n\t\t\t\t<h3 class=\"elementor-post__title\">\n\t\t\t<a href=\"https:\/\/rutesentrerefugis.com\/index.php\/2023\/07\/09\/les-bruixes-de-viladrau\/\" >\n\t\t\t\tLES BRUIXES DE VILADRAU\t\t\t<\/a>\n\t\t<\/h3>\n\t\t\t\t<\/div>\n\t\t\t\t<div class=\"elementor-post__meta-data\">\n\t\t\t\t\t<span class=\"elementor-post-author\">\n\t\t\tOscar Farrerons Vidal\t\t<\/span>\n\t\t\t\t<span class=\"elementor-post-date\">\n\t\t\t09\/07\/2023\t\t<\/span>\n\t\t\t\t<\/div>\n\t\t\t\t\t<\/div>\n\t\t<\/article>\n\t\t\t\t<article class=\"elementor-post elementor-grid-item post-17989 post type-post status-publish format-standard has-post-thumbnail hentry category-blog category-llibres tag-albert-padrol tag-cho-oyu tag-everest tag-himalaia-ca tag-himalaya-ca tag-jaume-balanya tag-kala-pattar tag-kali-gandaki tag-katmandu tag-khumbu tag-nepal-1982 tag-thamel\" role=\"listitem\">\n\t\t\t<div class=\"elementor-post__card\">\n\t\t\t\t<a class=\"elementor-post__thumbnail__link\" href=\"https:\/\/rutesentrerefugis.com\/index.php\/2023\/06\/20\/nepal-1982\/\" tabindex=\"-1\" ><div class=\"elementor-post__thumbnail\"><img loading=\"lazy\" decoding=\"async\" width=\"1200\" height=\"800\" src=\"https:\/\/rutesentrerefugis.com\/wp-content\/uploads\/2023\/06\/Nepal-1982-Inici.jpg\" class=\"attachment-full size-full wp-image-17991\" alt=\"\" srcset=\"https:\/\/rutesentrerefugis.com\/wp-content\/uploads\/2023\/06\/Nepal-1982-Inici.jpg 1200w, https:\/\/rutesentrerefugis.com\/wp-content\/uploads\/2023\/06\/Nepal-1982-Inici-300x200.jpg 300w, https:\/\/rutesentrerefugis.com\/wp-content\/uploads\/2023\/06\/Nepal-1982-Inici-1024x683.jpg 1024w, https:\/\/rutesentrerefugis.com\/wp-content\/uploads\/2023\/06\/Nepal-1982-Inici-768x512.jpg 768w\" sizes=\"(max-width: 1200px) 100vw, 1200px\" \/><\/div><\/a>\n\t\t\t\t<div class=\"elementor-post__avatar\">\n\t\t\t<img alt='Albert Padrol' src='https:\/\/rutesentrerefugis.com\/wp-content\/uploads\/2023\/06\/avatar_user_56_1687329424.jpg' srcset='https:\/\/rutesentrerefugis.com\/wp-content\/uploads\/2023\/06\/avatar_user_56_1687329424.jpg 2x' class='avatar avatar-128 photo' height='128' width='128' \/>\t\t<\/div>\n\t\t\t\t<div class=\"elementor-post__text\">\n\t\t\t\t<h3 class=\"elementor-post__title\">\n\t\t\t<a href=\"https:\/\/rutesentrerefugis.com\/index.php\/2023\/06\/20\/nepal-1982\/\" >\n\t\t\t\tNEPAL 1982\t\t\t<\/a>\n\t\t<\/h3>\n\t\t\t\t<\/div>\n\t\t\t\t<div class=\"elementor-post__meta-data\">\n\t\t\t\t\t<span class=\"elementor-post-author\">\n\t\t\tAlbert Padrol\t\t<\/span>\n\t\t\t\t<span class=\"elementor-post-date\">\n\t\t\t20\/06\/2023\t\t<\/span>\n\t\t\t\t<\/div>\n\t\t\t\t\t<\/div>\n\t\t<\/article>\n\t\t\t\t<\/div>\n\t\t\t\t\t<span class=\"e-load-more-spinner\">\n\t\t\t\t<i aria-hidden=\"true\" class=\"fas fa-spinner\"><\/i>\t\t\t<\/span>\n\t\t\n\t\t\t\t<div class=\"e-load-more-anchor\" data-page=\"1\" data-max-page=\"2\" data-next-page=\"https:\/\/rutesentrerefugis.com\/index.php\/wp-json\/wp\/v2\/pages\/23131\/page\/2\/\"><\/div>\n\t\t\t\t<div class=\"elementor-button-wrapper\">\n\t\t\t<a class=\"elementor-button elementor-size-sm\" role=\"button\">\n\t\t\t\t\t\t<span class=\"elementor-button-content-wrapper\">\n\t\t\t\t\t\t\t<span class=\"elementor-button-icon\">\n\t\t\t\t<i aria-hidden=\"true\" class=\"far fa-plus-square\"><\/i>\t\t\t<\/span>\n\t\t\t\t\t\t\t\t\t<span class=\"elementor-button-text\">Veure<\/span>\n\t\t\t\t\t<\/span>\n\t\t\t\t\t<\/a>\n\t\t<\/div>\n\t\t\t\t<div class=\"e-load-more-message\"><\/div>\n\t\t\t\t\t\t<\/div>\n\t\t\t\t<\/div>\n\t\t\t\t\t<\/div>\n\t\t<\/div>\n\t\t\t\t\t<\/div>\n\t\t<\/section>\n\t\t\t\t<section class=\"elementor-section elementor-top-section elementor-element elementor-element-11f3cab elementor-section-full_width elementor-section-height-default elementor-section-height-default\" data-id=\"11f3cab\" data-element_type=\"section\" data-e-type=\"section\">\n\t\t\t\t\t\t<div class=\"elementor-container elementor-column-gap-default\">\n\t\t\t\t\t<div class=\"elementor-column elementor-col-100 elementor-top-column elementor-element elementor-element-801fd86\" data-id=\"801fd86\" data-element_type=\"column\" data-e-type=\"column\">\n\t\t\t<div class=\"elementor-widget-wrap elementor-element-populated\">\n\t\t\t\t\t\t<div class=\"elementor-element elementor-element-d177d55 elementor-widget elementor-widget-spacer\" data-id=\"d177d55\" data-element_type=\"widget\" data-e-type=\"widget\" data-widget_type=\"spacer.default\">\n\t\t\t\t<div class=\"elementor-widget-container\">\n\t\t\t\t\t\t\t<div class=\"elementor-spacer\">\n\t\t\t<div class=\"elementor-spacer-inner\"><\/div>\n\t\t<\/div>\n\t\t\t\t\t\t<\/div>\n\t\t\t\t<\/div>\n\t\t\t\t\t<\/div>\n\t\t<\/div>\n\t\t\t\t\t<\/div>\n\t\t<\/section>\n\t\t\t\t<\/div>\n\t\t","protected":false},"excerpt":{"rendered":"<p>\u00b7 PARLEM DE LLIBRES \u00b7<\/p>\n","protected":false},"author":2,"featured_media":0,"parent":0,"menu_order":0,"comment_status":"closed","ping_status":"closed","template":"elementor_header_footer","meta":{"_monsterinsights_skip_tracking":false,"_monsterinsights_sitenote_active":false,"_monsterinsights_sitenote_note":"","_monsterinsights_sitenote_category":0,"footnotes":""},"class_list":["post-23131","page","type-page","status-publish","hentry"],"yoast_head":"<!-- This site is optimized with the Yoast SEO plugin v27.5 - https:\/\/yoast.com\/product\/yoast-seo-wordpress\/ -->\n<title>PARLEM DE LLIBRES - Rutes Entre Refugis<\/title>\n<meta name=\"robots\" content=\"index, follow, max-snippet:-1, max-image-preview:large, max-video-preview:-1\" \/>\n<link rel=\"canonical\" href=\"https:\/\/rutesentrerefugis.com\/index.php\/parlem-de-llibres\/\" \/>\n<meta property=\"og:locale\" content=\"es_ES\" \/>\n<meta property=\"og:type\" content=\"article\" \/>\n<meta property=\"og:title\" content=\"PARLEM DE LLIBRES - Rutes Entre Refugis\" \/>\n<meta property=\"og:description\" content=\"\u00b7 PARLEM DE LLIBRES \u00b7\" \/>\n<meta property=\"og:url\" content=\"https:\/\/rutesentrerefugis.com\/index.php\/parlem-de-llibres\/\" \/>\n<meta property=\"og:site_name\" content=\"Rutes Entre Refugis\" \/>\n<meta property=\"article:modified_time\" content=\"2024-10-01T17:23:01+00:00\" \/>\n<meta property=\"og:image\" content=\"https:\/\/rutesentrerefugis.com\/wp-content\/uploads\/2024\/10\/Parlem-de-Llibres-Cap.jpg\" \/>\n<meta name=\"twitter:card\" content=\"summary_large_image\" \/>\n<meta name=\"twitter:label1\" content=\"Tiempo de lectura\" \/>\n\t<meta name=\"twitter:data1\" content=\"12 minutos\" \/>\n<script type=\"application\/ld+json\" class=\"yoast-schema-graph\">{\"@context\":\"https:\\\/\\\/schema.org\",\"@graph\":[{\"@type\":\"WebPage\",\"@id\":\"https:\\\/\\\/rutesentrerefugis.com\\\/index.php\\\/parlem-de-llibres\\\/\",\"url\":\"https:\\\/\\\/rutesentrerefugis.com\\\/index.php\\\/parlem-de-llibres\\\/\",\"name\":\"PARLEM DE LLIBRES - Rutes Entre Refugis\",\"isPartOf\":{\"@id\":\"https:\\\/\\\/rutesentrerefugis.com\\\/#website\"},\"primaryImageOfPage\":{\"@id\":\"https:\\\/\\\/rutesentrerefugis.com\\\/index.php\\\/parlem-de-llibres\\\/#primaryimage\"},\"image\":{\"@id\":\"https:\\\/\\\/rutesentrerefugis.com\\\/index.php\\\/parlem-de-llibres\\\/#primaryimage\"},\"thumbnailUrl\":\"https:\\\/\\\/rutesentrerefugis.com\\\/wp-content\\\/uploads\\\/2024\\\/10\\\/Parlem-de-Llibres-Cap.jpg\",\"datePublished\":\"2024-10-01T17:12:11+00:00\",\"dateModified\":\"2024-10-01T17:23:01+00:00\",\"breadcrumb\":{\"@id\":\"https:\\\/\\\/rutesentrerefugis.com\\\/index.php\\\/parlem-de-llibres\\\/#breadcrumb\"},\"inLanguage\":\"es\",\"potentialAction\":[{\"@type\":\"ReadAction\",\"target\":[\"https:\\\/\\\/rutesentrerefugis.com\\\/index.php\\\/parlem-de-llibres\\\/\"]}]},{\"@type\":\"ImageObject\",\"inLanguage\":\"es\",\"@id\":\"https:\\\/\\\/rutesentrerefugis.com\\\/index.php\\\/parlem-de-llibres\\\/#primaryimage\",\"url\":\"https:\\\/\\\/rutesentrerefugis.com\\\/wp-content\\\/uploads\\\/2024\\\/10\\\/Parlem-de-Llibres-Cap.jpg\",\"contentUrl\":\"https:\\\/\\\/rutesentrerefugis.com\\\/wp-content\\\/uploads\\\/2024\\\/10\\\/Parlem-de-Llibres-Cap.jpg\",\"width\":2000,\"height\":450},{\"@type\":\"BreadcrumbList\",\"@id\":\"https:\\\/\\\/rutesentrerefugis.com\\\/index.php\\\/parlem-de-llibres\\\/#breadcrumb\",\"itemListElement\":[{\"@type\":\"ListItem\",\"position\":1,\"name\":\"Inici\",\"item\":\"https:\\\/\\\/rutesentrerefugis.com\\\/\"},{\"@type\":\"ListItem\",\"position\":2,\"name\":\"PARLEM DE LLIBRES\"}]},{\"@type\":\"WebSite\",\"@id\":\"https:\\\/\\\/rutesentrerefugis.com\\\/#website\",\"url\":\"https:\\\/\\\/rutesentrerefugis.com\\\/\",\"name\":\"Rutes Entre Refugis\",\"description\":\"Caminant sota un nom\",\"publisher\":{\"@id\":\"https:\\\/\\\/rutesentrerefugis.com\\\/#organization\"},\"potentialAction\":[{\"@type\":\"SearchAction\",\"target\":{\"@type\":\"EntryPoint\",\"urlTemplate\":\"https:\\\/\\\/rutesentrerefugis.com\\\/?s={search_term_string}\"},\"query-input\":{\"@type\":\"PropertyValueSpecification\",\"valueRequired\":true,\"valueName\":\"search_term_string\"}}],\"inLanguage\":\"es\"},{\"@type\":\"Organization\",\"@id\":\"https:\\\/\\\/rutesentrerefugis.com\\\/#organization\",\"name\":\"Rutes Entre Refugis\",\"url\":\"https:\\\/\\\/rutesentrerefugis.com\\\/\",\"logo\":{\"@type\":\"ImageObject\",\"inLanguage\":\"es\",\"@id\":\"https:\\\/\\\/rutesentrerefugis.com\\\/#\\\/schema\\\/logo\\\/image\\\/\",\"url\":\"https:\\\/\\\/rutesentrerefugis.com\\\/wp-content\\\/uploads\\\/2022\\\/08\\\/RutesEntreRefugis-Blanc-Retina-1.png\",\"contentUrl\":\"https:\\\/\\\/rutesentrerefugis.com\\\/wp-content\\\/uploads\\\/2022\\\/08\\\/RutesEntreRefugis-Blanc-Retina-1.png\",\"width\":400,\"height\":400,\"caption\":\"Rutes Entre Refugis\"},\"image\":{\"@id\":\"https:\\\/\\\/rutesentrerefugis.com\\\/#\\\/schema\\\/logo\\\/image\\\/\"}}]}<\/script>\n<!-- \/ Yoast SEO plugin. -->","yoast_head_json":{"title":"PARLEM DE LLIBRES - Rutes Entre Refugis","robots":{"index":"index","follow":"follow","max-snippet":"max-snippet:-1","max-image-preview":"max-image-preview:large","max-video-preview":"max-video-preview:-1"},"canonical":"https:\/\/rutesentrerefugis.com\/index.php\/parlem-de-llibres\/","og_locale":"es_ES","og_type":"article","og_title":"PARLEM DE LLIBRES - Rutes Entre Refugis","og_description":"\u00b7 PARLEM DE LLIBRES \u00b7","og_url":"https:\/\/rutesentrerefugis.com\/index.php\/parlem-de-llibres\/","og_site_name":"Rutes Entre Refugis","article_modified_time":"2024-10-01T17:23:01+00:00","og_image":[{"url":"https:\/\/rutesentrerefugis.com\/wp-content\/uploads\/2024\/10\/Parlem-de-Llibres-Cap.jpg","type":"","width":"","height":""}],"twitter_card":"summary_large_image","twitter_misc":{"Tiempo de lectura":"12 minutos"},"schema":{"@context":"https:\/\/schema.org","@graph":[{"@type":"WebPage","@id":"https:\/\/rutesentrerefugis.com\/index.php\/parlem-de-llibres\/","url":"https:\/\/rutesentrerefugis.com\/index.php\/parlem-de-llibres\/","name":"PARLEM DE LLIBRES - Rutes Entre Refugis","isPartOf":{"@id":"https:\/\/rutesentrerefugis.com\/#website"},"primaryImageOfPage":{"@id":"https:\/\/rutesentrerefugis.com\/index.php\/parlem-de-llibres\/#primaryimage"},"image":{"@id":"https:\/\/rutesentrerefugis.com\/index.php\/parlem-de-llibres\/#primaryimage"},"thumbnailUrl":"https:\/\/rutesentrerefugis.com\/wp-content\/uploads\/2024\/10\/Parlem-de-Llibres-Cap.jpg","datePublished":"2024-10-01T17:12:11+00:00","dateModified":"2024-10-01T17:23:01+00:00","breadcrumb":{"@id":"https:\/\/rutesentrerefugis.com\/index.php\/parlem-de-llibres\/#breadcrumb"},"inLanguage":"es","potentialAction":[{"@type":"ReadAction","target":["https:\/\/rutesentrerefugis.com\/index.php\/parlem-de-llibres\/"]}]},{"@type":"ImageObject","inLanguage":"es","@id":"https:\/\/rutesentrerefugis.com\/index.php\/parlem-de-llibres\/#primaryimage","url":"https:\/\/rutesentrerefugis.com\/wp-content\/uploads\/2024\/10\/Parlem-de-Llibres-Cap.jpg","contentUrl":"https:\/\/rutesentrerefugis.com\/wp-content\/uploads\/2024\/10\/Parlem-de-Llibres-Cap.jpg","width":2000,"height":450},{"@type":"BreadcrumbList","@id":"https:\/\/rutesentrerefugis.com\/index.php\/parlem-de-llibres\/#breadcrumb","itemListElement":[{"@type":"ListItem","position":1,"name":"Inici","item":"https:\/\/rutesentrerefugis.com\/"},{"@type":"ListItem","position":2,"name":"PARLEM DE LLIBRES"}]},{"@type":"WebSite","@id":"https:\/\/rutesentrerefugis.com\/#website","url":"https:\/\/rutesentrerefugis.com\/","name":"Rutes Entre Refugis","description":"Caminant sota un nom","publisher":{"@id":"https:\/\/rutesentrerefugis.com\/#organization"},"potentialAction":[{"@type":"SearchAction","target":{"@type":"EntryPoint","urlTemplate":"https:\/\/rutesentrerefugis.com\/?s={search_term_string}"},"query-input":{"@type":"PropertyValueSpecification","valueRequired":true,"valueName":"search_term_string"}}],"inLanguage":"es"},{"@type":"Organization","@id":"https:\/\/rutesentrerefugis.com\/#organization","name":"Rutes Entre Refugis","url":"https:\/\/rutesentrerefugis.com\/","logo":{"@type":"ImageObject","inLanguage":"es","@id":"https:\/\/rutesentrerefugis.com\/#\/schema\/logo\/image\/","url":"https:\/\/rutesentrerefugis.com\/wp-content\/uploads\/2022\/08\/RutesEntreRefugis-Blanc-Retina-1.png","contentUrl":"https:\/\/rutesentrerefugis.com\/wp-content\/uploads\/2022\/08\/RutesEntreRefugis-Blanc-Retina-1.png","width":400,"height":400,"caption":"Rutes Entre Refugis"},"image":{"@id":"https:\/\/rutesentrerefugis.com\/#\/schema\/logo\/image\/"}}]}},"_links":{"self":[{"href":"https:\/\/rutesentrerefugis.com\/index.php\/wp-json\/wp\/v2\/pages\/23131","targetHints":{"allow":["GET"]}}],"collection":[{"href":"https:\/\/rutesentrerefugis.com\/index.php\/wp-json\/wp\/v2\/pages"}],"about":[{"href":"https:\/\/rutesentrerefugis.com\/index.php\/wp-json\/wp\/v2\/types\/page"}],"author":[{"embeddable":true,"href":"https:\/\/rutesentrerefugis.com\/index.php\/wp-json\/wp\/v2\/users\/2"}],"replies":[{"embeddable":true,"href":"https:\/\/rutesentrerefugis.com\/index.php\/wp-json\/wp\/v2\/comments?post=23131"}],"version-history":[{"count":7,"href":"https:\/\/rutesentrerefugis.com\/index.php\/wp-json\/wp\/v2\/pages\/23131\/revisions"}],"predecessor-version":[{"id":23140,"href":"https:\/\/rutesentrerefugis.com\/index.php\/wp-json\/wp\/v2\/pages\/23131\/revisions\/23140"}],"wp:attachment":[{"href":"https:\/\/rutesentrerefugis.com\/index.php\/wp-json\/wp\/v2\/media?parent=23131"}],"curies":[{"name":"wp","href":"https:\/\/api.w.org\/{rel}","templated":true}]}}