{"id":23141,"date":"2024-10-01T17:24:05","date_gmt":"2024-10-01T17:24:05","guid":{"rendered":"https:\/\/rutesentrerefugis.com\/?page_id=23141"},"modified":"2024-10-01T17:26:38","modified_gmt":"2024-10-01T17:26:38","slug":"hablamos-de-libros","status":"publish","type":"page","link":"https:\/\/rutesentrerefugis.com\/index.php\/es\/hablamos-de-libros\/","title":{"rendered":"HABLAMOS DE LIBROS"},"content":{"rendered":"\t\t<div data-elementor-type=\"wp-page\" data-elementor-id=\"23141\" class=\"elementor elementor-23141\" data-elementor-post-type=\"page\">\n\t\t\t\t\t\t<section class=\"elementor-section elementor-top-section elementor-element elementor-element-09e8dee elementor-section-full_width elementor-section-height-default elementor-section-height-default\" data-id=\"09e8dee\" data-element_type=\"section\" data-e-type=\"section\" data-settings=\"{&quot;background_background&quot;:&quot;classic&quot;}\">\n\t\t\t\t\t\t<div class=\"elementor-container elementor-column-gap-default\">\n\t\t\t\t\t<div class=\"elementor-column elementor-col-100 elementor-top-column elementor-element elementor-element-73d995f\" data-id=\"73d995f\" data-element_type=\"column\" data-e-type=\"column\">\n\t\t\t<div class=\"elementor-widget-wrap elementor-element-populated\">\n\t\t\t\t\t\t<div class=\"elementor-element elementor-element-7b5f9e5 elementor-widget elementor-widget-image\" data-id=\"7b5f9e5\" data-element_type=\"widget\" data-e-type=\"widget\" data-widget_type=\"image.default\">\n\t\t\t\t<div class=\"elementor-widget-container\">\n\t\t\t\t\t\t\t\t\t\t\t\t\t\t\t<img fetchpriority=\"high\" decoding=\"async\" width=\"2000\" height=\"450\" src=\"https:\/\/rutesentrerefugis.com\/wp-content\/uploads\/2024\/10\/Parlem-de-Llibres-Cap.jpg\" class=\"attachment-full size-full wp-image-23137\" alt=\"\" srcset=\"https:\/\/rutesentrerefugis.com\/wp-content\/uploads\/2024\/10\/Parlem-de-Llibres-Cap.jpg 2000w, https:\/\/rutesentrerefugis.com\/wp-content\/uploads\/2024\/10\/Parlem-de-Llibres-Cap-300x68.jpg 300w, https:\/\/rutesentrerefugis.com\/wp-content\/uploads\/2024\/10\/Parlem-de-Llibres-Cap-1024x230.jpg 1024w, https:\/\/rutesentrerefugis.com\/wp-content\/uploads\/2024\/10\/Parlem-de-Llibres-Cap-768x173.jpg 768w, https:\/\/rutesentrerefugis.com\/wp-content\/uploads\/2024\/10\/Parlem-de-Llibres-Cap-1536x346.jpg 1536w\" sizes=\"(max-width: 2000px) 100vw, 2000px\" \/>\t\t\t\t\t\t\t\t\t\t\t\t\t\t\t<\/div>\n\t\t\t\t<\/div>\n\t\t\t\t\t<\/div>\n\t\t<\/div>\n\t\t\t\t\t<\/div>\n\t\t<\/section>\n\t\t\t\t<section class=\"elementor-section elementor-top-section elementor-element elementor-element-6c5dc14 elementor-section-full_width elementor-section-height-default elementor-section-height-default\" data-id=\"6c5dc14\" data-element_type=\"section\" data-e-type=\"section\" data-settings=\"{&quot;background_background&quot;:&quot;classic&quot;}\">\n\t\t\t\t\t\t<div class=\"elementor-container elementor-column-gap-default\">\n\t\t\t\t\t<div class=\"elementor-column elementor-col-100 elementor-top-column elementor-element elementor-element-630a444\" data-id=\"630a444\" data-element_type=\"column\" data-e-type=\"column\">\n\t\t\t<div class=\"elementor-widget-wrap elementor-element-populated\">\n\t\t\t\t\t\t<div class=\"elementor-element elementor-element-cf1d0cf elementor-widget elementor-widget-heading\" data-id=\"cf1d0cf\" data-element_type=\"widget\" data-e-type=\"widget\" data-widget_type=\"heading.default\">\n\t\t\t\t<div class=\"elementor-widget-container\">\n\t\t\t\t\t<h1 class=\"elementor-heading-title elementor-size-default\">\u00b7 <font color=\"#B40404\">HABLAMOS  DE LIBROS<\/font> \u00b7<\/h1>\t\t\t\t<\/div>\n\t\t\t\t<\/div>\n\t\t\t\t\t<\/div>\n\t\t<\/div>\n\t\t\t\t\t<\/div>\n\t\t<\/section>\n\t\t\t\t<section class=\"elementor-section elementor-top-section elementor-element elementor-element-d8be62b elementor-section-full_width elementor-section-height-default elementor-section-height-default\" data-id=\"d8be62b\" data-element_type=\"section\" data-e-type=\"section\" data-settings=\"{&quot;background_background&quot;:&quot;classic&quot;}\">\n\t\t\t\t\t\t<div class=\"elementor-container elementor-column-gap-default\">\n\t\t\t\t\t<div class=\"elementor-column elementor-col-100 elementor-top-column elementor-element elementor-element-5531f42\" data-id=\"5531f42\" data-element_type=\"column\" data-e-type=\"column\">\n\t\t\t<div class=\"elementor-widget-wrap elementor-element-populated\">\n\t\t\t\t\t\t<div class=\"elementor-element elementor-element-03c8967 elementor-widget-divider--view-line elementor-widget elementor-widget-divider\" data-id=\"03c8967\" data-element_type=\"widget\" data-e-type=\"widget\" data-widget_type=\"divider.default\">\n\t\t\t\t<div class=\"elementor-widget-container\">\n\t\t\t\t\t\t\t<div class=\"elementor-divider\">\n\t\t\t<span class=\"elementor-divider-separator\">\n\t\t\t\t\t\t<\/span>\n\t\t<\/div>\n\t\t\t\t\t\t<\/div>\n\t\t\t\t<\/div>\n\t\t\t\t\t<\/div>\n\t\t<\/div>\n\t\t\t\t\t<\/div>\n\t\t<\/section>\n\t\t\t\t<section class=\"elementor-section elementor-top-section elementor-element elementor-element-c3dbf71 elementor-section-full_width elementor-section-height-default elementor-section-height-default\" data-id=\"c3dbf71\" data-element_type=\"section\" data-e-type=\"section\">\n\t\t\t\t\t\t<div class=\"elementor-container elementor-column-gap-default\">\n\t\t\t\t\t<div class=\"elementor-column elementor-col-100 elementor-top-column elementor-element elementor-element-0566861\" data-id=\"0566861\" data-element_type=\"column\" data-e-type=\"column\">\n\t\t\t<div class=\"elementor-widget-wrap elementor-element-populated\">\n\t\t\t\t\t\t<div class=\"elementor-element elementor-element-c41c8de elementor-widget elementor-widget-spacer\" data-id=\"c41c8de\" data-element_type=\"widget\" data-e-type=\"widget\" data-widget_type=\"spacer.default\">\n\t\t\t\t<div class=\"elementor-widget-container\">\n\t\t\t\t\t\t\t<div class=\"elementor-spacer\">\n\t\t\t<div class=\"elementor-spacer-inner\"><\/div>\n\t\t<\/div>\n\t\t\t\t\t\t<\/div>\n\t\t\t\t<\/div>\n\t\t\t\t\t<\/div>\n\t\t<\/div>\n\t\t\t\t\t<\/div>\n\t\t<\/section>\n\t\t\t\t<section class=\"elementor-section elementor-top-section elementor-element elementor-element-4670a2b elementor-section-full_width elementor-section-height-default elementor-section-height-default\" data-id=\"4670a2b\" data-element_type=\"section\" data-e-type=\"section\">\n\t\t\t\t\t\t<div class=\"elementor-container elementor-column-gap-default\">\n\t\t\t\t\t<div class=\"elementor-column elementor-col-100 elementor-top-column elementor-element elementor-element-e2429e9\" data-id=\"e2429e9\" data-element_type=\"column\" data-e-type=\"column\">\n\t\t\t<div class=\"elementor-widget-wrap elementor-element-populated\">\n\t\t\t\t\t\t<div class=\"elementor-element elementor-element-c15348d elementor-grid-5 elementor-grid-tablet-2 elementor-grid-mobile-1 elementor-posts--thumbnail-top elementor-posts--show-avatar elementor-card-shadow-yes elementor-posts__hover-gradient load-more-align-center elementor-widget elementor-widget-posts\" data-id=\"c15348d\" data-element_type=\"widget\" data-e-type=\"widget\" data-settings=\"{&quot;cards_columns&quot;:&quot;5&quot;,&quot;pagination_type&quot;:&quot;load_more_on_click&quot;,&quot;cards_columns_tablet&quot;:&quot;2&quot;,&quot;cards_columns_mobile&quot;:&quot;1&quot;,&quot;cards_row_gap&quot;:{&quot;unit&quot;:&quot;px&quot;,&quot;size&quot;:35,&quot;sizes&quot;:[]},&quot;cards_row_gap_tablet&quot;:{&quot;unit&quot;:&quot;px&quot;,&quot;size&quot;:&quot;&quot;,&quot;sizes&quot;:[]},&quot;cards_row_gap_mobile&quot;:{&quot;unit&quot;:&quot;px&quot;,&quot;size&quot;:&quot;&quot;,&quot;sizes&quot;:[]},&quot;load_more_spinner&quot;:{&quot;value&quot;:&quot;fas fa-spinner&quot;,&quot;library&quot;:&quot;fa-solid&quot;}}\" data-widget_type=\"posts.cards\">\n\t\t\t\t<div class=\"elementor-widget-container\">\n\t\t\t\t\t\t\t<div class=\"elementor-posts-container elementor-posts elementor-posts--skin-cards elementor-grid\" role=\"list\">\n\t\t\t\t<article class=\"elementor-post elementor-grid-item post-29537 post type-post status-publish format-standard has-post-thumbnail hentry category-blog-es category-fontalba-es category-libros tag-colleccio-fontalba-es tag-jordi-cabre-i-trias-es tag-montseny-es tag-montseny-una-biografia-es tag-simbol-editors-es tag-una-biografia-es\" role=\"listitem\">\n\t\t\t<div class=\"elementor-post__card\">\n\t\t\t\t<a class=\"elementor-post__thumbnail__link\" href=\"https:\/\/rutesentrerefugis.com\/index.php\/es\/2026\/03\/02\/montseny-es\/\" tabindex=\"-1\" ><div class=\"elementor-post__thumbnail\"><img decoding=\"async\" width=\"1200\" height=\"800\" src=\"https:\/\/rutesentrerefugis.com\/wp-content\/uploads\/2026\/03\/Montseny-Inici.jpg\" class=\"attachment-full size-full wp-image-29510\" alt=\"\" srcset=\"https:\/\/rutesentrerefugis.com\/wp-content\/uploads\/2026\/03\/Montseny-Inici.jpg 1200w, https:\/\/rutesentrerefugis.com\/wp-content\/uploads\/2026\/03\/Montseny-Inici-300x200.jpg 300w, https:\/\/rutesentrerefugis.com\/wp-content\/uploads\/2026\/03\/Montseny-Inici-1024x683.jpg 1024w, https:\/\/rutesentrerefugis.com\/wp-content\/uploads\/2026\/03\/Montseny-Inici-768x512.jpg 768w\" sizes=\"(max-width: 1200px) 100vw, 1200px\" \/><\/div><\/a>\n\t\t\t\t<div class=\"elementor-post__avatar\">\n\t\t\t<img alt='Jordi Cabre' src='https:\/\/rutesentrerefugis.com\/wp-content\/uploads\/2026\/03\/avatar_user_81_1772475596.jpg' srcset='https:\/\/rutesentrerefugis.com\/wp-content\/uploads\/2026\/03\/avatar_user_81_1772475596.jpg 2x' class='avatar avatar-128 photo' height='128' width='128' \/>\t\t<\/div>\n\t\t\t\t<div class=\"elementor-post__text\">\n\t\t\t\t<h3 class=\"elementor-post__title\">\n\t\t\t<a href=\"https:\/\/rutesentrerefugis.com\/index.php\/es\/2026\/03\/02\/montseny-es\/\" >\n\t\t\t\tMONTSENY\t\t\t<\/a>\n\t\t<\/h3>\n\t\t\t\t<\/div>\n\t\t\t\t<div class=\"elementor-post__meta-data\">\n\t\t\t\t\t<span class=\"elementor-post-author\">\n\t\t\tJordi Cabre\t\t<\/span>\n\t\t\t\t<span class=\"elementor-post-date\">\n\t\t\t02\/03\/2026\t\t<\/span>\n\t\t\t\t<\/div>\n\t\t\t\t\t<\/div>\n\t\t<\/article>\n\t\t\t\t<article class=\"elementor-post elementor-grid-item post-29307 post type-post status-publish format-standard has-post-thumbnail hentry category-blog-es category-fontalba-es category-libros tag-blanca-busquets tag-colleccio-fontalba-es tag-collsacabra tag-collsacabra-una-biografia tag-simbol-editors-es tag-una-biografia-es\" role=\"listitem\">\n\t\t\t<div class=\"elementor-post__card\">\n\t\t\t\t<a class=\"elementor-post__thumbnail__link\" href=\"https:\/\/rutesentrerefugis.com\/index.php\/es\/2025\/12\/01\/collsacabra-es\/\" tabindex=\"-1\" ><div class=\"elementor-post__thumbnail\"><img decoding=\"async\" width=\"1200\" height=\"800\" src=\"https:\/\/rutesentrerefugis.com\/wp-content\/uploads\/2025\/12\/Collsacabra-Inici.jpg\" class=\"attachment-full size-full wp-image-29280\" alt=\"\" srcset=\"https:\/\/rutesentrerefugis.com\/wp-content\/uploads\/2025\/12\/Collsacabra-Inici.jpg 1200w, https:\/\/rutesentrerefugis.com\/wp-content\/uploads\/2025\/12\/Collsacabra-Inici-300x200.jpg 300w, https:\/\/rutesentrerefugis.com\/wp-content\/uploads\/2025\/12\/Collsacabra-Inici-1024x683.jpg 1024w, https:\/\/rutesentrerefugis.com\/wp-content\/uploads\/2025\/12\/Collsacabra-Inici-768x512.jpg 768w\" sizes=\"(max-width: 1200px) 100vw, 1200px\" \/><\/div><\/a>\n\t\t\t\t<div class=\"elementor-post__avatar\">\n\t\t\t<img alt='Blanca Busquets' src='https:\/\/rutesentrerefugis.com\/wp-content\/uploads\/2025\/12\/avatar_user_78_1764611039.jpg' srcset='https:\/\/rutesentrerefugis.com\/wp-content\/uploads\/2025\/12\/avatar_user_78_1764611039.jpg 2x' class='avatar avatar-128 photo' height='128' width='128' \/>\t\t<\/div>\n\t\t\t\t<div class=\"elementor-post__text\">\n\t\t\t\t<h3 class=\"elementor-post__title\">\n\t\t\t<a href=\"https:\/\/rutesentrerefugis.com\/index.php\/es\/2025\/12\/01\/collsacabra-es\/\" >\n\t\t\t\tCOLLSACABRA\t\t\t<\/a>\n\t\t<\/h3>\n\t\t\t\t<\/div>\n\t\t\t\t<div class=\"elementor-post__meta-data\">\n\t\t\t\t\t<span class=\"elementor-post-author\">\n\t\t\tBlanca Busquets\t\t<\/span>\n\t\t\t\t<span class=\"elementor-post-date\">\n\t\t\t01\/12\/2025\t\t<\/span>\n\t\t\t\t<\/div>\n\t\t\t\t\t<\/div>\n\t\t<\/article>\n\t\t\t\t<article class=\"elementor-post elementor-grid-item post-29207 post type-post status-publish format-standard has-post-thumbnail hentry category-blog-es category-fontalba-es category-libros tag-albert-villaro-es tag-cadi-es tag-colleccio-fontalba-es tag-simbol-editors-es tag-una-biografia-es\" role=\"listitem\">\n\t\t\t<div class=\"elementor-post__card\">\n\t\t\t\t<a class=\"elementor-post__thumbnail__link\" href=\"https:\/\/rutesentrerefugis.com\/index.php\/es\/2025\/11\/25\/cadi-es\/\" tabindex=\"-1\" ><div class=\"elementor-post__thumbnail\"><img loading=\"lazy\" decoding=\"async\" width=\"1200\" height=\"800\" src=\"https:\/\/rutesentrerefugis.com\/wp-content\/uploads\/2025\/11\/Cadi-Inici.jpg\" class=\"attachment-full size-full wp-image-29157\" alt=\"\" srcset=\"https:\/\/rutesentrerefugis.com\/wp-content\/uploads\/2025\/11\/Cadi-Inici.jpg 1200w, https:\/\/rutesentrerefugis.com\/wp-content\/uploads\/2025\/11\/Cadi-Inici-300x200.jpg 300w, https:\/\/rutesentrerefugis.com\/wp-content\/uploads\/2025\/11\/Cadi-Inici-1024x683.jpg 1024w, https:\/\/rutesentrerefugis.com\/wp-content\/uploads\/2025\/11\/Cadi-Inici-768x512.jpg 768w\" sizes=\"(max-width: 1200px) 100vw, 1200px\" \/><\/div><\/a>\n\t\t\t\t<div class=\"elementor-post__avatar\">\n\t\t\t<img alt='Albert Villaro' src='https:\/\/rutesentrerefugis.com\/wp-content\/uploads\/2025\/11\/avatar_user_77_1764093109.jpg' srcset='https:\/\/rutesentrerefugis.com\/wp-content\/uploads\/2025\/11\/avatar_user_77_1764093109.jpg 2x' class='avatar avatar-128 photo' height='128' width='128' \/>\t\t<\/div>\n\t\t\t\t<div class=\"elementor-post__text\">\n\t\t\t\t<h3 class=\"elementor-post__title\">\n\t\t\t<a href=\"https:\/\/rutesentrerefugis.com\/index.php\/es\/2025\/11\/25\/cadi-es\/\" >\n\t\t\t\tCAD\u00cd\t\t\t<\/a>\n\t\t<\/h3>\n\t\t\t\t<\/div>\n\t\t\t\t<div class=\"elementor-post__meta-data\">\n\t\t\t\t\t<span class=\"elementor-post-author\">\n\t\t\tAlbert Villaro\t\t<\/span>\n\t\t\t\t<span class=\"elementor-post-date\">\n\t\t\t25\/11\/2025\t\t<\/span>\n\t\t\t\t<\/div>\n\t\t\t\t\t<\/div>\n\t\t<\/article>\n\t\t\t\t<article class=\"elementor-post elementor-grid-item post-29134 post type-post status-publish format-standard has-post-thumbnail hentry category-blog-es category-fontalba-es category-libros tag-colleccio-fontalba-es tag-sant-llorenc-del-munt-es tag-simbol-editors-es tag-terrassa tag-una-biografia-es tag-vicenc-villatoro-es\" role=\"listitem\">\n\t\t\t<div class=\"elementor-post__card\">\n\t\t\t\t<a class=\"elementor-post__thumbnail__link\" href=\"https:\/\/rutesentrerefugis.com\/index.php\/es\/2025\/11\/17\/sant-llorenc-del-munt-es\/\" tabindex=\"-1\" ><div class=\"elementor-post__thumbnail\"><img loading=\"lazy\" decoding=\"async\" width=\"1200\" height=\"800\" src=\"https:\/\/rutesentrerefugis.com\/wp-content\/uploads\/2025\/11\/Sant-Llorenc-del-Munt-Inici.jpg\" class=\"attachment-full size-full wp-image-29086\" alt=\"\" srcset=\"https:\/\/rutesentrerefugis.com\/wp-content\/uploads\/2025\/11\/Sant-Llorenc-del-Munt-Inici.jpg 1200w, https:\/\/rutesentrerefugis.com\/wp-content\/uploads\/2025\/11\/Sant-Llorenc-del-Munt-Inici-300x200.jpg 300w, https:\/\/rutesentrerefugis.com\/wp-content\/uploads\/2025\/11\/Sant-Llorenc-del-Munt-Inici-1024x683.jpg 1024w, https:\/\/rutesentrerefugis.com\/wp-content\/uploads\/2025\/11\/Sant-Llorenc-del-Munt-Inici-768x512.jpg 768w\" sizes=\"(max-width: 1200px) 100vw, 1200px\" \/><\/div><\/a>\n\t\t\t\t<div class=\"elementor-post__avatar\">\n\t\t\t<img alt='Vicen\u00e7 Villatoro' src='https:\/\/rutesentrerefugis.com\/wp-content\/uploads\/2025\/11\/avatar_user_76_1763403688.jpg' srcset='https:\/\/rutesentrerefugis.com\/wp-content\/uploads\/2025\/11\/avatar_user_76_1763403688.jpg 2x' class='avatar avatar-128 photo' height='128' width='128' \/>\t\t<\/div>\n\t\t\t\t<div class=\"elementor-post__text\">\n\t\t\t\t<h3 class=\"elementor-post__title\">\n\t\t\t<a href=\"https:\/\/rutesentrerefugis.com\/index.php\/es\/2025\/11\/17\/sant-llorenc-del-munt-es\/\" >\n\t\t\t\tSANT LLOREN\u00c7 DEL MUNT\t\t\t<\/a>\n\t\t<\/h3>\n\t\t\t\t<\/div>\n\t\t\t\t<div class=\"elementor-post__meta-data\">\n\t\t\t\t\t<span class=\"elementor-post-author\">\n\t\t\tVicen\u00e7 Villatoro\t\t<\/span>\n\t\t\t\t<span class=\"elementor-post-date\">\n\t\t\t17\/11\/2025\t\t<\/span>\n\t\t\t\t<\/div>\n\t\t\t\t\t<\/div>\n\t\t<\/article>\n\t\t\t\t<article class=\"elementor-post elementor-grid-item post-29056 post type-post status-publish format-standard has-post-thumbnail hentry category-blog-es category-enric-faura-es-es category-libros tag-article-es tag-articulo-es tag-blog-es tag-capitan-swing-es tag-columnas-es tag-columnes-es tag-cronicas-ca-es tag-croniques-ca-es tag-enric-faura-es tag-la-bandera-en-la-cumbre tag-libros-es tag-llibres-es tag-pablo-batalla-es tag-politica\" role=\"listitem\">\n\t\t\t<div class=\"elementor-post__card\">\n\t\t\t\t<a class=\"elementor-post__thumbnail__link\" href=\"https:\/\/rutesentrerefugis.com\/index.php\/es\/2025\/10\/25\/todo-es-politica\/\" tabindex=\"-1\" ><div class=\"elementor-post__thumbnail\"><img loading=\"lazy\" decoding=\"async\" width=\"1200\" height=\"800\" src=\"https:\/\/rutesentrerefugis.com\/wp-content\/uploads\/2025\/10\/Tot-es-Politica-Inici.jpg\" class=\"attachment-full size-full wp-image-29026\" alt=\"\" srcset=\"https:\/\/rutesentrerefugis.com\/wp-content\/uploads\/2025\/10\/Tot-es-Politica-Inici.jpg 1200w, https:\/\/rutesentrerefugis.com\/wp-content\/uploads\/2025\/10\/Tot-es-Politica-Inici-300x200.jpg 300w, https:\/\/rutesentrerefugis.com\/wp-content\/uploads\/2025\/10\/Tot-es-Politica-Inici-1024x683.jpg 1024w, https:\/\/rutesentrerefugis.com\/wp-content\/uploads\/2025\/10\/Tot-es-Politica-Inici-768x512.jpg 768w\" sizes=\"(max-width: 1200px) 100vw, 1200px\" \/><\/div><\/a>\n\t\t\t\t<div class=\"elementor-post__avatar\">\n\t\t\t<img alt='Enric Faura' src='https:\/\/rutesentrerefugis.com\/wp-content\/uploads\/2023\/05\/avatar_user_12_1683353104.jpg' srcset='https:\/\/rutesentrerefugis.com\/wp-content\/uploads\/2023\/05\/avatar_user_12_1683353104.jpg 2x' class='avatar avatar-128 photo' height='128' width='128' \/>\t\t<\/div>\n\t\t\t\t<div class=\"elementor-post__text\">\n\t\t\t\t<h3 class=\"elementor-post__title\">\n\t\t\t<a href=\"https:\/\/rutesentrerefugis.com\/index.php\/es\/2025\/10\/25\/todo-es-politica\/\" >\n\t\t\t\tTODO ES POL\u00cdTICA?\t\t\t<\/a>\n\t\t<\/h3>\n\t\t\t\t<\/div>\n\t\t\t\t<div class=\"elementor-post__meta-data\">\n\t\t\t\t\t<span class=\"elementor-post-author\">\n\t\t\tEnric Faura\t\t<\/span>\n\t\t\t\t<span class=\"elementor-post-date\">\n\t\t\t25\/10\/2025\t\t<\/span>\n\t\t\t\t<\/div>\n\t\t\t\t\t<\/div>\n\t\t<\/article>\n\t\t\t\t<article class=\"elementor-post elementor-grid-item post-28959 post type-post status-publish format-standard has-post-thumbnail hentry category-blog-es category-cronicas-es category-edu-sallent-es-es category-libros tag-alpinisme-de-seca-es tag-colleccio-annapurna-es tag-cossetania-edicions-es tag-edu-sallent-es tag-eduard-sallent-es tag-jordi-coromines-es\" role=\"listitem\">\n\t\t\t<div class=\"elementor-post__card\">\n\t\t\t\t<a class=\"elementor-post__thumbnail__link\" href=\"https:\/\/rutesentrerefugis.com\/index.php\/es\/2025\/10\/15\/alpinisme-de-seca-es\/\" tabindex=\"-1\" ><div class=\"elementor-post__thumbnail\"><img loading=\"lazy\" decoding=\"async\" width=\"1200\" height=\"800\" src=\"https:\/\/rutesentrerefugis.com\/wp-content\/uploads\/2025\/10\/Alpinisme-de-Seca-Inici.jpg\" class=\"attachment-full size-full wp-image-28958\" alt=\"\" srcset=\"https:\/\/rutesentrerefugis.com\/wp-content\/uploads\/2025\/10\/Alpinisme-de-Seca-Inici.jpg 1200w, https:\/\/rutesentrerefugis.com\/wp-content\/uploads\/2025\/10\/Alpinisme-de-Seca-Inici-300x200.jpg 300w, https:\/\/rutesentrerefugis.com\/wp-content\/uploads\/2025\/10\/Alpinisme-de-Seca-Inici-1024x683.jpg 1024w, https:\/\/rutesentrerefugis.com\/wp-content\/uploads\/2025\/10\/Alpinisme-de-Seca-Inici-768x512.jpg 768w\" sizes=\"(max-width: 1200px) 100vw, 1200px\" \/><\/div><\/a>\n\t\t\t\t<div class=\"elementor-post__avatar\">\n\t\t\t<img alt='Edu Sallent' src='https:\/\/rutesentrerefugis.com\/wp-content\/uploads\/2023\/05\/avatar_user_22_1683354133.jpg' srcset='https:\/\/rutesentrerefugis.com\/wp-content\/uploads\/2023\/05\/avatar_user_22_1683354133.jpg 2x' class='avatar avatar-128 photo' height='128' width='128' \/>\t\t<\/div>\n\t\t\t\t<div class=\"elementor-post__text\">\n\t\t\t\t<h3 class=\"elementor-post__title\">\n\t\t\t<a href=\"https:\/\/rutesentrerefugis.com\/index.php\/es\/2025\/10\/15\/alpinisme-de-seca-es\/\" >\n\t\t\t\tALPINISME DE SEC\u00c0\t\t\t<\/a>\n\t\t<\/h3>\n\t\t\t\t<\/div>\n\t\t\t\t<div class=\"elementor-post__meta-data\">\n\t\t\t\t\t<span class=\"elementor-post-author\">\n\t\t\tEdu Sallent\t\t<\/span>\n\t\t\t\t<span class=\"elementor-post-date\">\n\t\t\t15\/10\/2025\t\t<\/span>\n\t\t\t\t<\/div>\n\t\t\t\t\t<\/div>\n\t\t<\/article>\n\t\t\t\t<article class=\"elementor-post elementor-grid-item post-28644 post type-post status-publish format-standard has-post-thumbnail hentry category-blog-es category-cronicas-es category-libros tag-blog-es tag-capitan-swing-es tag-hablemos-de-libros tag-la-bandera-en-la-cumbre tag-libros-es tag-llibres-es tag-montanismo tag-muntanyisme tag-paco-batalla-cueto tag-parlem-de-llibres tag-politica\" role=\"listitem\">\n\t\t\t<div class=\"elementor-post__card\">\n\t\t\t\t<a class=\"elementor-post__thumbnail__link\" href=\"https:\/\/rutesentrerefugis.com\/index.php\/es\/2025\/09\/14\/la-bandera-en-la-cumbre-es\/\" tabindex=\"-1\" ><div class=\"elementor-post__thumbnail\"><img loading=\"lazy\" decoding=\"async\" width=\"1200\" height=\"800\" src=\"https:\/\/rutesentrerefugis.com\/wp-content\/uploads\/2025\/09\/La-Bandera-en-la-Cumbre-Inici.jpg\" class=\"attachment-full size-full wp-image-28608\" alt=\"\" srcset=\"https:\/\/rutesentrerefugis.com\/wp-content\/uploads\/2025\/09\/La-Bandera-en-la-Cumbre-Inici.jpg 1200w, https:\/\/rutesentrerefugis.com\/wp-content\/uploads\/2025\/09\/La-Bandera-en-la-Cumbre-Inici-300x200.jpg 300w, https:\/\/rutesentrerefugis.com\/wp-content\/uploads\/2025\/09\/La-Bandera-en-la-Cumbre-Inici-1024x683.jpg 1024w, https:\/\/rutesentrerefugis.com\/wp-content\/uploads\/2025\/09\/La-Bandera-en-la-Cumbre-Inici-768x512.jpg 768w\" sizes=\"(max-width: 1200px) 100vw, 1200px\" \/><\/div><\/a>\n\t\t\t\t<div class=\"elementor-post__avatar\">\n\t\t\t<img alt='Pablo Batalla Cueto' src='https:\/\/rutesentrerefugis.com\/wp-content\/uploads\/2025\/09\/avatar_user_75_1757847010.jpg' srcset='https:\/\/rutesentrerefugis.com\/wp-content\/uploads\/2025\/09\/avatar_user_75_1757847010.jpg 2x' class='avatar avatar-128 photo' height='128' width='128' \/>\t\t<\/div>\n\t\t\t\t<div class=\"elementor-post__text\">\n\t\t\t\t<h3 class=\"elementor-post__title\">\n\t\t\t<a href=\"https:\/\/rutesentrerefugis.com\/index.php\/es\/2025\/09\/14\/la-bandera-en-la-cumbre-es\/\" >\n\t\t\t\tLA BANDERA EN LA CUMBRE\t\t\t<\/a>\n\t\t<\/h3>\n\t\t\t\t<\/div>\n\t\t\t\t<div class=\"elementor-post__meta-data\">\n\t\t\t\t\t<span class=\"elementor-post-author\">\n\t\t\tPablo Batalla Cueto\t\t<\/span>\n\t\t\t\t<span class=\"elementor-post-date\">\n\t\t\t14\/09\/2025\t\t<\/span>\n\t\t\t\t<\/div>\n\t\t\t\t\t<\/div>\n\t\t<\/article>\n\t\t\t\t<article class=\"elementor-post elementor-grid-item post-28585 post type-post status-publish format-standard has-post-thumbnail hentry category-blog-es category-cronicas-es category-libros tag-1700-km-a-pie-por-el-gran-camino-del-himalaya-es tag-ediciones-peninsula-es tag-el-sendero-de-las-nubes-es tag-himalaia-es tag-himalaya-es tag-sergi-unanue-es\" role=\"listitem\">\n\t\t\t<div class=\"elementor-post__card\">\n\t\t\t\t<a class=\"elementor-post__thumbnail__link\" href=\"https:\/\/rutesentrerefugis.com\/index.php\/es\/2025\/09\/11\/el-sendero-de-las-nubes-es\/\" tabindex=\"-1\" ><div class=\"elementor-post__thumbnail\"><img loading=\"lazy\" decoding=\"async\" width=\"1200\" height=\"800\" src=\"https:\/\/rutesentrerefugis.com\/wp-content\/uploads\/2025\/09\/El-Sendero-de-las-Nubes-Inici.jpg\" class=\"attachment-full size-full wp-image-28511\" alt=\"\" srcset=\"https:\/\/rutesentrerefugis.com\/wp-content\/uploads\/2025\/09\/El-Sendero-de-las-Nubes-Inici.jpg 1200w, https:\/\/rutesentrerefugis.com\/wp-content\/uploads\/2025\/09\/El-Sendero-de-las-Nubes-Inici-300x200.jpg 300w, https:\/\/rutesentrerefugis.com\/wp-content\/uploads\/2025\/09\/El-Sendero-de-las-Nubes-Inici-1024x683.jpg 1024w, https:\/\/rutesentrerefugis.com\/wp-content\/uploads\/2025\/09\/El-Sendero-de-las-Nubes-Inici-768x512.jpg 768w\" sizes=\"(max-width: 1200px) 100vw, 1200px\" \/><\/div><\/a>\n\t\t\t\t<div class=\"elementor-post__avatar\">\n\t\t\t<img alt='Sergi Unanue' src='https:\/\/rutesentrerefugis.com\/wp-content\/uploads\/2025\/09\/avatar_user_74_1757607813.jpg' srcset='https:\/\/rutesentrerefugis.com\/wp-content\/uploads\/2025\/09\/avatar_user_74_1757607813.jpg 2x' class='avatar avatar-128 photo' height='128' width='128' \/>\t\t<\/div>\n\t\t\t\t<div class=\"elementor-post__text\">\n\t\t\t\t<h3 class=\"elementor-post__title\">\n\t\t\t<a href=\"https:\/\/rutesentrerefugis.com\/index.php\/es\/2025\/09\/11\/el-sendero-de-las-nubes-es\/\" >\n\t\t\t\tEL SENDERO DE LAS NUBES\t\t\t<\/a>\n\t\t<\/h3>\n\t\t\t\t<\/div>\n\t\t\t\t<div class=\"elementor-post__meta-data\">\n\t\t\t\t\t<span class=\"elementor-post-author\">\n\t\t\tSergi Unanue\t\t<\/span>\n\t\t\t\t<span class=\"elementor-post-date\">\n\t\t\t11\/09\/2025\t\t<\/span>\n\t\t\t\t<\/div>\n\t\t\t\t\t<\/div>\n\t\t<\/article>\n\t\t\t\t<article class=\"elementor-post elementor-grid-item post-27895 post type-post status-publish format-standard has-post-thumbnail hentry category-blog-es category-libros tag-blog-es tag-gr-11-en-30-dias-es tag-gr-11-en-30-dies-es tag-gr-11-es tag-guia-para-principiantes-es tag-guia-per-a-principiants-es tag-libros-es tag-llibres-es tag-senda-pirenaica-es tag-senda-pirinenca-es tag-transpirenaica-es tag-transpirinenca-es tag-xavier-boix-ricart-es\" role=\"listitem\">\n\t\t\t<div class=\"elementor-post__card\">\n\t\t\t\t<a class=\"elementor-post__thumbnail__link\" href=\"https:\/\/rutesentrerefugis.com\/index.php\/es\/2025\/08\/29\/gr-11-en-30-dias\/\" tabindex=\"-1\" ><div class=\"elementor-post__thumbnail\"><img loading=\"lazy\" decoding=\"async\" width=\"1200\" height=\"800\" src=\"https:\/\/rutesentrerefugis.com\/wp-content\/uploads\/2025\/08\/GR-11-30-Dies-Inici.jpg\" class=\"attachment-full size-full wp-image-27860\" alt=\"\" srcset=\"https:\/\/rutesentrerefugis.com\/wp-content\/uploads\/2025\/08\/GR-11-30-Dies-Inici.jpg 1200w, https:\/\/rutesentrerefugis.com\/wp-content\/uploads\/2025\/08\/GR-11-30-Dies-Inici-300x200.jpg 300w, https:\/\/rutesentrerefugis.com\/wp-content\/uploads\/2025\/08\/GR-11-30-Dies-Inici-1024x683.jpg 1024w, https:\/\/rutesentrerefugis.com\/wp-content\/uploads\/2025\/08\/GR-11-30-Dies-Inici-768x512.jpg 768w\" sizes=\"(max-width: 1200px) 100vw, 1200px\" \/><\/div><\/a>\n\t\t\t\t<div class=\"elementor-post__avatar\">\n\t\t\t<img alt='Xavier Boix Ricart' src='https:\/\/rutesentrerefugis.com\/wp-content\/uploads\/2025\/08\/avatar_user_72_1756470622.jpg' srcset='https:\/\/rutesentrerefugis.com\/wp-content\/uploads\/2025\/08\/avatar_user_72_1756470622.jpg 2x' class='avatar avatar-128 photo' height='128' width='128' \/>\t\t<\/div>\n\t\t\t\t<div class=\"elementor-post__text\">\n\t\t\t\t<h3 class=\"elementor-post__title\">\n\t\t\t<a href=\"https:\/\/rutesentrerefugis.com\/index.php\/es\/2025\/08\/29\/gr-11-en-30-dias\/\" >\n\t\t\t\tGR-11 EN 30 D\u00cdAS\t\t\t<\/a>\n\t\t<\/h3>\n\t\t\t\t<\/div>\n\t\t\t\t<div class=\"elementor-post__meta-data\">\n\t\t\t\t\t<span class=\"elementor-post-author\">\n\t\t\tXavier Boix Ricart\t\t<\/span>\n\t\t\t\t<span class=\"elementor-post-date\">\n\t\t\t29\/08\/2025\t\t<\/span>\n\t\t\t\t<\/div>\n\t\t\t\t\t<\/div>\n\t\t<\/article>\n\t\t\t\t<article class=\"elementor-post elementor-grid-item post-26496 post type-post status-publish format-standard has-post-thumbnail hentry category-blog-es category-libros tag-1996-es tag-araceli-segarra-es tag-blog-es tag-broughton-coburn-es tag-capitan-swing-es tag-cronicas-ca-es tag-croniques-ca-es tag-darjeeling-es tag-david-breashers-es tag-ed-viesturs-es tag-edmund-hillary-es tag-el-dalai-lama-es tag-everest-es tag-imax-es tag-india-es tag-jamling-tenzing-norgay-es tag-jon-krakauer-es tag-mas-cerca-de-mi-padre-es tag-nepal-es tag-peter-hillary-es tag-tenzing-norgay-es\" role=\"listitem\">\n\t\t\t<div class=\"elementor-post__card\">\n\t\t\t\t<a class=\"elementor-post__thumbnail__link\" href=\"https:\/\/rutesentrerefugis.com\/index.php\/es\/2025\/07\/06\/mas-cerca-de-mi-padre-es\/\" tabindex=\"-1\" ><div class=\"elementor-post__thumbnail\"><img loading=\"lazy\" decoding=\"async\" width=\"1200\" height=\"800\" src=\"https:\/\/rutesentrerefugis.com\/wp-content\/uploads\/2025\/07\/Mas-Cerca-de-mi-Padre-Inici.jpg\" class=\"attachment-full size-full wp-image-26451\" alt=\"\" srcset=\"https:\/\/rutesentrerefugis.com\/wp-content\/uploads\/2025\/07\/Mas-Cerca-de-mi-Padre-Inici.jpg 1200w, https:\/\/rutesentrerefugis.com\/wp-content\/uploads\/2025\/07\/Mas-Cerca-de-mi-Padre-Inici-300x200.jpg 300w, https:\/\/rutesentrerefugis.com\/wp-content\/uploads\/2025\/07\/Mas-Cerca-de-mi-Padre-Inici-1024x683.jpg 1024w, https:\/\/rutesentrerefugis.com\/wp-content\/uploads\/2025\/07\/Mas-Cerca-de-mi-Padre-Inici-768x512.jpg 768w\" sizes=\"(max-width: 1200px) 100vw, 1200px\" \/><\/div><\/a>\n\t\t\t\t<div class=\"elementor-post__avatar\">\n\t\t\t<img alt='Jamling Tenzing Norgay' src='https:\/\/rutesentrerefugis.com\/wp-content\/uploads\/2025\/07\/avatar_user_71_1751819990.jpg' srcset='https:\/\/rutesentrerefugis.com\/wp-content\/uploads\/2025\/07\/avatar_user_71_1751819990.jpg 2x' class='avatar avatar-128 photo' height='128' width='128' \/>\t\t<\/div>\n\t\t\t\t<div class=\"elementor-post__text\">\n\t\t\t\t<h3 class=\"elementor-post__title\">\n\t\t\t<a href=\"https:\/\/rutesentrerefugis.com\/index.php\/es\/2025\/07\/06\/mas-cerca-de-mi-padre-es\/\" >\n\t\t\t\tM\u00c1S CERCA DE MI PADRE\t\t\t<\/a>\n\t\t<\/h3>\n\t\t\t\t<\/div>\n\t\t\t\t<div class=\"elementor-post__meta-data\">\n\t\t\t\t\t<span class=\"elementor-post-author\">\n\t\t\tJamling Tenzing Norgay\t\t<\/span>\n\t\t\t\t<span class=\"elementor-post-date\">\n\t\t\t06\/07\/2025\t\t<\/span>\n\t\t\t\t<\/div>\n\t\t\t\t\t<\/div>\n\t\t<\/article>\n\t\t\t\t<article class=\"elementor-post elementor-grid-item post-26335 post type-post status-publish format-standard has-post-thumbnail hentry category-blog-es category-libros category-libros-del-asteroide-es tag-dalai-lama-es tag-heinrich-harrer-es tag-himalaia-es tag-himalaya-es tag-isabel-hernandez-es tag-libros-del-asteroide-es tag-nanga-parbat-es tag-siete-anos-en-el-tibet-es tag-tibet-es\" role=\"listitem\">\n\t\t\t<div class=\"elementor-post__card\">\n\t\t\t\t<a class=\"elementor-post__thumbnail__link\" href=\"https:\/\/rutesentrerefugis.com\/index.php\/es\/2025\/06\/27\/siete-anos-en-el-tibet-es\/\" tabindex=\"-1\" ><div class=\"elementor-post__thumbnail\"><img loading=\"lazy\" decoding=\"async\" width=\"1200\" height=\"800\" src=\"https:\/\/rutesentrerefugis.com\/wp-content\/uploads\/2025\/06\/Siete-Tibet-Inici.jpg\" class=\"attachment-full size-full wp-image-26270\" alt=\"\" srcset=\"https:\/\/rutesentrerefugis.com\/wp-content\/uploads\/2025\/06\/Siete-Tibet-Inici.jpg 1200w, https:\/\/rutesentrerefugis.com\/wp-content\/uploads\/2025\/06\/Siete-Tibet-Inici-300x200.jpg 300w, https:\/\/rutesentrerefugis.com\/wp-content\/uploads\/2025\/06\/Siete-Tibet-Inici-1024x683.jpg 1024w, https:\/\/rutesentrerefugis.com\/wp-content\/uploads\/2025\/06\/Siete-Tibet-Inici-768x512.jpg 768w\" sizes=\"(max-width: 1200px) 100vw, 1200px\" \/><\/div><\/a>\n\t\t\t\t<div class=\"elementor-post__avatar\">\n\t\t\t<img alt='Heinrich Harrer' src='https:\/\/rutesentrerefugis.com\/wp-content\/uploads\/2025\/06\/avatar_user_70_1751039475.jpg' srcset='https:\/\/rutesentrerefugis.com\/wp-content\/uploads\/2025\/06\/avatar_user_70_1751039475.jpg 2x' class='avatar avatar-128 photo' height='128' width='128' \/>\t\t<\/div>\n\t\t\t\t<div class=\"elementor-post__text\">\n\t\t\t\t<h3 class=\"elementor-post__title\">\n\t\t\t<a href=\"https:\/\/rutesentrerefugis.com\/index.php\/es\/2025\/06\/27\/siete-anos-en-el-tibet-es\/\" >\n\t\t\t\tSIETE A\u00d1OS EN EL TIBET\t\t\t<\/a>\n\t\t<\/h3>\n\t\t\t\t<\/div>\n\t\t\t\t<div class=\"elementor-post__meta-data\">\n\t\t\t\t\t<span class=\"elementor-post-author\">\n\t\t\tHeinrich Harrer\t\t<\/span>\n\t\t\t\t<span class=\"elementor-post-date\">\n\t\t\t27\/06\/2025\t\t<\/span>\n\t\t\t\t<\/div>\n\t\t\t\t\t<\/div>\n\t\t<\/article>\n\t\t\t\t<article class=\"elementor-post elementor-grid-item post-25933 post type-post status-publish format-standard has-post-thumbnail hentry category-blog-es category-libros tag-15-excursions-a-peu-des-dels-refugis-de-catalunya-es tag-andreu-lloret-es tag-cossetania-edicions-es\" role=\"listitem\">\n\t\t\t<div class=\"elementor-post__card\">\n\t\t\t\t<a class=\"elementor-post__thumbnail__link\" href=\"https:\/\/rutesentrerefugis.com\/index.php\/es\/2025\/04\/22\/15-excursions-a-peu-des-dels-refugis-de-catalunya-es\/\" tabindex=\"-1\" ><div class=\"elementor-post__thumbnail\"><img loading=\"lazy\" decoding=\"async\" width=\"1200\" height=\"800\" src=\"https:\/\/rutesentrerefugis.com\/wp-content\/uploads\/2025\/04\/15-Refugis-Catalunya-Inici.jpg\" class=\"attachment-full size-full wp-image-25872\" alt=\"\" srcset=\"https:\/\/rutesentrerefugis.com\/wp-content\/uploads\/2025\/04\/15-Refugis-Catalunya-Inici.jpg 1200w, https:\/\/rutesentrerefugis.com\/wp-content\/uploads\/2025\/04\/15-Refugis-Catalunya-Inici-300x200.jpg 300w, https:\/\/rutesentrerefugis.com\/wp-content\/uploads\/2025\/04\/15-Refugis-Catalunya-Inici-1024x683.jpg 1024w, https:\/\/rutesentrerefugis.com\/wp-content\/uploads\/2025\/04\/15-Refugis-Catalunya-Inici-768x512.jpg 768w\" sizes=\"(max-width: 1200px) 100vw, 1200px\" \/><\/div><\/a>\n\t\t\t\t<div class=\"elementor-post__avatar\">\n\t\t\t<img alt='Andreu Lloret' src='https:\/\/rutesentrerefugis.com\/wp-content\/uploads\/2025\/04\/avatar_user_68_1745343833.jpg' srcset='https:\/\/rutesentrerefugis.com\/wp-content\/uploads\/2025\/04\/avatar_user_68_1745343833.jpg 2x' class='avatar avatar-128 photo' height='128' width='128' \/>\t\t<\/div>\n\t\t\t\t<div class=\"elementor-post__text\">\n\t\t\t\t<h3 class=\"elementor-post__title\">\n\t\t\t<a href=\"https:\/\/rutesentrerefugis.com\/index.php\/es\/2025\/04\/22\/15-excursions-a-peu-des-dels-refugis-de-catalunya-es\/\" >\n\t\t\t\t15 EXCURSIONS A PEU DES DELS REFUGIS DE CATALUNYA\t\t\t<\/a>\n\t\t<\/h3>\n\t\t\t\t<\/div>\n\t\t\t\t<div class=\"elementor-post__meta-data\">\n\t\t\t\t\t<span class=\"elementor-post-author\">\n\t\t\tAndreu Lloret\t\t<\/span>\n\t\t\t\t<span class=\"elementor-post-date\">\n\t\t\t22\/04\/2025\t\t<\/span>\n\t\t\t\t<\/div>\n\t\t\t\t\t<\/div>\n\t\t<\/article>\n\t\t\t\t<article class=\"elementor-post elementor-grid-item post-25787 post type-post status-publish format-standard has-post-thumbnail hentry category-blog-es category-libros tag-101-refugis-de-muntanya-de-catalunya-es tag-catalunya-es tag-editorial-efados-es tag-laura-maso-ferrerons-es tag-montana-es tag-muntanya-es tag-refugios-es tag-refugios-de-montana-es tag-refugis-es tag-refugis-de-muntanya-es\" role=\"listitem\">\n\t\t\t<div class=\"elementor-post__card\">\n\t\t\t\t<a class=\"elementor-post__thumbnail__link\" href=\"https:\/\/rutesentrerefugis.com\/index.php\/es\/2025\/04\/21\/101-refugis-de-muntanya-de-catalunya-es\/\" tabindex=\"-1\" ><div class=\"elementor-post__thumbnail\"><img loading=\"lazy\" decoding=\"async\" width=\"1200\" height=\"800\" src=\"https:\/\/rutesentrerefugis.com\/wp-content\/uploads\/2025\/04\/101-Refugis-Catalunya-Inici.jpg\" class=\"attachment-full size-full wp-image-25783\" alt=\"\" srcset=\"https:\/\/rutesentrerefugis.com\/wp-content\/uploads\/2025\/04\/101-Refugis-Catalunya-Inici.jpg 1200w, https:\/\/rutesentrerefugis.com\/wp-content\/uploads\/2025\/04\/101-Refugis-Catalunya-Inici-300x200.jpg 300w, https:\/\/rutesentrerefugis.com\/wp-content\/uploads\/2025\/04\/101-Refugis-Catalunya-Inici-1024x683.jpg 1024w, https:\/\/rutesentrerefugis.com\/wp-content\/uploads\/2025\/04\/101-Refugis-Catalunya-Inici-768x512.jpg 768w\" sizes=\"(max-width: 1200px) 100vw, 1200px\" \/><\/div><\/a>\n\t\t\t\t<div class=\"elementor-post__avatar\">\n\t\t\t<img alt='Laura Maso Ferrerons' src='https:\/\/rutesentrerefugis.com\/wp-content\/uploads\/2025\/04\/avatar_user_67_1745226543.jpg' srcset='https:\/\/rutesentrerefugis.com\/wp-content\/uploads\/2025\/04\/avatar_user_67_1745226543.jpg 2x' class='avatar avatar-128 photo' height='128' width='128' \/>\t\t<\/div>\n\t\t\t\t<div class=\"elementor-post__text\">\n\t\t\t\t<h3 class=\"elementor-post__title\">\n\t\t\t<a href=\"https:\/\/rutesentrerefugis.com\/index.php\/es\/2025\/04\/21\/101-refugis-de-muntanya-de-catalunya-es\/\" >\n\t\t\t\t101 REFUGIS DE MUNTANYA DE CATALUNYA\t\t\t<\/a>\n\t\t<\/h3>\n\t\t\t\t<\/div>\n\t\t\t\t<div class=\"elementor-post__meta-data\">\n\t\t\t\t\t<span class=\"elementor-post-author\">\n\t\t\tLaura Maso Ferrerons\t\t<\/span>\n\t\t\t\t<span class=\"elementor-post-date\">\n\t\t\t21\/04\/2025\t\t<\/span>\n\t\t\t\t<\/div>\n\t\t\t\t\t<\/div>\n\t\t<\/article>\n\t\t\t\t<article class=\"elementor-post elementor-grid-item post-25586 post type-post status-publish format-standard has-post-thumbnail hentry category-blog-es category-libros category-libros-del-asteroide-es tag-al-alvarez-es tag-alimentar-a-la-bestia-es tag-dolomitas-es tag-dolomites-es tag-libros-del-asteroide-es tag-mo-anthoine-es\" role=\"listitem\">\n\t\t\t<div class=\"elementor-post__card\">\n\t\t\t\t<a class=\"elementor-post__thumbnail__link\" href=\"https:\/\/rutesentrerefugis.com\/index.php\/es\/2025\/04\/08\/alimentar-a-la-bestia-es\/\" tabindex=\"-1\" ><div class=\"elementor-post__thumbnail\"><img loading=\"lazy\" decoding=\"async\" width=\"1200\" height=\"800\" src=\"https:\/\/rutesentrerefugis.com\/wp-content\/uploads\/2025\/04\/Alimentar-a-la-Bestia-Inici.jpg\" class=\"attachment-full size-full wp-image-25579\" alt=\"\" srcset=\"https:\/\/rutesentrerefugis.com\/wp-content\/uploads\/2025\/04\/Alimentar-a-la-Bestia-Inici.jpg 1200w, https:\/\/rutesentrerefugis.com\/wp-content\/uploads\/2025\/04\/Alimentar-a-la-Bestia-Inici-300x200.jpg 300w, https:\/\/rutesentrerefugis.com\/wp-content\/uploads\/2025\/04\/Alimentar-a-la-Bestia-Inici-1024x683.jpg 1024w, https:\/\/rutesentrerefugis.com\/wp-content\/uploads\/2025\/04\/Alimentar-a-la-Bestia-Inici-768x512.jpg 768w\" sizes=\"(max-width: 1200px) 100vw, 1200px\" \/><\/div><\/a>\n\t\t\t\t<div class=\"elementor-post__avatar\">\n\t\t\t<img alt='Al Alvarez' src='https:\/\/rutesentrerefugis.com\/wp-content\/uploads\/2025\/04\/avatar_user_66_1744134999.jpg' srcset='https:\/\/rutesentrerefugis.com\/wp-content\/uploads\/2025\/04\/avatar_user_66_1744134999.jpg 2x' class='avatar avatar-128 photo' height='128' width='128' \/>\t\t<\/div>\n\t\t\t\t<div class=\"elementor-post__text\">\n\t\t\t\t<h3 class=\"elementor-post__title\">\n\t\t\t<a href=\"https:\/\/rutesentrerefugis.com\/index.php\/es\/2025\/04\/08\/alimentar-a-la-bestia-es\/\" >\n\t\t\t\tALIMENTAR A LA BESTIA\t\t\t<\/a>\n\t\t<\/h3>\n\t\t\t\t<\/div>\n\t\t\t\t<div class=\"elementor-post__meta-data\">\n\t\t\t\t\t<span class=\"elementor-post-author\">\n\t\t\tAl Alvarez\t\t<\/span>\n\t\t\t\t<span class=\"elementor-post-date\">\n\t\t\t08\/04\/2025\t\t<\/span>\n\t\t\t\t<\/div>\n\t\t\t\t\t<\/div>\n\t\t<\/article>\n\t\t\t\t<article class=\"elementor-post elementor-grid-item post-25506 post type-post status-publish format-standard has-post-thumbnail hentry category-blog-es category-libros tag-campobase-es tag-editorial-debate-es tag-el-pais-es tag-montana-es tag-oscar-gogorza-es tag-penguin-random-house\" role=\"listitem\">\n\t\t\t<div class=\"elementor-post__card\">\n\t\t\t\t<a class=\"elementor-post__thumbnail__link\" href=\"https:\/\/rutesentrerefugis.com\/index.php\/es\/2025\/04\/02\/montana-es\/\" tabindex=\"-1\" ><div class=\"elementor-post__thumbnail\"><img loading=\"lazy\" decoding=\"async\" width=\"1200\" height=\"800\" src=\"https:\/\/rutesentrerefugis.com\/wp-content\/uploads\/2025\/03\/Montana-Inici-02.jpg\" class=\"attachment-full size-full wp-image-25501\" alt=\"\" srcset=\"https:\/\/rutesentrerefugis.com\/wp-content\/uploads\/2025\/03\/Montana-Inici-02.jpg 1200w, https:\/\/rutesentrerefugis.com\/wp-content\/uploads\/2025\/03\/Montana-Inici-02-300x200.jpg 300w, https:\/\/rutesentrerefugis.com\/wp-content\/uploads\/2025\/03\/Montana-Inici-02-1024x683.jpg 1024w, https:\/\/rutesentrerefugis.com\/wp-content\/uploads\/2025\/03\/Montana-Inici-02-768x512.jpg 768w\" sizes=\"(max-width: 1200px) 100vw, 1200px\" \/><\/div><\/a>\n\t\t\t\t<div class=\"elementor-post__avatar\">\n\t\t\t<img alt='Oscar Gogorza' src='https:\/\/rutesentrerefugis.com\/wp-content\/uploads\/2025\/03\/avatar_user_64_1743243207.jpg' srcset='https:\/\/rutesentrerefugis.com\/wp-content\/uploads\/2025\/03\/avatar_user_64_1743243207.jpg 2x' class='avatar avatar-128 photo' height='128' width='128' \/>\t\t<\/div>\n\t\t\t\t<div class=\"elementor-post__text\">\n\t\t\t\t<h3 class=\"elementor-post__title\">\n\t\t\t<a href=\"https:\/\/rutesentrerefugis.com\/index.php\/es\/2025\/04\/02\/montana-es\/\" >\n\t\t\t\tMONTA\u00d1A\t\t\t<\/a>\n\t\t<\/h3>\n\t\t\t\t<\/div>\n\t\t\t\t<div class=\"elementor-post__meta-data\">\n\t\t\t\t\t<span class=\"elementor-post-author\">\n\t\t\tOscar Gogorza\t\t<\/span>\n\t\t\t\t<span class=\"elementor-post-date\">\n\t\t\t02\/04\/2025\t\t<\/span>\n\t\t\t\t<\/div>\n\t\t\t\t\t<\/div>\n\t\t<\/article>\n\t\t\t\t<article class=\"elementor-post elementor-grid-item post-25109 post type-post status-publish format-standard has-post-thumbnail hentry category-blog-es category-libros tag-ara-llibres-es tag-ediciones-desnivel-es tag-hay-luz-entre-las-cuerdas-es tag-hi-ha-llum-entre-les-cordes-es tag-silvia-vidal-es\" role=\"listitem\">\n\t\t\t<div class=\"elementor-post__card\">\n\t\t\t\t<a class=\"elementor-post__thumbnail__link\" href=\"https:\/\/rutesentrerefugis.com\/index.php\/es\/2025\/03\/30\/hi-ha-llum-entre-les-cordes-es\/\" tabindex=\"-1\" ><div class=\"elementor-post__thumbnail\"><img loading=\"lazy\" decoding=\"async\" width=\"1200\" height=\"800\" src=\"https:\/\/rutesentrerefugis.com\/wp-content\/uploads\/2025\/03\/Hi-ha-Llum-entre-les-Cordes-Inici.jpg\" class=\"attachment-full size-full wp-image-25524\" alt=\"\" srcset=\"https:\/\/rutesentrerefugis.com\/wp-content\/uploads\/2025\/03\/Hi-ha-Llum-entre-les-Cordes-Inici.jpg 1200w, https:\/\/rutesentrerefugis.com\/wp-content\/uploads\/2025\/03\/Hi-ha-Llum-entre-les-Cordes-Inici-300x200.jpg 300w, https:\/\/rutesentrerefugis.com\/wp-content\/uploads\/2025\/03\/Hi-ha-Llum-entre-les-Cordes-Inici-1024x683.jpg 1024w, https:\/\/rutesentrerefugis.com\/wp-content\/uploads\/2025\/03\/Hi-ha-Llum-entre-les-Cordes-Inici-768x512.jpg 768w\" sizes=\"(max-width: 1200px) 100vw, 1200px\" \/><\/div><\/a>\n\t\t\t\t<div class=\"elementor-post__avatar\">\n\t\t\t<img alt='Silvia Vidal' src='https:\/\/rutesentrerefugis.com\/wp-content\/uploads\/2025\/03\/Silvia-Vidal-Web.jpg' srcset='https:\/\/rutesentrerefugis.com\/wp-content\/uploads\/2025\/03\/Silvia-Vidal-Web.jpg 2x' class='avatar avatar-128 photo' height='128' width='128' \/>\t\t<\/div>\n\t\t\t\t<div class=\"elementor-post__text\">\n\t\t\t\t<h3 class=\"elementor-post__title\">\n\t\t\t<a href=\"https:\/\/rutesentrerefugis.com\/index.php\/es\/2025\/03\/30\/hi-ha-llum-entre-les-cordes-es\/\" >\n\t\t\t\tHI HA LLUM ENTRE LES CORDES\t\t\t<\/a>\n\t\t<\/h3>\n\t\t\t\t<\/div>\n\t\t\t\t<div class=\"elementor-post__meta-data\">\n\t\t\t\t\t<span class=\"elementor-post-author\">\n\t\t\tSilvia Vidal\t\t<\/span>\n\t\t\t\t<span class=\"elementor-post-date\">\n\t\t\t30\/03\/2025\t\t<\/span>\n\t\t\t\t<\/div>\n\t\t\t\t\t<\/div>\n\t\t<\/article>\n\t\t\t\t<article class=\"elementor-post elementor-grid-item post-24957 post type-post status-publish format-standard has-post-thumbnail hentry category-blog-es category-libros category-simbol-editors-es tag-berezina-es tag-desert-del-gobi-es tag-dins-els-boscos-de-siberia-es tag-la-llarga-caminada-es tag-la-senda-del-llop-es tag-mongolia-es tag-siberia-es tag-simbol-editors-es tag-slavomir-rawicz-es tag-sylvain-tesson-es tag-tibet-es tag-virgile-dureuil-es\" role=\"listitem\">\n\t\t\t<div class=\"elementor-post__card\">\n\t\t\t\t<a class=\"elementor-post__thumbnail__link\" href=\"https:\/\/rutesentrerefugis.com\/index.php\/es\/2025\/03\/20\/la-senda-del-llop-es\/\" tabindex=\"-1\" ><div class=\"elementor-post__thumbnail\"><img loading=\"lazy\" decoding=\"async\" width=\"1200\" height=\"800\" src=\"https:\/\/rutesentrerefugis.com\/wp-content\/uploads\/2025\/03\/La-Senda-del-Llop-Inici-02.jpg\" class=\"attachment-full size-full wp-image-24989\" alt=\"\" srcset=\"https:\/\/rutesentrerefugis.com\/wp-content\/uploads\/2025\/03\/La-Senda-del-Llop-Inici-02.jpg 1200w, https:\/\/rutesentrerefugis.com\/wp-content\/uploads\/2025\/03\/La-Senda-del-Llop-Inici-02-300x200.jpg 300w, https:\/\/rutesentrerefugis.com\/wp-content\/uploads\/2025\/03\/La-Senda-del-Llop-Inici-02-1024x683.jpg 1024w, https:\/\/rutesentrerefugis.com\/wp-content\/uploads\/2025\/03\/La-Senda-del-Llop-Inici-02-768x512.jpg 768w\" sizes=\"(max-width: 1200px) 100vw, 1200px\" \/><\/div><\/a>\n\t\t\t\t<div class=\"elementor-post__avatar\">\n\t\t\t<img alt='Sylvain Tesson' src='https:\/\/rutesentrerefugis.com\/wp-content\/uploads\/2025\/03\/avatar_user_63_1742496880.jpg' srcset='https:\/\/rutesentrerefugis.com\/wp-content\/uploads\/2025\/03\/avatar_user_63_1742496880.jpg 2x' class='avatar avatar-128 photo' height='128' width='128' \/>\t\t<\/div>\n\t\t\t\t<div class=\"elementor-post__text\">\n\t\t\t\t<h3 class=\"elementor-post__title\">\n\t\t\t<a href=\"https:\/\/rutesentrerefugis.com\/index.php\/es\/2025\/03\/20\/la-senda-del-llop-es\/\" >\n\t\t\t\tLA SENDA DEL LLOP\t\t\t<\/a>\n\t\t<\/h3>\n\t\t\t\t<\/div>\n\t\t\t\t<div class=\"elementor-post__meta-data\">\n\t\t\t\t\t<span class=\"elementor-post-author\">\n\t\t\tSylvain Tesson\t\t<\/span>\n\t\t\t\t<span class=\"elementor-post-date\">\n\t\t\t20\/03\/2025\t\t<\/span>\n\t\t\t\t<\/div>\n\t\t\t\t\t<\/div>\n\t\t<\/article>\n\t\t\t\t<article class=\"elementor-post elementor-grid-item post-24871 post type-post status-publish format-standard has-post-thumbnail hentry category-blog-es category-jordi-toti-juanola-es category-libros category-simbol-editors-es tag-4-estacions-i-1-ramat-es tag-camprodon-es tag-jordi-toti-juanola-es tag-mas-la-capallera-es tag-rocabruna-es tag-sant-joan-les-fonts-es tag-simbol-editors-es tag-steve-cracknell-es\" role=\"listitem\">\n\t\t\t<div class=\"elementor-post__card\">\n\t\t\t\t<a class=\"elementor-post__thumbnail__link\" href=\"https:\/\/rutesentrerefugis.com\/index.php\/es\/2025\/03\/12\/4-estacions-i-1-ramat-es\/\" tabindex=\"-1\" ><div class=\"elementor-post__thumbnail\"><img loading=\"lazy\" decoding=\"async\" width=\"1200\" height=\"800\" src=\"https:\/\/rutesentrerefugis.com\/wp-content\/uploads\/2025\/03\/4-Estacions-i-1-Ramat-Inici.jpg\" class=\"attachment-full size-full wp-image-24873\" alt=\"\" srcset=\"https:\/\/rutesentrerefugis.com\/wp-content\/uploads\/2025\/03\/4-Estacions-i-1-Ramat-Inici.jpg 1200w, https:\/\/rutesentrerefugis.com\/wp-content\/uploads\/2025\/03\/4-Estacions-i-1-Ramat-Inici-300x200.jpg 300w, https:\/\/rutesentrerefugis.com\/wp-content\/uploads\/2025\/03\/4-Estacions-i-1-Ramat-Inici-1024x683.jpg 1024w, https:\/\/rutesentrerefugis.com\/wp-content\/uploads\/2025\/03\/4-Estacions-i-1-Ramat-Inici-768x512.jpg 768w\" sizes=\"(max-width: 1200px) 100vw, 1200px\" \/><\/div><\/a>\n\t\t\t\t<div class=\"elementor-post__avatar\">\n\t\t\t<img alt='Jordi Toti Juanola' src='https:\/\/rutesentrerefugis.com\/wp-content\/uploads\/2025\/03\/avatar_user_62_1741805641.jpg' srcset='https:\/\/rutesentrerefugis.com\/wp-content\/uploads\/2025\/03\/avatar_user_62_1741805641.jpg 2x' class='avatar avatar-128 photo' height='128' width='128' \/>\t\t<\/div>\n\t\t\t\t<div class=\"elementor-post__text\">\n\t\t\t\t<h3 class=\"elementor-post__title\">\n\t\t\t<a href=\"https:\/\/rutesentrerefugis.com\/index.php\/es\/2025\/03\/12\/4-estacions-i-1-ramat-es\/\" >\n\t\t\t\t4 ESTACIONS i 1 RAMAT\t\t\t<\/a>\n\t\t<\/h3>\n\t\t\t\t<\/div>\n\t\t\t\t<div class=\"elementor-post__meta-data\">\n\t\t\t\t\t<span class=\"elementor-post-author\">\n\t\t\tJordi Toti Juanola\t\t<\/span>\n\t\t\t\t<span class=\"elementor-post-date\">\n\t\t\t12\/03\/2025\t\t<\/span>\n\t\t\t\t<\/div>\n\t\t\t\t\t<\/div>\n\t\t<\/article>\n\t\t\t\t<article class=\"elementor-post elementor-grid-item post-23997 post type-post status-publish format-standard has-post-thumbnail hentry category-blog-es category-josep-jane-vallvey-es category-libros category-tushita-edicions-es tag-armand-ballart-es tag-josep-jane-vallvey-es tag-la-quimera-duna-primera-es tag-tushita-edicions-es\" role=\"listitem\">\n\t\t\t<div class=\"elementor-post__card\">\n\t\t\t\t<a class=\"elementor-post__thumbnail__link\" href=\"https:\/\/rutesentrerefugis.com\/index.php\/es\/2024\/12\/11\/la-quimera-de-una-primera-es\/\" tabindex=\"-1\" ><div class=\"elementor-post__thumbnail\"><img loading=\"lazy\" decoding=\"async\" width=\"1200\" height=\"800\" src=\"https:\/\/rutesentrerefugis.com\/wp-content\/uploads\/2024\/12\/La-Quimera-d-una-Primera-Inici.jpg\" class=\"attachment-full size-full wp-image-23984\" alt=\"\" srcset=\"https:\/\/rutesentrerefugis.com\/wp-content\/uploads\/2024\/12\/La-Quimera-d-una-Primera-Inici.jpg 1200w, https:\/\/rutesentrerefugis.com\/wp-content\/uploads\/2024\/12\/La-Quimera-d-una-Primera-Inici-300x200.jpg 300w, https:\/\/rutesentrerefugis.com\/wp-content\/uploads\/2024\/12\/La-Quimera-d-una-Primera-Inici-1024x683.jpg 1024w, https:\/\/rutesentrerefugis.com\/wp-content\/uploads\/2024\/12\/La-Quimera-d-una-Primera-Inici-768x512.jpg 768w\" sizes=\"(max-width: 1200px) 100vw, 1200px\" \/><\/div><\/a>\n\t\t\t\t<div class=\"elementor-post__avatar\">\n\t\t\t<img alt='Josep Jan\u00e9 Vallvey' src='https:\/\/rutesentrerefugis.com\/wp-content\/uploads\/2024\/12\/avatar_user_61_1733684235.jpg' srcset='https:\/\/rutesentrerefugis.com\/wp-content\/uploads\/2024\/12\/avatar_user_61_1733684235.jpg 2x' class='avatar avatar-128 photo' height='128' width='128' \/>\t\t<\/div>\n\t\t\t\t<div class=\"elementor-post__text\">\n\t\t\t\t<h3 class=\"elementor-post__title\">\n\t\t\t<a href=\"https:\/\/rutesentrerefugis.com\/index.php\/es\/2024\/12\/11\/la-quimera-de-una-primera-es\/\" >\n\t\t\t\tLA QUIMERA DE UNA PRIMERA\t\t\t<\/a>\n\t\t<\/h3>\n\t\t\t\t<\/div>\n\t\t\t\t<div class=\"elementor-post__meta-data\">\n\t\t\t\t\t<span class=\"elementor-post-author\">\n\t\t\tJosep Jan\u00e9 Vallvey\t\t<\/span>\n\t\t\t\t<span class=\"elementor-post-date\">\n\t\t\t11\/12\/2024\t\t<\/span>\n\t\t\t\t<\/div>\n\t\t\t\t\t<\/div>\n\t\t<\/article>\n\t\t\t\t<article class=\"elementor-post elementor-grid-item post-20700 post type-post status-publish format-standard has-post-thumbnail hentry category-blog-es category-libros category-simbol-editors-es tag-4-abracades-i-1-tros-de-paper-es tag-cronicas-ca-es tag-croniques-ca-es tag-huesca-es tag-laia-bonals-ruiz-es tag-operacio-rescat-a-la-cova-desjamundo-es tag-pau-capella-es tag-simbol-editors-es tag-villanua-es\" role=\"listitem\">\n\t\t\t<div class=\"elementor-post__card\">\n\t\t\t\t<a class=\"elementor-post__thumbnail__link\" href=\"https:\/\/rutesentrerefugis.com\/index.php\/es\/2024\/04\/17\/4-abracades-i-1-tros-de-paper-es\/\" tabindex=\"-1\" ><div class=\"elementor-post__thumbnail\"><img loading=\"lazy\" decoding=\"async\" width=\"1200\" height=\"800\" src=\"https:\/\/rutesentrerefugis.com\/wp-content\/uploads\/2024\/04\/4-Abracades-i-1-Tros-de-Paper-Inici.jpg\" class=\"attachment-full size-full wp-image-20617\" alt=\"\" srcset=\"https:\/\/rutesentrerefugis.com\/wp-content\/uploads\/2024\/04\/4-Abracades-i-1-Tros-de-Paper-Inici.jpg 1200w, https:\/\/rutesentrerefugis.com\/wp-content\/uploads\/2024\/04\/4-Abracades-i-1-Tros-de-Paper-Inici-300x200.jpg 300w, https:\/\/rutesentrerefugis.com\/wp-content\/uploads\/2024\/04\/4-Abracades-i-1-Tros-de-Paper-Inici-1024x683.jpg 1024w, https:\/\/rutesentrerefugis.com\/wp-content\/uploads\/2024\/04\/4-Abracades-i-1-Tros-de-Paper-Inici-768x512.jpg 768w\" sizes=\"(max-width: 1200px) 100vw, 1200px\" \/><\/div><\/a>\n\t\t\t\t<div class=\"elementor-post__avatar\">\n\t\t\t<img alt='Laia Bonals Ruiz' src='https:\/\/rutesentrerefugis.com\/wp-content\/uploads\/2024\/04\/Laia-Bonals-Ruiz-Pagina-02.jpg' srcset='https:\/\/rutesentrerefugis.com\/wp-content\/uploads\/2024\/04\/Laia-Bonals-Ruiz-Pagina-02.jpg 2x' class='avatar avatar-128 photo' height='128' width='128' \/>\t\t<\/div>\n\t\t\t\t<div class=\"elementor-post__text\">\n\t\t\t\t<h3 class=\"elementor-post__title\">\n\t\t\t<a href=\"https:\/\/rutesentrerefugis.com\/index.php\/es\/2024\/04\/17\/4-abracades-i-1-tros-de-paper-es\/\" >\n\t\t\t\t4 ABRA\u00c7ADES i 1 TROS DE PAPER\t\t\t<\/a>\n\t\t<\/h3>\n\t\t\t\t<\/div>\n\t\t\t\t<div class=\"elementor-post__meta-data\">\n\t\t\t\t\t<span class=\"elementor-post-author\">\n\t\t\tLaia Bonals Ruiz\t\t<\/span>\n\t\t\t\t<span class=\"elementor-post-date\">\n\t\t\t17\/04\/2024\t\t<\/span>\n\t\t\t\t<\/div>\n\t\t\t\t\t<\/div>\n\t\t<\/article>\n\t\t\t\t<article class=\"elementor-post elementor-grid-item post-19916 post type-post status-publish format-standard has-post-thumbnail hentry category-blog-es category-enric-soler-es-es category-libros category-tushita-edicions-es tag-domenech-i-montaner-es tag-enric-soler-i-raspall-es tag-marededeu-quin-viatge-es tag-tushita-edicions-es\" role=\"listitem\">\n\t\t\t<div class=\"elementor-post__card\">\n\t\t\t\t<a class=\"elementor-post__thumbnail__link\" href=\"https:\/\/rutesentrerefugis.com\/index.php\/es\/2024\/01\/16\/marededeu-quin-viatge-es\/\" tabindex=\"-1\" ><div class=\"elementor-post__thumbnail\"><img loading=\"lazy\" decoding=\"async\" width=\"1200\" height=\"800\" src=\"https:\/\/rutesentrerefugis.com\/wp-content\/uploads\/2024\/01\/Marededeu-Quin-Viatge-Inici.jpg\" class=\"attachment-full size-full wp-image-19813\" alt=\"\" srcset=\"https:\/\/rutesentrerefugis.com\/wp-content\/uploads\/2024\/01\/Marededeu-Quin-Viatge-Inici.jpg 1200w, https:\/\/rutesentrerefugis.com\/wp-content\/uploads\/2024\/01\/Marededeu-Quin-Viatge-Inici-300x200.jpg 300w, https:\/\/rutesentrerefugis.com\/wp-content\/uploads\/2024\/01\/Marededeu-Quin-Viatge-Inici-1024x683.jpg 1024w, https:\/\/rutesentrerefugis.com\/wp-content\/uploads\/2024\/01\/Marededeu-Quin-Viatge-Inici-768x512.jpg 768w\" sizes=\"(max-width: 1200px) 100vw, 1200px\" \/><\/div><\/a>\n\t\t\t\t<div class=\"elementor-post__avatar\">\n\t\t\t<img alt='Enric Soler i Raspall' src='https:\/\/rutesentrerefugis.com\/wp-content\/uploads\/2023\/05\/avatar_user_18_1683353182.jpg' srcset='https:\/\/rutesentrerefugis.com\/wp-content\/uploads\/2023\/05\/avatar_user_18_1683353182.jpg 2x' class='avatar avatar-128 photo' height='128' width='128' \/>\t\t<\/div>\n\t\t\t\t<div class=\"elementor-post__text\">\n\t\t\t\t<h3 class=\"elementor-post__title\">\n\t\t\t<a href=\"https:\/\/rutesentrerefugis.com\/index.php\/es\/2024\/01\/16\/marededeu-quin-viatge-es\/\" >\n\t\t\t\tMAREDED\u00c9U, QUIN VIATGE!\t\t\t<\/a>\n\t\t<\/h3>\n\t\t\t\t<\/div>\n\t\t\t\t<div class=\"elementor-post__meta-data\">\n\t\t\t\t\t<span class=\"elementor-post-author\">\n\t\t\tEnric Soler i Raspall\t\t<\/span>\n\t\t\t\t<span class=\"elementor-post-date\">\n\t\t\t16\/01\/2024\t\t<\/span>\n\t\t\t\t<\/div>\n\t\t\t\t\t<\/div>\n\t\t<\/article>\n\t\t\t\t<article class=\"elementor-post elementor-grid-item post-18799 post type-post status-publish format-standard has-post-thumbnail hentry category-blog-es category-libros category-simbol-editors-es tag-6-pams-sota-la-neu-i-1-rescat-es tag-bjorn-asle-nord-es tag-la-lluita-per-sobreviure-a-una-allau tag-noruega-es tag-nuria-picas-es tag-simbol-editors-es\" role=\"listitem\">\n\t\t\t<div class=\"elementor-post__card\">\n\t\t\t\t<a class=\"elementor-post__thumbnail__link\" href=\"https:\/\/rutesentrerefugis.com\/index.php\/es\/2023\/08\/04\/6-pams-sota-la-neu-i-1-rescat-es\/\" tabindex=\"-1\" ><div class=\"elementor-post__thumbnail\"><img loading=\"lazy\" decoding=\"async\" width=\"1200\" height=\"800\" src=\"https:\/\/rutesentrerefugis.com\/wp-content\/uploads\/2023\/08\/6-Pams-Inici.jpg\" class=\"attachment-full size-full wp-image-18801\" alt=\"\" srcset=\"https:\/\/rutesentrerefugis.com\/wp-content\/uploads\/2023\/08\/6-Pams-Inici.jpg 1200w, https:\/\/rutesentrerefugis.com\/wp-content\/uploads\/2023\/08\/6-Pams-Inici-300x200.jpg 300w, https:\/\/rutesentrerefugis.com\/wp-content\/uploads\/2023\/08\/6-Pams-Inici-1024x683.jpg 1024w, https:\/\/rutesentrerefugis.com\/wp-content\/uploads\/2023\/08\/6-Pams-Inici-768x512.jpg 768w\" sizes=\"(max-width: 1200px) 100vw, 1200px\" \/><\/div><\/a>\n\t\t\t\t<div class=\"elementor-post__avatar\">\n\t\t\t<img alt='Bjorn Adsle Nord' src='https:\/\/rutesentrerefugis.com\/wp-content\/uploads\/2023\/08\/avatar_user_59_1691137812.jpg' srcset='https:\/\/rutesentrerefugis.com\/wp-content\/uploads\/2023\/08\/avatar_user_59_1691137812.jpg 2x' class='avatar avatar-128 photo' height='128' width='128' \/>\t\t<\/div>\n\t\t\t\t<div class=\"elementor-post__text\">\n\t\t\t\t<h3 class=\"elementor-post__title\">\n\t\t\t<a href=\"https:\/\/rutesentrerefugis.com\/index.php\/es\/2023\/08\/04\/6-pams-sota-la-neu-i-1-rescat-es\/\" >\n\t\t\t\t6 PAMS SOTA LA NEU i 1 RESCAT\t\t\t<\/a>\n\t\t<\/h3>\n\t\t\t\t<\/div>\n\t\t\t\t<div class=\"elementor-post__meta-data\">\n\t\t\t\t\t<span class=\"elementor-post-author\">\n\t\t\tBjorn Adsle Nord\t\t<\/span>\n\t\t\t\t<span class=\"elementor-post-date\">\n\t\t\t04\/08\/2023\t\t<\/span>\n\t\t\t\t<\/div>\n\t\t\t\t\t<\/div>\n\t\t<\/article>\n\t\t\t\t<article class=\"elementor-post elementor-grid-item post-18615 post type-post status-publish format-standard has-post-thumbnail hentry category-blog-es category-kris-ubach-es category-libros tag-brecha-de-roland-es tag-cauterets-es tag-duquesa-de-berry-es tag-ediciones-peninsula-es tag-juliette-drouet-es tag-kris-ubach-es tag-mas-alla-de-las-montanas-es tag-parque-nacional-de-ordesa-y-monte-perdido-es tag-pirineos-es tag-pirineus-es\" role=\"listitem\">\n\t\t\t<div class=\"elementor-post__card\">\n\t\t\t\t<a class=\"elementor-post__thumbnail__link\" href=\"https:\/\/rutesentrerefugis.com\/index.php\/es\/2023\/07\/11\/pirineos-mas-alla-de-las-montanas-es\/\" tabindex=\"-1\" ><div class=\"elementor-post__thumbnail\"><img loading=\"lazy\" decoding=\"async\" width=\"1200\" height=\"800\" src=\"https:\/\/rutesentrerefugis.com\/wp-content\/uploads\/2023\/07\/Pirineos-Inici.jpg\" class=\"attachment-full size-full wp-image-18588\" alt=\"\" srcset=\"https:\/\/rutesentrerefugis.com\/wp-content\/uploads\/2023\/07\/Pirineos-Inici.jpg 1200w, https:\/\/rutesentrerefugis.com\/wp-content\/uploads\/2023\/07\/Pirineos-Inici-300x200.jpg 300w, https:\/\/rutesentrerefugis.com\/wp-content\/uploads\/2023\/07\/Pirineos-Inici-1024x683.jpg 1024w, https:\/\/rutesentrerefugis.com\/wp-content\/uploads\/2023\/07\/Pirineos-Inici-768x512.jpg 768w\" sizes=\"(max-width: 1200px) 100vw, 1200px\" \/><\/div><\/a>\n\t\t\t\t<div class=\"elementor-post__avatar\">\n\t\t\t<img alt='Kris Ubach' src='https:\/\/rutesentrerefugis.com\/wp-content\/uploads\/2023\/07\/avatar_user_58_1689060055.jpg' srcset='https:\/\/rutesentrerefugis.com\/wp-content\/uploads\/2023\/07\/avatar_user_58_1689060055.jpg 2x' class='avatar avatar-128 photo' height='128' width='128' \/>\t\t<\/div>\n\t\t\t\t<div class=\"elementor-post__text\">\n\t\t\t\t<h3 class=\"elementor-post__title\">\n\t\t\t<a href=\"https:\/\/rutesentrerefugis.com\/index.php\/es\/2023\/07\/11\/pirineos-mas-alla-de-las-montanas-es\/\" >\n\t\t\t\tPIRINEOS<\/br>M\u00c1S ALL\u00c1 DE LAS MONTA\u00d1AS\t\t\t<\/a>\n\t\t<\/h3>\n\t\t\t\t<\/div>\n\t\t\t\t<div class=\"elementor-post__meta-data\">\n\t\t\t\t\t<span class=\"elementor-post-author\">\n\t\t\tKris Ubach\t\t<\/span>\n\t\t\t\t<span class=\"elementor-post-date\">\n\t\t\t11\/07\/2023\t\t<\/span>\n\t\t\t\t<\/div>\n\t\t\t\t\t<\/div>\n\t\t<\/article>\n\t\t\t\t<article class=\"elementor-post elementor-grid-item post-18462 post type-post status-publish format-standard has-post-thumbnail hentry category-blog-es category-libros category-oscar-farrerons-vidal-es-es tag-editorial-gavarres tag-el-caliu-de-la-memoria tag-histories-del-montseny tag-oscar-farrerons-vidal-es\" role=\"listitem\">\n\t\t\t<div class=\"elementor-post__card\">\n\t\t\t\t<a class=\"elementor-post__thumbnail__link\" href=\"https:\/\/rutesentrerefugis.com\/index.php\/es\/2023\/07\/09\/las-brujas-de-viladrau\/\" tabindex=\"-1\" ><div class=\"elementor-post__thumbnail\"><img loading=\"lazy\" decoding=\"async\" width=\"1200\" height=\"800\" src=\"https:\/\/rutesentrerefugis.com\/wp-content\/uploads\/2023\/07\/Bruixes-Viladrau-Inici.jpg\" class=\"attachment-full size-full wp-image-18457\" alt=\"\" srcset=\"https:\/\/rutesentrerefugis.com\/wp-content\/uploads\/2023\/07\/Bruixes-Viladrau-Inici.jpg 1200w, https:\/\/rutesentrerefugis.com\/wp-content\/uploads\/2023\/07\/Bruixes-Viladrau-Inici-300x200.jpg 300w, https:\/\/rutesentrerefugis.com\/wp-content\/uploads\/2023\/07\/Bruixes-Viladrau-Inici-1024x683.jpg 1024w, https:\/\/rutesentrerefugis.com\/wp-content\/uploads\/2023\/07\/Bruixes-Viladrau-Inici-768x512.jpg 768w\" sizes=\"(max-width: 1200px) 100vw, 1200px\" \/><\/div><\/a>\n\t\t\t\t<div class=\"elementor-post__avatar\">\n\t\t\t<img alt='Rutes Entre Refugis' src='https:\/\/rutesentrerefugis.com\/wp-content\/uploads\/2023\/05\/avatar_user_2_1683354561-128x128.jpg' srcset='https:\/\/rutesentrerefugis.com\/wp-content\/uploads\/2023\/05\/avatar_user_2_1683354561-256x256.jpg 2x' class='avatar avatar-128 photo' height='128' width='128' \/>\t\t<\/div>\n\t\t\t\t<div class=\"elementor-post__text\">\n\t\t\t\t<h3 class=\"elementor-post__title\">\n\t\t\t<a href=\"https:\/\/rutesentrerefugis.com\/index.php\/es\/2023\/07\/09\/las-brujas-de-viladrau\/\" >\n\t\t\t\tLAS BRUJAS DE VILADRAU\t\t\t<\/a>\n\t\t<\/h3>\n\t\t\t\t<\/div>\n\t\t\t\t<div class=\"elementor-post__meta-data\">\n\t\t\t\t\t<span class=\"elementor-post-author\">\n\t\t\tRutes Entre Refugis\t\t<\/span>\n\t\t\t\t<span class=\"elementor-post-date\">\n\t\t\t09\/07\/2023\t\t<\/span>\n\t\t\t\t<\/div>\n\t\t\t\t\t<\/div>\n\t\t<\/article>\n\t\t\t\t<article class=\"elementor-post elementor-grid-item post-18060 post type-post status-publish format-standard has-post-thumbnail hentry category-blog-es category-libros tag-albert-padrol-es tag-cho-oyu-es tag-everest-es tag-himalaia-es tag-himalaya-es tag-jaume-balanya-es tag-kala-pattar-es tag-kali-gandaki-es tag-katmandu-es tag-khumbu-es tag-nepal-1982-es tag-thamel-es\" role=\"listitem\">\n\t\t\t<div class=\"elementor-post__card\">\n\t\t\t\t<a class=\"elementor-post__thumbnail__link\" href=\"https:\/\/rutesentrerefugis.com\/index.php\/es\/2023\/06\/21\/nepal-1982-es\/\" tabindex=\"-1\" ><div class=\"elementor-post__thumbnail\"><img loading=\"lazy\" decoding=\"async\" width=\"1200\" height=\"800\" src=\"https:\/\/rutesentrerefugis.com\/wp-content\/uploads\/2023\/06\/Nepal-1982-Inici.jpg\" class=\"attachment-full size-full wp-image-17991\" alt=\"\" srcset=\"https:\/\/rutesentrerefugis.com\/wp-content\/uploads\/2023\/06\/Nepal-1982-Inici.jpg 1200w, https:\/\/rutesentrerefugis.com\/wp-content\/uploads\/2023\/06\/Nepal-1982-Inici-300x200.jpg 300w, https:\/\/rutesentrerefugis.com\/wp-content\/uploads\/2023\/06\/Nepal-1982-Inici-1024x683.jpg 1024w, https:\/\/rutesentrerefugis.com\/wp-content\/uploads\/2023\/06\/Nepal-1982-Inici-768x512.jpg 768w\" sizes=\"(max-width: 1200px) 100vw, 1200px\" \/><\/div><\/a>\n\t\t\t\t<div class=\"elementor-post__avatar\">\n\t\t\t<img alt='Albert Padrol' src='https:\/\/rutesentrerefugis.com\/wp-content\/uploads\/2023\/06\/avatar_user_56_1687329424.jpg' srcset='https:\/\/rutesentrerefugis.com\/wp-content\/uploads\/2023\/06\/avatar_user_56_1687329424.jpg 2x' class='avatar avatar-128 photo' height='128' width='128' \/>\t\t<\/div>\n\t\t\t\t<div class=\"elementor-post__text\">\n\t\t\t\t<h3 class=\"elementor-post__title\">\n\t\t\t<a href=\"https:\/\/rutesentrerefugis.com\/index.php\/es\/2023\/06\/21\/nepal-1982-es\/\" >\n\t\t\t\tNEPAL 1982\t\t\t<\/a>\n\t\t<\/h3>\n\t\t\t\t<\/div>\n\t\t\t\t<div class=\"elementor-post__meta-data\">\n\t\t\t\t\t<span class=\"elementor-post-author\">\n\t\t\tAlbert Padrol\t\t<\/span>\n\t\t\t\t<span class=\"elementor-post-date\">\n\t\t\t21\/06\/2023\t\t<\/span>\n\t\t\t\t<\/div>\n\t\t\t\t\t<\/div>\n\t\t<\/article>\n\t\t\t\t<\/div>\n\t\t\t\t\t<span class=\"e-load-more-spinner\">\n\t\t\t\t<i aria-hidden=\"true\" class=\"fas fa-spinner\"><\/i>\t\t\t<\/span>\n\t\t\n\t\t\t\t<div class=\"e-load-more-anchor\" data-page=\"1\" data-max-page=\"2\" data-next-page=\"https:\/\/rutesentrerefugis.com\/index.php\/wp-json\/wp\/v2\/pages\/23141\/page\/2\/\"><\/div>\n\t\t\t\t<div class=\"elementor-button-wrapper\">\n\t\t\t<a class=\"elementor-button elementor-size-sm\" role=\"button\">\n\t\t\t\t\t\t<span class=\"elementor-button-content-wrapper\">\n\t\t\t\t\t\t\t<span class=\"elementor-button-icon\">\n\t\t\t\t<i aria-hidden=\"true\" class=\"far fa-plus-square\"><\/i>\t\t\t<\/span>\n\t\t\t\t\t\t\t\t\t<span class=\"elementor-button-text\">Veure<\/span>\n\t\t\t\t\t<\/span>\n\t\t\t\t\t<\/a>\n\t\t<\/div>\n\t\t\t\t<div class=\"e-load-more-message\"><\/div>\n\t\t\t\t\t\t<\/div>\n\t\t\t\t<\/div>\n\t\t\t\t\t<\/div>\n\t\t<\/div>\n\t\t\t\t\t<\/div>\n\t\t<\/section>\n\t\t\t\t<section class=\"elementor-section elementor-top-section elementor-element elementor-element-11f3cab elementor-section-full_width elementor-section-height-default elementor-section-height-default\" data-id=\"11f3cab\" data-element_type=\"section\" data-e-type=\"section\">\n\t\t\t\t\t\t<div class=\"elementor-container elementor-column-gap-default\">\n\t\t\t\t\t<div class=\"elementor-column elementor-col-100 elementor-top-column elementor-element elementor-element-801fd86\" data-id=\"801fd86\" data-element_type=\"column\" data-e-type=\"column\">\n\t\t\t<div class=\"elementor-widget-wrap elementor-element-populated\">\n\t\t\t\t\t\t<div class=\"elementor-element elementor-element-d177d55 elementor-widget elementor-widget-spacer\" data-id=\"d177d55\" data-element_type=\"widget\" data-e-type=\"widget\" data-widget_type=\"spacer.default\">\n\t\t\t\t<div class=\"elementor-widget-container\">\n\t\t\t\t\t\t\t<div class=\"elementor-spacer\">\n\t\t\t<div class=\"elementor-spacer-inner\"><\/div>\n\t\t<\/div>\n\t\t\t\t\t\t<\/div>\n\t\t\t\t<\/div>\n\t\t\t\t\t<\/div>\n\t\t<\/div>\n\t\t\t\t\t<\/div>\n\t\t<\/section>\n\t\t\t\t<\/div>\n\t\t","protected":false},"excerpt":{"rendered":"<p>\u00b7 HABLAMOS DE LIBROS \u00b7<\/p>\n","protected":false},"author":2,"featured_media":0,"parent":0,"menu_order":0,"comment_status":"closed","ping_status":"closed","template":"elementor_header_footer","meta":{"_monsterinsights_skip_tracking":false,"_monsterinsights_sitenote_active":false,"_monsterinsights_sitenote_note":"","_monsterinsights_sitenote_category":0,"footnotes":""},"class_list":["post-23141","page","type-page","status-publish","hentry"],"yoast_head":"<!-- This site is optimized with the Yoast SEO plugin v27.5 - https:\/\/yoast.com\/product\/yoast-seo-wordpress\/ -->\n<title>HABLAMOS DE LIBROS - Rutes Entre Refugis<\/title>\n<meta name=\"robots\" content=\"index, follow, max-snippet:-1, max-image-preview:large, max-video-preview:-1\" \/>\n<link rel=\"canonical\" href=\"https:\/\/rutesentrerefugis.com\/index.php\/es\/hablamos-de-libros\/\" \/>\n<meta property=\"og:locale\" content=\"es_ES\" \/>\n<meta property=\"og:type\" content=\"article\" \/>\n<meta property=\"og:title\" content=\"HABLAMOS DE LIBROS - Rutes Entre Refugis\" \/>\n<meta property=\"og:description\" content=\"\u00b7 HABLAMOS DE LIBROS \u00b7\" \/>\n<meta property=\"og:url\" content=\"https:\/\/rutesentrerefugis.com\/index.php\/es\/hablamos-de-libros\/\" \/>\n<meta property=\"og:site_name\" content=\"Rutes Entre Refugis\" \/>\n<meta property=\"article:modified_time\" content=\"2024-10-01T17:26:38+00:00\" \/>\n<meta property=\"og:image\" content=\"https:\/\/rutesentrerefugis.com\/wp-content\/uploads\/2024\/10\/Parlem-de-Llibres-Cap.jpg\" \/>\n<meta name=\"twitter:card\" content=\"summary_large_image\" \/>\n<meta name=\"twitter:label1\" content=\"Tiempo de lectura\" \/>\n\t<meta name=\"twitter:data1\" content=\"1 minuto\" \/>\n<script type=\"application\/ld+json\" class=\"yoast-schema-graph\">{\"@context\":\"https:\\\/\\\/schema.org\",\"@graph\":[{\"@type\":\"WebPage\",\"@id\":\"https:\\\/\\\/rutesentrerefugis.com\\\/index.php\\\/es\\\/hablamos-de-libros\\\/\",\"url\":\"https:\\\/\\\/rutesentrerefugis.com\\\/index.php\\\/es\\\/hablamos-de-libros\\\/\",\"name\":\"HABLAMOS DE LIBROS - Rutes Entre Refugis\",\"isPartOf\":{\"@id\":\"https:\\\/\\\/rutesentrerefugis.com\\\/#website\"},\"primaryImageOfPage\":{\"@id\":\"https:\\\/\\\/rutesentrerefugis.com\\\/index.php\\\/es\\\/hablamos-de-libros\\\/#primaryimage\"},\"image\":{\"@id\":\"https:\\\/\\\/rutesentrerefugis.com\\\/index.php\\\/es\\\/hablamos-de-libros\\\/#primaryimage\"},\"thumbnailUrl\":\"https:\\\/\\\/rutesentrerefugis.com\\\/wp-content\\\/uploads\\\/2024\\\/10\\\/Parlem-de-Llibres-Cap.jpg\",\"datePublished\":\"2024-10-01T17:24:05+00:00\",\"dateModified\":\"2024-10-01T17:26:38+00:00\",\"breadcrumb\":{\"@id\":\"https:\\\/\\\/rutesentrerefugis.com\\\/index.php\\\/es\\\/hablamos-de-libros\\\/#breadcrumb\"},\"inLanguage\":\"es\",\"potentialAction\":[{\"@type\":\"ReadAction\",\"target\":[\"https:\\\/\\\/rutesentrerefugis.com\\\/index.php\\\/es\\\/hablamos-de-libros\\\/\"]}]},{\"@type\":\"ImageObject\",\"inLanguage\":\"es\",\"@id\":\"https:\\\/\\\/rutesentrerefugis.com\\\/index.php\\\/es\\\/hablamos-de-libros\\\/#primaryimage\",\"url\":\"https:\\\/\\\/rutesentrerefugis.com\\\/wp-content\\\/uploads\\\/2024\\\/10\\\/Parlem-de-Llibres-Cap.jpg\",\"contentUrl\":\"https:\\\/\\\/rutesentrerefugis.com\\\/wp-content\\\/uploads\\\/2024\\\/10\\\/Parlem-de-Llibres-Cap.jpg\",\"width\":2000,\"height\":450},{\"@type\":\"BreadcrumbList\",\"@id\":\"https:\\\/\\\/rutesentrerefugis.com\\\/index.php\\\/es\\\/hablamos-de-libros\\\/#breadcrumb\",\"itemListElement\":[{\"@type\":\"ListItem\",\"position\":1,\"name\":\"Inici\",\"item\":\"https:\\\/\\\/rutesentrerefugis.com\\\/\"},{\"@type\":\"ListItem\",\"position\":2,\"name\":\"HABLAMOS DE LIBROS\"}]},{\"@type\":\"WebSite\",\"@id\":\"https:\\\/\\\/rutesentrerefugis.com\\\/#website\",\"url\":\"https:\\\/\\\/rutesentrerefugis.com\\\/\",\"name\":\"Rutes Entre Refugis\",\"description\":\"Caminant sota un nom\",\"publisher\":{\"@id\":\"https:\\\/\\\/rutesentrerefugis.com\\\/#organization\"},\"potentialAction\":[{\"@type\":\"SearchAction\",\"target\":{\"@type\":\"EntryPoint\",\"urlTemplate\":\"https:\\\/\\\/rutesentrerefugis.com\\\/?s={search_term_string}\"},\"query-input\":{\"@type\":\"PropertyValueSpecification\",\"valueRequired\":true,\"valueName\":\"search_term_string\"}}],\"inLanguage\":\"es\"},{\"@type\":\"Organization\",\"@id\":\"https:\\\/\\\/rutesentrerefugis.com\\\/#organization\",\"name\":\"Rutes Entre Refugis\",\"url\":\"https:\\\/\\\/rutesentrerefugis.com\\\/\",\"logo\":{\"@type\":\"ImageObject\",\"inLanguage\":\"es\",\"@id\":\"https:\\\/\\\/rutesentrerefugis.com\\\/#\\\/schema\\\/logo\\\/image\\\/\",\"url\":\"https:\\\/\\\/rutesentrerefugis.com\\\/wp-content\\\/uploads\\\/2022\\\/08\\\/RutesEntreRefugis-Blanc-Retina-1.png\",\"contentUrl\":\"https:\\\/\\\/rutesentrerefugis.com\\\/wp-content\\\/uploads\\\/2022\\\/08\\\/RutesEntreRefugis-Blanc-Retina-1.png\",\"width\":400,\"height\":400,\"caption\":\"Rutes Entre Refugis\"},\"image\":{\"@id\":\"https:\\\/\\\/rutesentrerefugis.com\\\/#\\\/schema\\\/logo\\\/image\\\/\"}}]}<\/script>\n<!-- \/ Yoast SEO plugin. -->","yoast_head_json":{"title":"HABLAMOS DE LIBROS - Rutes Entre Refugis","robots":{"index":"index","follow":"follow","max-snippet":"max-snippet:-1","max-image-preview":"max-image-preview:large","max-video-preview":"max-video-preview:-1"},"canonical":"https:\/\/rutesentrerefugis.com\/index.php\/es\/hablamos-de-libros\/","og_locale":"es_ES","og_type":"article","og_title":"HABLAMOS DE LIBROS - Rutes Entre Refugis","og_description":"\u00b7 HABLAMOS DE LIBROS \u00b7","og_url":"https:\/\/rutesentrerefugis.com\/index.php\/es\/hablamos-de-libros\/","og_site_name":"Rutes Entre Refugis","article_modified_time":"2024-10-01T17:26:38+00:00","og_image":[{"url":"https:\/\/rutesentrerefugis.com\/wp-content\/uploads\/2024\/10\/Parlem-de-Llibres-Cap.jpg","type":"","width":"","height":""}],"twitter_card":"summary_large_image","twitter_misc":{"Tiempo de lectura":"1 minuto"},"schema":{"@context":"https:\/\/schema.org","@graph":[{"@type":"WebPage","@id":"https:\/\/rutesentrerefugis.com\/index.php\/es\/hablamos-de-libros\/","url":"https:\/\/rutesentrerefugis.com\/index.php\/es\/hablamos-de-libros\/","name":"HABLAMOS DE LIBROS - Rutes Entre Refugis","isPartOf":{"@id":"https:\/\/rutesentrerefugis.com\/#website"},"primaryImageOfPage":{"@id":"https:\/\/rutesentrerefugis.com\/index.php\/es\/hablamos-de-libros\/#primaryimage"},"image":{"@id":"https:\/\/rutesentrerefugis.com\/index.php\/es\/hablamos-de-libros\/#primaryimage"},"thumbnailUrl":"https:\/\/rutesentrerefugis.com\/wp-content\/uploads\/2024\/10\/Parlem-de-Llibres-Cap.jpg","datePublished":"2024-10-01T17:24:05+00:00","dateModified":"2024-10-01T17:26:38+00:00","breadcrumb":{"@id":"https:\/\/rutesentrerefugis.com\/index.php\/es\/hablamos-de-libros\/#breadcrumb"},"inLanguage":"es","potentialAction":[{"@type":"ReadAction","target":["https:\/\/rutesentrerefugis.com\/index.php\/es\/hablamos-de-libros\/"]}]},{"@type":"ImageObject","inLanguage":"es","@id":"https:\/\/rutesentrerefugis.com\/index.php\/es\/hablamos-de-libros\/#primaryimage","url":"https:\/\/rutesentrerefugis.com\/wp-content\/uploads\/2024\/10\/Parlem-de-Llibres-Cap.jpg","contentUrl":"https:\/\/rutesentrerefugis.com\/wp-content\/uploads\/2024\/10\/Parlem-de-Llibres-Cap.jpg","width":2000,"height":450},{"@type":"BreadcrumbList","@id":"https:\/\/rutesentrerefugis.com\/index.php\/es\/hablamos-de-libros\/#breadcrumb","itemListElement":[{"@type":"ListItem","position":1,"name":"Inici","item":"https:\/\/rutesentrerefugis.com\/"},{"@type":"ListItem","position":2,"name":"HABLAMOS DE LIBROS"}]},{"@type":"WebSite","@id":"https:\/\/rutesentrerefugis.com\/#website","url":"https:\/\/rutesentrerefugis.com\/","name":"Rutes Entre Refugis","description":"Caminant sota un nom","publisher":{"@id":"https:\/\/rutesentrerefugis.com\/#organization"},"potentialAction":[{"@type":"SearchAction","target":{"@type":"EntryPoint","urlTemplate":"https:\/\/rutesentrerefugis.com\/?s={search_term_string}"},"query-input":{"@type":"PropertyValueSpecification","valueRequired":true,"valueName":"search_term_string"}}],"inLanguage":"es"},{"@type":"Organization","@id":"https:\/\/rutesentrerefugis.com\/#organization","name":"Rutes Entre Refugis","url":"https:\/\/rutesentrerefugis.com\/","logo":{"@type":"ImageObject","inLanguage":"es","@id":"https:\/\/rutesentrerefugis.com\/#\/schema\/logo\/image\/","url":"https:\/\/rutesentrerefugis.com\/wp-content\/uploads\/2022\/08\/RutesEntreRefugis-Blanc-Retina-1.png","contentUrl":"https:\/\/rutesentrerefugis.com\/wp-content\/uploads\/2022\/08\/RutesEntreRefugis-Blanc-Retina-1.png","width":400,"height":400,"caption":"Rutes Entre Refugis"},"image":{"@id":"https:\/\/rutesentrerefugis.com\/#\/schema\/logo\/image\/"}}]}},"_links":{"self":[{"href":"https:\/\/rutesentrerefugis.com\/index.php\/wp-json\/wp\/v2\/pages\/23141","targetHints":{"allow":["GET"]}}],"collection":[{"href":"https:\/\/rutesentrerefugis.com\/index.php\/wp-json\/wp\/v2\/pages"}],"about":[{"href":"https:\/\/rutesentrerefugis.com\/index.php\/wp-json\/wp\/v2\/types\/page"}],"author":[{"embeddable":true,"href":"https:\/\/rutesentrerefugis.com\/index.php\/wp-json\/wp\/v2\/users\/2"}],"replies":[{"embeddable":true,"href":"https:\/\/rutesentrerefugis.com\/index.php\/wp-json\/wp\/v2\/comments?post=23141"}],"version-history":[{"count":8,"href":"https:\/\/rutesentrerefugis.com\/index.php\/wp-json\/wp\/v2\/pages\/23141\/revisions"}],"predecessor-version":[{"id":23149,"href":"https:\/\/rutesentrerefugis.com\/index.php\/wp-json\/wp\/v2\/pages\/23141\/revisions\/23149"}],"wp:attachment":[{"href":"https:\/\/rutesentrerefugis.com\/index.php\/wp-json\/wp\/v2\/media?parent=23141"}],"curies":[{"name":"wp","href":"https:\/\/api.w.org\/{rel}","templated":true}]}}