{"id":854,"date":"2022-08-25T16:13:29","date_gmt":"2022-08-25T16:13:29","guid":{"rendered":"https:\/\/nova.rutesentrerefugis.com\/?page_id=854"},"modified":"2023-11-01T12:41:34","modified_gmt":"2023-11-01T12:41:34","slug":"rutes-amb-btt","status":"publish","type":"page","link":"https:\/\/rutesentrerefugis.com\/index.php\/rutes\/rutes-amb-btt\/","title":{"rendered":"RUTES AMB BTT"},"content":{"rendered":"\t\t<div data-elementor-type=\"wp-page\" data-elementor-id=\"854\" class=\"elementor elementor-854\" data-elementor-post-type=\"page\">\n\t\t\t\t\t\t<section class=\"elementor-section elementor-top-section elementor-element elementor-element-4e600c2 elementor-section-full_width elementor-section-height-default elementor-section-height-default\" data-id=\"4e600c2\" data-element_type=\"section\" data-e-type=\"section\" data-settings=\"{&quot;background_background&quot;:&quot;classic&quot;}\">\n\t\t\t\t\t\t<div class=\"elementor-container elementor-column-gap-default\">\n\t\t\t\t\t<div class=\"elementor-column elementor-col-100 elementor-top-column elementor-element elementor-element-2cf738e\" data-id=\"2cf738e\" data-element_type=\"column\" data-e-type=\"column\">\n\t\t\t<div class=\"elementor-widget-wrap elementor-element-populated\">\n\t\t\t\t\t\t<div class=\"elementor-element elementor-element-d2046e0 elementor-widget elementor-widget-image\" data-id=\"d2046e0\" data-element_type=\"widget\" data-e-type=\"widget\" data-widget_type=\"image.default\">\n\t\t\t\t<div class=\"elementor-widget-container\">\n\t\t\t\t\t\t\t\t\t\t\t\t\t\t\t<img fetchpriority=\"high\" decoding=\"async\" width=\"2000\" height=\"450\" src=\"https:\/\/rutesentrerefugis.com\/wp-content\/uploads\/2022\/08\/BTT-Inici-NW-1.jpg\" class=\"attachment-full size-full wp-image-856\" alt=\"Rutes Entre Refugis\" srcset=\"https:\/\/rutesentrerefugis.com\/wp-content\/uploads\/2022\/08\/BTT-Inici-NW-1.jpg 2000w, https:\/\/rutesentrerefugis.com\/wp-content\/uploads\/2022\/08\/BTT-Inici-NW-1-300x68.jpg 300w, https:\/\/rutesentrerefugis.com\/wp-content\/uploads\/2022\/08\/BTT-Inici-NW-1-1024x230.jpg 1024w, https:\/\/rutesentrerefugis.com\/wp-content\/uploads\/2022\/08\/BTT-Inici-NW-1-768x173.jpg 768w, https:\/\/rutesentrerefugis.com\/wp-content\/uploads\/2022\/08\/BTT-Inici-NW-1-1536x346.jpg 1536w\" sizes=\"(max-width: 2000px) 100vw, 2000px\" \/>\t\t\t\t\t\t\t\t\t\t\t\t\t\t\t<\/div>\n\t\t\t\t<\/div>\n\t\t\t\t\t<\/div>\n\t\t<\/div>\n\t\t\t\t\t<\/div>\n\t\t<\/section>\n\t\t\t\t<section class=\"elementor-section elementor-top-section elementor-element elementor-element-0877607 elementor-section-full_width elementor-section-height-default elementor-section-height-default\" data-id=\"0877607\" data-element_type=\"section\" data-e-type=\"section\" data-settings=\"{&quot;background_background&quot;:&quot;classic&quot;}\">\n\t\t\t\t\t\t<div class=\"elementor-container elementor-column-gap-default\">\n\t\t\t\t\t<div class=\"elementor-column elementor-col-100 elementor-top-column elementor-element elementor-element-50825a4\" data-id=\"50825a4\" data-element_type=\"column\" data-e-type=\"column\">\n\t\t\t<div class=\"elementor-widget-wrap elementor-element-populated\">\n\t\t\t\t\t\t<div class=\"elementor-element elementor-element-e861cb5 elementor-widget elementor-widget-heading\" data-id=\"e861cb5\" data-element_type=\"widget\" data-e-type=\"widget\" data-widget_type=\"heading.default\">\n\t\t\t\t<div class=\"elementor-widget-container\">\n\t\t\t\t\t<h1 class=\"elementor-heading-title elementor-size-default\">\u00b7 <font color=\"#B40404\">RUTES AMB BTT<\/font> \u00b7<\/h1>\t\t\t\t<\/div>\n\t\t\t\t<\/div>\n\t\t\t\t\t<\/div>\n\t\t<\/div>\n\t\t\t\t\t<\/div>\n\t\t<\/section>\n\t\t\t\t<section class=\"elementor-section elementor-top-section elementor-element elementor-element-2fd782a elementor-section-full_width elementor-section-height-default elementor-section-height-default\" data-id=\"2fd782a\" data-element_type=\"section\" data-e-type=\"section\" data-settings=\"{&quot;background_background&quot;:&quot;classic&quot;}\">\n\t\t\t\t\t\t<div class=\"elementor-container elementor-column-gap-default\">\n\t\t\t\t\t<div class=\"elementor-column elementor-col-100 elementor-top-column elementor-element elementor-element-5406063\" data-id=\"5406063\" data-element_type=\"column\" data-e-type=\"column\">\n\t\t\t<div class=\"elementor-widget-wrap elementor-element-populated\">\n\t\t\t\t\t\t<div class=\"elementor-element elementor-element-9eee27b elementor-widget-divider--view-line elementor-widget elementor-widget-divider\" data-id=\"9eee27b\" data-element_type=\"widget\" data-e-type=\"widget\" data-widget_type=\"divider.default\">\n\t\t\t\t<div class=\"elementor-widget-container\">\n\t\t\t\t\t\t\t<div class=\"elementor-divider\">\n\t\t\t<span class=\"elementor-divider-separator\">\n\t\t\t\t\t\t<\/span>\n\t\t<\/div>\n\t\t\t\t\t\t<\/div>\n\t\t\t\t<\/div>\n\t\t\t\t\t<\/div>\n\t\t<\/div>\n\t\t\t\t\t<\/div>\n\t\t<\/section>\n\t\t\t\t<section class=\"elementor-section elementor-top-section elementor-element elementor-element-d644ab8 elementor-section-full_width elementor-section-height-default elementor-section-height-default\" data-id=\"d644ab8\" data-element_type=\"section\" data-e-type=\"section\">\n\t\t\t\t\t\t<div class=\"elementor-container elementor-column-gap-default\">\n\t\t\t\t\t<div class=\"elementor-column elementor-col-100 elementor-top-column elementor-element elementor-element-faec6a9\" data-id=\"faec6a9\" data-element_type=\"column\" data-e-type=\"column\">\n\t\t\t<div class=\"elementor-widget-wrap elementor-element-populated\">\n\t\t\t\t\t\t<div class=\"elementor-element elementor-element-25b95ff elementor-widget elementor-widget-spacer\" data-id=\"25b95ff\" data-element_type=\"widget\" data-e-type=\"widget\" data-widget_type=\"spacer.default\">\n\t\t\t\t<div class=\"elementor-widget-container\">\n\t\t\t\t\t\t\t<div class=\"elementor-spacer\">\n\t\t\t<div class=\"elementor-spacer-inner\"><\/div>\n\t\t<\/div>\n\t\t\t\t\t\t<\/div>\n\t\t\t\t<\/div>\n\t\t\t\t\t<\/div>\n\t\t<\/div>\n\t\t\t\t\t<\/div>\n\t\t<\/section>\n\t\t\t\t<section class=\"elementor-section elementor-top-section elementor-element elementor-element-885ddb3 elementor-section-full_width elementor-section-height-default elementor-section-height-default\" data-id=\"885ddb3\" data-element_type=\"section\" data-e-type=\"section\">\n\t\t\t\t\t\t<div class=\"elementor-container elementor-column-gap-default\">\n\t\t\t\t\t<div class=\"elementor-column elementor-col-100 elementor-top-column elementor-element elementor-element-e980920\" data-id=\"e980920\" data-element_type=\"column\" data-e-type=\"column\">\n\t\t\t<div class=\"elementor-widget-wrap elementor-element-populated\">\n\t\t\t\t\t\t<div class=\"elementor-element elementor-element-951617b elementor-grid-5 elementor-grid-tablet-2 elementor-grid-mobile-1 elementor-widget elementor-widget-portfolio\" data-id=\"951617b\" data-element_type=\"widget\" data-e-type=\"widget\" data-settings=\"{&quot;columns&quot;:&quot;5&quot;,&quot;masonry&quot;:&quot;yes&quot;,&quot;row_gap&quot;:{&quot;unit&quot;:&quot;px&quot;,&quot;size&quot;:10,&quot;sizes&quot;:[]},&quot;columns_tablet&quot;:&quot;2&quot;,&quot;columns_mobile&quot;:&quot;1&quot;,&quot;item_gap&quot;:{&quot;unit&quot;:&quot;px&quot;,&quot;size&quot;:&quot;&quot;,&quot;sizes&quot;:[]}}\" data-widget_type=\"portfolio.default\">\n\t\t\t\t<div class=\"elementor-widget-container\">\n\t\t\t\t\t\t\t<div class=\"elementor-portfolio elementor-grid elementor-posts-container\" role=\"list\">\n\t\t\t\t<article class=\"elementor-portfolio-item elementor-post  post-959 post type-post status-publish format-standard has-post-thumbnail hentry category-andorra-ca category-btt-ca tag-andorra-ca tag-andorra-bike-tracks-ca tag-arcavell-ca tag-bescaran-ca tag-canillo-ca tag-el-tarter-ca tag-encamp-ca tag-la-massana-es-ca tag-ordino-ca tag-os-de-civis-2-ca tag-seturia-ca\" role=\"listitem\">\n\t\t\t<a class=\"elementor-post__thumbnail__link\" href=\"https:\/\/rutesentrerefugis.com\/index.php\/2021\/01\/11\/andorra-bike-tracks-btt\/\">\n\t\t\t\t<div class=\"elementor-portfolio-item__img elementor-post__thumbnail\">\n\t\t\t<img decoding=\"async\" width=\"400\" height=\"280\" src=\"https:\/\/rutesentrerefugis.com\/wp-content\/uploads\/2021\/01\/Andorra-Bike-Tracks-NW.jpg\" class=\"attachment-full size-full wp-image-1148\" alt=\"\" srcset=\"https:\/\/rutesentrerefugis.com\/wp-content\/uploads\/2021\/01\/Andorra-Bike-Tracks-NW.jpg 400w, https:\/\/rutesentrerefugis.com\/wp-content\/uploads\/2021\/01\/Andorra-Bike-Tracks-NW-300x210.jpg 300w\" sizes=\"(max-width: 400px) 100vw, 400px\" \/>\t\t<\/div>\n\t\t\t\t<div class=\"elementor-portfolio-item__overlay\">\n\t\t\t\t<h3 class=\"elementor-portfolio-item__title\">\n\t\tANDORRA BIKE TRACKS EN BTT\t\t<\/h3>\n\t\t\t\t<\/div>\n\t\t\t\t<\/a>\n\t\t<\/article>\n\t\t\t\t<article class=\"elementor-portfolio-item elementor-post  post-984 post type-post status-publish format-standard has-post-thumbnail hentry category-btt-ca category-nafar-basoak-ca tag-abodi-es-ca tag-adi-es-ca tag-arbizu-es-ca tag-astobizkar-es-ca tag-aunamendi-es-ca tag-baratxueta-es-ca tag-basoak-pyrenees-es-ca tag-basoak-pyrenees-mtb-es-ca tag-beriain-es-ca tag-burdindogi-es-ca tag-cuenca-de-pamplona-es-ca tag-errenaga-es-ca tag-eugi-es-ca tag-ezkaba-es-ca tag-igaratza-ca tag-irati-ca tag-itxondoa-es-ca tag-leateko-gaina-es-ca tag-lekunberri-es-ca tag-norte-de-aralar-ca tag-okabe-es-ca tag-pamplona-ca tag-pirineos-punto-bike-ca tag-roncesvalles-ca tag-san-adrian-ca tag-selva-de-irati-ca tag-sierra-de-aralar-ca tag-sierra-de-urbasa-ca tag-sorogain-ca tag-txaradigorri-ca tag-ultzamaldea-ca tag-valle-de-ultzama-ca tag-zubiri-ca\" role=\"listitem\">\n\t\t\t<a class=\"elementor-post__thumbnail__link\" href=\"https:\/\/rutesentrerefugis.com\/index.php\/2021\/02\/21\/basoak-pyrenees-mtb\/\">\n\t\t\t\t<div class=\"elementor-portfolio-item__img elementor-post__thumbnail\">\n\t\t\t<img decoding=\"async\" width=\"400\" height=\"280\" src=\"https:\/\/rutesentrerefugis.com\/wp-content\/uploads\/2021\/02\/Basoak-Pyrenees-MTB-NW.jpg\" class=\"attachment-full size-full wp-image-1145\" alt=\"\" srcset=\"https:\/\/rutesentrerefugis.com\/wp-content\/uploads\/2021\/02\/Basoak-Pyrenees-MTB-NW.jpg 400w, https:\/\/rutesentrerefugis.com\/wp-content\/uploads\/2021\/02\/Basoak-Pyrenees-MTB-NW-300x210.jpg 300w\" sizes=\"(max-width: 400px) 100vw, 400px\" \/>\t\t<\/div>\n\t\t\t\t<div class=\"elementor-portfolio-item__overlay\">\n\t\t\t\t<h3 class=\"elementor-portfolio-item__title\">\n\t\tBASOAK PYRENEES -MTB\t\t<\/h3>\n\t\t\t\t<\/div>\n\t\t\t\t<\/a>\n\t\t<\/article>\n\t\t\t\t<article class=\"elementor-portfolio-item elementor-post  post-1033 post type-post status-publish format-standard has-post-thumbnail hentry category-btt-ca tag-ainhoa-es-ca tag-azkaine-es-ca tag-baztan-ca tag-bera-es-ca tag-bera-de-bidasoa-es-ca tag-bidasoa-bertiz-es-ca tag-bidasoako-pedalak-es-ca tag-biriatu-es-ca tag-bortziri-ca tag-cote-basque-es-ca tag-doneztebe-es-ca tag-donostialdea-ca tag-elgorriaga-es-ca tag-errenteria-es-ca tag-guipuscoa-es-ca tag-hendaia-es-ca tag-hendaye-es-ca tag-hondarribia-ca tag-ibardin-es-ca tag-igantzi-es-ca tag-iparralde-es-ca tag-ituren-ca tag-lapurdi-ca tag-legasa-es-ca tag-lesaka-es-ca tag-lezo-es-ca tag-malerreka-ca tag-mugairi-es-ca tag-narbarte-es-ca tag-navarra-es-ca tag-oiartzun-es-ca tag-oieregi-es-ca tag-oleta-ca tag-oronoz-ca tag-pais-basc-frances-ca tag-pasai-donibae-ca tag-pedales-del-mundo-es-ca tag-pirineus-atlantics-es-ca tag-santesteban-ca tag-urdax-ca tag-urdazubi-ca tag-zugarramurdi-ca\" role=\"listitem\">\n\t\t\t<a class=\"elementor-post__thumbnail__link\" href=\"https:\/\/rutesentrerefugis.com\/index.php\/2018\/07\/23\/bidasoako-pedalak\/\">\n\t\t\t\t<div class=\"elementor-portfolio-item__img elementor-post__thumbnail\">\n\t\t\t<img loading=\"lazy\" decoding=\"async\" width=\"400\" height=\"280\" src=\"https:\/\/rutesentrerefugis.com\/wp-content\/uploads\/2018\/07\/Bidasoko-Pedalak-NW.jpg\" class=\"attachment-full size-full wp-image-1154\" alt=\"\" srcset=\"https:\/\/rutesentrerefugis.com\/wp-content\/uploads\/2018\/07\/Bidasoko-Pedalak-NW.jpg 400w, https:\/\/rutesentrerefugis.com\/wp-content\/uploads\/2018\/07\/Bidasoko-Pedalak-NW-300x210.jpg 300w\" sizes=\"(max-width: 400px) 100vw, 400px\" \/>\t\t<\/div>\n\t\t\t\t<div class=\"elementor-portfolio-item__overlay\">\n\t\t\t\t<h3 class=\"elementor-portfolio-item__title\">\n\t\tBIDASOAKO PEDALAK\t\t<\/h3>\n\t\t\t\t<\/div>\n\t\t\t\t<\/a>\n\t\t<\/article>\n\t\t\t\t<article class=\"elementor-portfolio-item elementor-post  post-1052 post type-post status-publish format-standard has-post-thumbnail hentry category-btt-ca tag-artzentales-ca tag-balmaseda-es-ca tag-barakaldo-ca tag-bilbao-ca tag-bilbao-pedalak-ca tag-encartaciones-ca tag-gordexola-ca tag-gran-bilbao-ca tag-karrantza-ca tag-montes-de-triano-ca tag-parque-natural-de-armanon-ca tag-sierra-de-ordunte-ca tag-sopuerta-ca\" role=\"listitem\">\n\t\t\t<a class=\"elementor-post__thumbnail__link\" href=\"https:\/\/rutesentrerefugis.com\/index.php\/2020\/04\/01\/bilbao-pedalak\/\">\n\t\t\t\t<div class=\"elementor-portfolio-item__img elementor-post__thumbnail\">\n\t\t\t<img loading=\"lazy\" decoding=\"async\" width=\"400\" height=\"280\" src=\"https:\/\/rutesentrerefugis.com\/wp-content\/uploads\/2020\/04\/Bilbao-Pedalak-NW.jpg\" class=\"attachment-full size-full wp-image-1151\" alt=\"\" srcset=\"https:\/\/rutesentrerefugis.com\/wp-content\/uploads\/2020\/04\/Bilbao-Pedalak-NW.jpg 400w, https:\/\/rutesentrerefugis.com\/wp-content\/uploads\/2020\/04\/Bilbao-Pedalak-NW-300x210.jpg 300w\" sizes=\"(max-width: 400px) 100vw, 400px\" \/>\t\t<\/div>\n\t\t\t\t<div class=\"elementor-portfolio-item__overlay\">\n\t\t\t\t<h3 class=\"elementor-portfolio-item__title\">\n\t\tBILBAO PEDALAK\t\t<\/h3>\n\t\t\t\t<\/div>\n\t\t\t\t<\/a>\n\t\t<\/article>\n\t\t\t\t<article class=\"elementor-portfolio-item elementor-post  post-5540 post type-post status-publish format-standard has-post-thumbnail hentry category-btt-ca category-cami-de-cavalls-ca tag-alaior-es-ca tag-arenal-den-castell-ca tag-cala-en-porter-es-ca tag-cala-galdana-es-ca tag-cami-de-cavalls-es-ca tag-ciutadella-es-ca tag-es-castell-es-ca tag-es-mercadal-es-ca tag-ferreries-ca tag-menorca-ca tag-sant-lluis-ca tag-sant-tomas-ca tag-ses-salines-ca tag-ses-salines-de-fornells-ca\" role=\"listitem\">\n\t\t\t<a class=\"elementor-post__thumbnail__link\" href=\"https:\/\/rutesentrerefugis.com\/index.php\/2021\/02\/05\/cami-de-cavalls-en-btt\/\">\n\t\t\t\t<div class=\"elementor-portfolio-item__img elementor-post__thumbnail\">\n\t\t\t<img loading=\"lazy\" decoding=\"async\" width=\"400\" height=\"280\" src=\"https:\/\/rutesentrerefugis.com\/wp-content\/uploads\/2021\/02\/Cami-de-Cavalls-BTT-NW.jpg\" class=\"attachment-full size-full wp-image-6257\" alt=\"\" srcset=\"https:\/\/rutesentrerefugis.com\/wp-content\/uploads\/2021\/02\/Cami-de-Cavalls-BTT-NW.jpg 400w, https:\/\/rutesentrerefugis.com\/wp-content\/uploads\/2021\/02\/Cami-de-Cavalls-BTT-NW-300x210.jpg 300w\" sizes=\"(max-width: 400px) 100vw, 400px\" \/>\t\t<\/div>\n\t\t\t\t<div class=\"elementor-portfolio-item__overlay\">\n\t\t\t\t<h3 class=\"elementor-portfolio-item__title\">\n\t\tCAM\u00cd DE CAVALLS 360\u00ba EN BTT\t\t<\/h3>\n\t\t\t\t<\/div>\n\t\t\t\t<\/a>\n\t\t<\/article>\n\t\t\t\t<article class=\"elementor-portfolio-item elementor-post  post-4559 post type-post status-publish format-standard has-post-thumbnail hentry category-btt-ca category-bons-homes-catars-ca tag-alt-urgell-ca tag-ariege-ca tag-baga-es-ca tag-bellver-de-cerdanya-es-ca tag-bergueda-es-ca tag-btt-ca tag-cami-dels-bons-homes-es-ca tag-cerdanya-ca tag-gosol-ca tag-moli-de-fornols-es-ca tag-monicon-ca tag-p-n-r-des-pyrenees-ariegeoises-es-ca tag-refugi-de-la-basseta-es-ca tag-refugi-de-vallferrera-ca tag-solsones-ca tag-tarascon-es-ca tag-tirvia-ca\" role=\"listitem\">\n\t\t\t<a class=\"elementor-post__thumbnail__link\" href=\"https:\/\/rutesentrerefugis.com\/index.php\/2018\/07\/06\/cami-ultim-catar-en-btt\/\">\n\t\t\t\t<div class=\"elementor-portfolio-item__img elementor-post__thumbnail\">\n\t\t\t<img loading=\"lazy\" decoding=\"async\" width=\"400\" height=\"280\" src=\"https:\/\/rutesentrerefugis.com\/wp-content\/uploads\/2022\/12\/Cami-de-l-Ultim-Catar-NW.jpg\" class=\"attachment-full size-full wp-image-4560\" alt=\"\" srcset=\"https:\/\/rutesentrerefugis.com\/wp-content\/uploads\/2022\/12\/Cami-de-l-Ultim-Catar-NW.jpg 400w, https:\/\/rutesentrerefugis.com\/wp-content\/uploads\/2022\/12\/Cami-de-l-Ultim-Catar-NW-300x210.jpg 300w\" sizes=\"(max-width: 400px) 100vw, 400px\" \/>\t\t<\/div>\n\t\t\t\t<div class=\"elementor-portfolio-item__overlay\">\n\t\t\t\t<h3 class=\"elementor-portfolio-item__title\">\n\t\tCAM\u00cd DE L&#8217;\u00daLTIM C\u00c0TAR EN BTT\t\t<\/h3>\n\t\t\t\t<\/div>\n\t\t\t\t<\/a>\n\t\t<\/article>\n\t\t\t\t<article class=\"elementor-portfolio-item elementor-post  post-4488 post type-post status-publish format-standard has-post-thumbnail hentry category-btt-ca category-rutes-ca category-bons-homes-catars-ca tag-alt-urgell-ca tag-ariege-ca tag-baga-es-ca tag-bellver-de-cerdanya-es-ca tag-bergueda-es-ca tag-btt-ca tag-cami-dels-bons-homes-es-ca tag-camurac-ca tag-cerdanya-ca tag-foix-ca tag-gosol-ca tag-montsegur-ca tag-orlu-ca tag-p-n-r-des-pyrenees-ariegeoises-es-ca tag-porta-ca tag-santuari-de-queralt-es-ca tag-solsones-ca\" role=\"listitem\">\n\t\t\t<a class=\"elementor-post__thumbnail__link\" href=\"https:\/\/rutesentrerefugis.com\/index.php\/2018\/07\/01\/cami-dels-bons-homes-en-btt\/\">\n\t\t\t\t<div class=\"elementor-portfolio-item__img elementor-post__thumbnail\">\n\t\t\t<img loading=\"lazy\" decoding=\"async\" width=\"400\" height=\"280\" src=\"https:\/\/rutesentrerefugis.com\/wp-content\/uploads\/2022\/12\/Cami-dels-Bons-Homes-NW.jpg\" class=\"attachment-full size-full wp-image-4489\" alt=\"\" srcset=\"https:\/\/rutesentrerefugis.com\/wp-content\/uploads\/2022\/12\/Cami-dels-Bons-Homes-NW.jpg 400w, https:\/\/rutesentrerefugis.com\/wp-content\/uploads\/2022\/12\/Cami-dels-Bons-Homes-NW-300x210.jpg 300w\" sizes=\"(max-width: 400px) 100vw, 400px\" \/>\t\t<\/div>\n\t\t\t\t<div class=\"elementor-portfolio-item__overlay\">\n\t\t\t\t<h3 class=\"elementor-portfolio-item__title\">\n\t\tCAM\u00cd DELS BONS HOMES EN BTT\t\t<\/h3>\n\t\t\t\t<\/div>\n\t\t\t\t<\/a>\n\t\t<\/article>\n\t\t\t\t<article class=\"elementor-portfolio-item elementor-post  post-5789 post type-post status-publish format-standard has-post-thumbnail hentry category-btt-ca tag-ezcaray-ca tag-la-rioja-ca tag-la-rioja-alta-ca tag-najera-ca tag-rioja-media-es-ca tag-san-millan-de-la-cogolla-ca tag-torrecilla-en-cameros-ca tag-venta-de-piqueras-ca tag-villoslada-de-cameros-ca tag-viniegra-de-abajo-es-ca\" role=\"listitem\">\n\t\t\t<a class=\"elementor-post__thumbnail__link\" href=\"https:\/\/rutesentrerefugis.com\/index.php\/2018\/08\/26\/camins-de-transhumancia\/\">\n\t\t\t\t<div class=\"elementor-portfolio-item__img elementor-post__thumbnail\">\n\t\t\t<img loading=\"lazy\" decoding=\"async\" width=\"400\" height=\"280\" src=\"https:\/\/rutesentrerefugis.com\/wp-content\/uploads\/2023\/01\/Ruedas-de-Lana-02.jpg\" class=\"attachment-full size-full wp-image-5790\" alt=\"\" srcset=\"https:\/\/rutesentrerefugis.com\/wp-content\/uploads\/2023\/01\/Ruedas-de-Lana-02.jpg 400w, https:\/\/rutesentrerefugis.com\/wp-content\/uploads\/2023\/01\/Ruedas-de-Lana-02-300x210.jpg 300w\" sizes=\"(max-width: 400px) 100vw, 400px\" \/>\t\t<\/div>\n\t\t\t\t<div class=\"elementor-portfolio-item__overlay\">\n\t\t\t\t<h3 class=\"elementor-portfolio-item__title\">\n\t\tCAMINS DE TRANSHUM\u00c0NCIA\t\t<\/h3>\n\t\t\t\t<\/div>\n\t\t\t\t<\/a>\n\t\t<\/article>\n\t\t\t\t<article class=\"elementor-portfolio-item elementor-post  post-4667 post type-post status-publish format-standard has-post-thumbnail hentry category-btt-ca category-bons-homes-catars-ca tag-alt-urgell-ca tag-bages-es-ca tag-bergueda-es-ca tag-cardona-es-ca tag-catars-del-pyrensud-es-ca tag-espunyola-es-ca tag-gosol-ca tag-oden-es-ca tag-parc-natural-del-cadi-moixero-ca tag-rasos-de-peguera-ca tag-sant-llorenc-de-morunys-ca tag-santuari-de-queralt-es-ca tag-santuari-del-miracle-es-ca tag-solsona-es-ca tag-solsones-ca tag-vall-del-lord-es-ca\" role=\"listitem\">\n\t\t\t<a class=\"elementor-post__thumbnail__link\" href=\"https:\/\/rutesentrerefugis.com\/index.php\/2020\/02\/19\/catars-del-pyrensud-en-btt\/\">\n\t\t\t\t<div class=\"elementor-portfolio-item__img elementor-post__thumbnail\">\n\t\t\t<img loading=\"lazy\" decoding=\"async\" width=\"400\" height=\"280\" src=\"https:\/\/rutesentrerefugis.com\/wp-content\/uploads\/2022\/12\/Catars-del-PyrenSud-NW.jpg\" class=\"attachment-full size-full wp-image-4633\" alt=\"\" srcset=\"https:\/\/rutesentrerefugis.com\/wp-content\/uploads\/2022\/12\/Catars-del-PyrenSud-NW.jpg 400w, https:\/\/rutesentrerefugis.com\/wp-content\/uploads\/2022\/12\/Catars-del-PyrenSud-NW-300x210.jpg 300w\" sizes=\"(max-width: 400px) 100vw, 400px\" \/>\t\t<\/div>\n\t\t\t\t<div class=\"elementor-portfolio-item__overlay\">\n\t\t\t\t<h3 class=\"elementor-portfolio-item__title\">\n\t\tC\u00c0TARS DEL PYRENSUD EN BTT\t\t<\/h3>\n\t\t\t\t<\/div>\n\t\t\t\t<\/a>\n\t\t<\/article>\n\t\t\t\t<article class=\"elementor-portfolio-item elementor-post  post-7364 post type-post status-publish format-standard has-post-thumbnail hentry category-btt-ca category-cadi-moixero-ca tag-alt-urgell-ca tag-arseguel-es-ca tag-baga-es-ca tag-bellver-de-cerdanya-es-ca tag-bergueda-es-ca tag-cavalls-del-vent-ca tag-cavalls-del-vent-mtb-es-ca tag-cerdanya-ca tag-la-seu-durgell-ca tag-montella-es-ca tag-parc-natural-del-cadi-moixero-ca tag-refugi-cortals-de-lingla-ca tag-refugi-de-gresolet-es-ca tag-refugi-del-rebost-ca tag-refugi-lluis-estasen-es-ca tag-refugi-niu-de-laliga-ca tag-refugi-prat-daguilo-ca tag-refugi-sant-jordi-ca tag-refugi-serrat-de-les-esposes-ca tag-tuixent-ca\" role=\"listitem\">\n\t\t\t<a class=\"elementor-post__thumbnail__link\" href=\"https:\/\/rutesentrerefugis.com\/index.php\/2018\/05\/05\/cavalls-del-vent-mtb\/\">\n\t\t\t\t<div class=\"elementor-portfolio-item__img elementor-post__thumbnail\">\n\t\t\t<img loading=\"lazy\" decoding=\"async\" width=\"400\" height=\"280\" src=\"https:\/\/rutesentrerefugis.com\/wp-content\/uploads\/2023\/02\/Cavalls-del-Vent.jpg\" class=\"attachment-full size-full wp-image-7365\" alt=\"\" srcset=\"https:\/\/rutesentrerefugis.com\/wp-content\/uploads\/2023\/02\/Cavalls-del-Vent.jpg 400w, https:\/\/rutesentrerefugis.com\/wp-content\/uploads\/2023\/02\/Cavalls-del-Vent-300x210.jpg 300w\" sizes=\"(max-width: 400px) 100vw, 400px\" \/>\t\t<\/div>\n\t\t\t\t<div class=\"elementor-portfolio-item__overlay\">\n\t\t\t\t<h3 class=\"elementor-portfolio-item__title\">\n\t\tCAVALLS DEL VENT MTB\t\t<\/h3>\n\t\t\t\t<\/div>\n\t\t\t\t<\/a>\n\t\t<\/article>\n\t\t\t\t<article class=\"elementor-portfolio-item elementor-post  post-3482 post type-post status-publish format-standard has-post-thumbnail hentry category-btt-ca category-monte-perdido category-pn-ordesa-ca tag-belsierre-ca tag-bielsa-ca tag-buerba-ca tag-ciclo-perdido-extrem-ca tag-col-boucharo-ca tag-col-de-aspin-ca tag-col-du-tourmalet-ca tag-cutas-ordesa-ca tag-escalona-es-ca tag-gavarnie-ca tag-gedre-ca tag-lafortunada-ca tag-laspuna-ca tag-luz-saint-sauveur-ca tag-monte-perdido-extrem-ca tag-nerin-2-ca tag-occitania-ca tag-parc-national-des-pyrenees-ca tag-parque-nacional-de-ordesa-y-monte-perdido-ca tag-puerto-urdiceto-ca tag-refugio-de-pineta-ca tag-saint-lary-saoulan-es-ca tag-sobrarbe-es-ca tag-torla-es-ca\" role=\"listitem\">\n\t\t\t<a class=\"elementor-post__thumbnail__link\" href=\"https:\/\/rutesentrerefugis.com\/index.php\/2020\/04\/08\/ciclo-perdido-extrem-btt\/\">\n\t\t\t\t<div class=\"elementor-portfolio-item__img elementor-post__thumbnail\">\n\t\t\t<img loading=\"lazy\" decoding=\"async\" width=\"400\" height=\"280\" src=\"https:\/\/rutesentrerefugis.com\/wp-content\/uploads\/2022\/11\/Ciclo-Perdido-Extrem.jpg\" class=\"attachment-full size-full wp-image-3420\" alt=\"\" srcset=\"https:\/\/rutesentrerefugis.com\/wp-content\/uploads\/2022\/11\/Ciclo-Perdido-Extrem.jpg 400w, https:\/\/rutesentrerefugis.com\/wp-content\/uploads\/2022\/11\/Ciclo-Perdido-Extrem-300x210.jpg 300w\" sizes=\"(max-width: 400px) 100vw, 400px\" \/>\t\t<\/div>\n\t\t\t\t<div class=\"elementor-portfolio-item__overlay\">\n\t\t\t\t<h3 class=\"elementor-portfolio-item__title\">\n\t\tCICLO PERDIDO EXTREM BTT\t\t<\/h3>\n\t\t\t\t<\/div>\n\t\t\t\t<\/a>\n\t\t<\/article>\n\t\t\t\t<article class=\"elementor-portfolio-item elementor-post  post-7382 post type-post status-publish format-standard has-post-thumbnail hentry category-btt-ca tag-artes-ca tag-bages-es-ca tag-btt-ca tag-camprodon-ca tag-el-cami-oliba-ca tag-les-basses-de-puigsec-ca tag-monestir-de-montserrat-ca tag-osona-es-ca tag-ripolles-ca tag-rupit-ca tag-torello-ca tag-vic-ca\" role=\"listitem\">\n\t\t\t<a class=\"elementor-post__thumbnail__link\" href=\"https:\/\/rutesentrerefugis.com\/index.php\/2020\/04\/04\/el-cami-oliba-en-btt\/\">\n\t\t\t\t<div class=\"elementor-portfolio-item__img elementor-post__thumbnail\">\n\t\t\t<img loading=\"lazy\" decoding=\"async\" width=\"400\" height=\"280\" src=\"https:\/\/rutesentrerefugis.com\/wp-content\/uploads\/2023\/02\/El-Cami-Oliba-NW.jpg\" class=\"attachment-full size-full wp-image-7383\" alt=\"\" srcset=\"https:\/\/rutesentrerefugis.com\/wp-content\/uploads\/2023\/02\/El-Cami-Oliba-NW.jpg 400w, https:\/\/rutesentrerefugis.com\/wp-content\/uploads\/2023\/02\/El-Cami-Oliba-NW-300x210.jpg 300w\" sizes=\"(max-width: 400px) 100vw, 400px\" \/>\t\t<\/div>\n\t\t\t\t<div class=\"elementor-portfolio-item__overlay\">\n\t\t\t\t<h3 class=\"elementor-portfolio-item__title\">\n\t\tEL CAM\u00cd OLIBA EN BTT\t\t<\/h3>\n\t\t\t\t<\/div>\n\t\t\t\t<\/a>\n\t\t<\/article>\n\t\t\t\t<article class=\"elementor-portfolio-item elementor-post  post-7404 post type-post status-publish format-standard has-post-thumbnail hentry category-btt-ca tag-beranui-ca tag-el-cinque-llac-ca tag-el-pont-del-diable-ca tag-laquelarre-de-serraspina-ca tag-lestany-de-montcortes-ca tag-la-casa-encantada-ca tag-la-geganta-adormida-ca tag-la-pobla-de-segur-ca tag-les-esglesies-es-ca tag-pallars-jussa-es-ca tag-pallars-sobira-es-ca tag-peramea-ca tag-pirineu-de-lleida-ca tag-senterada-ca\" role=\"listitem\">\n\t\t\t<a class=\"elementor-post__thumbnail__link\" href=\"https:\/\/rutesentrerefugis.com\/index.php\/2021\/01\/03\/el-cinque-llac-en-btt\/\">\n\t\t\t\t<div class=\"elementor-portfolio-item__img elementor-post__thumbnail\">\n\t\t\t<img loading=\"lazy\" decoding=\"async\" width=\"400\" height=\"280\" src=\"https:\/\/rutesentrerefugis.com\/wp-content\/uploads\/2021\/01\/El-Cinque-Llac-NW-02.jpg\" class=\"attachment-full size-full wp-image-7423\" alt=\"\" srcset=\"https:\/\/rutesentrerefugis.com\/wp-content\/uploads\/2021\/01\/El-Cinque-Llac-NW-02.jpg 400w, https:\/\/rutesentrerefugis.com\/wp-content\/uploads\/2021\/01\/El-Cinque-Llac-NW-02-300x210.jpg 300w\" sizes=\"(max-width: 400px) 100vw, 400px\" \/>\t\t<\/div>\n\t\t\t\t<div class=\"elementor-portfolio-item__overlay\">\n\t\t\t\t<h3 class=\"elementor-portfolio-item__title\">\n\t\tEL CINQU\u00c8 LLAC EN BTT\t\t<\/h3>\n\t\t\t\t<\/div>\n\t\t\t\t<\/a>\n\t\t<\/article>\n\t\t\t\t<article class=\"elementor-portfolio-item elementor-post  post-3901 post type-post status-publish format-standard has-post-thumbnail hentry category-btt-ca category-tinenca-benifassa-ca tag-7-pobles-ca tag-baix-maestrat-es-ca tag-ballestar-ca tag-bel-ca tag-castell-de-cabres-ca tag-castello-es-ca tag-el-bellestar-ca tag-el-boixar-ca tag-els-3-regnes-ca tag-fageda-del-retaule-ca tag-fredes-ca tag-herbes-ca tag-panta-dulldecona-ca tag-parc-natural-de-la-tinenca-de-benifassa-es-ca tag-pena-roja-de-tastavins-ca tag-pobla-de-benifassa-ca tag-tossal-den-canader-ca tag-tossal-dels-3-reis-ca tag-tossal-gros-ca tag-vallibona-es-ca\" role=\"listitem\">\n\t\t\t<a class=\"elementor-post__thumbnail__link\" href=\"https:\/\/rutesentrerefugis.com\/index.php\/2018\/08\/15\/els-3-regnes\/\">\n\t\t\t\t<div class=\"elementor-portfolio-item__img elementor-post__thumbnail\">\n\t\t\t<img loading=\"lazy\" decoding=\"async\" width=\"400\" height=\"280\" src=\"https:\/\/rutesentrerefugis.com\/wp-content\/uploads\/2022\/12\/Els-3-Regnes-NW.jpg\" class=\"attachment-full size-full wp-image-3902\" alt=\"\" srcset=\"https:\/\/rutesentrerefugis.com\/wp-content\/uploads\/2022\/12\/Els-3-Regnes-NW.jpg 400w, https:\/\/rutesentrerefugis.com\/wp-content\/uploads\/2022\/12\/Els-3-Regnes-NW-300x210.jpg 300w\" sizes=\"(max-width: 400px) 100vw, 400px\" \/>\t\t<\/div>\n\t\t\t\t<div class=\"elementor-portfolio-item__overlay\">\n\t\t\t\t<h3 class=\"elementor-portfolio-item__title\">\n\t\tELS 3 REGNES\t\t<\/h3>\n\t\t\t\t<\/div>\n\t\t\t\t<\/a>\n\t\t<\/article>\n\t\t\t\t<article class=\"elementor-portfolio-item elementor-post  post-5759 post type-post status-publish format-standard has-post-thumbnail hentry category-btt-ca tag-araba-es-ca tag-artzentales-ca tag-artziniega-es-ca tag-balmaseda-es-ca tag-bizkaia-es-ca tag-burgos-es-ca tag-cantabria-es-ca tag-encartaciones-ca tag-gordexola-ca tag-guenes-es-ca tag-karrantza-ca tag-lanestosa-es-ca tag-merindades-es-ca tag-quadrilla-de-aiara-es-ca tag-sodupe-es-ca tag-sopuerta-ca tag-trucios-es-ca tag-villasana-de-mena-ca\" role=\"listitem\">\n\t\t\t<a class=\"elementor-post__thumbnail__link\" href=\"https:\/\/rutesentrerefugis.com\/index.php\/2018\/07\/24\/enkarterriko-pedalak\/\">\n\t\t\t\t<div class=\"elementor-portfolio-item__img elementor-post__thumbnail\">\n\t\t\t<img loading=\"lazy\" decoding=\"async\" width=\"400\" height=\"280\" src=\"https:\/\/rutesentrerefugis.com\/wp-content\/uploads\/2023\/01\/Enkarterriko-Pedalak-NW.jpg\" class=\"attachment-full size-full wp-image-5760\" alt=\"\" srcset=\"https:\/\/rutesentrerefugis.com\/wp-content\/uploads\/2023\/01\/Enkarterriko-Pedalak-NW.jpg 400w, https:\/\/rutesentrerefugis.com\/wp-content\/uploads\/2023\/01\/Enkarterriko-Pedalak-NW-300x210.jpg 300w\" sizes=\"(max-width: 400px) 100vw, 400px\" \/>\t\t<\/div>\n\t\t\t\t<div class=\"elementor-portfolio-item__overlay\">\n\t\t\t\t<h3 class=\"elementor-portfolio-item__title\">\n\t\tENKARTERRIKO PEDALAK\t\t<\/h3>\n\t\t\t\t<\/div>\n\t\t\t\t<\/a>\n\t\t<\/article>\n\t\t\t\t<article class=\"elementor-portfolio-item elementor-post  post-7424 post type-post status-publish format-standard has-post-thumbnail hentry category-btt-ca tag-btt-ca tag-ebre-es-ca tag-ezcaray-ca tag-haro-es-ca tag-la-rioja-ca tag-la-rioja-alta-ca tag-las-fuentes-del-vino-es-ca tag-logrono-ca tag-mtb-es-ca tag-najera-ca tag-rioja-mediana-es-ca tag-sierra-de-cameros-es-ca tag-sierra-de-cantabria-es-ca tag-sierra-de-la-demanda-es-ca\" role=\"listitem\">\n\t\t\t<a class=\"elementor-post__thumbnail__link\" href=\"https:\/\/rutesentrerefugis.com\/index.php\/2020\/04\/11\/fuentes-del-vino-mtb\/\">\n\t\t\t\t<div class=\"elementor-portfolio-item__img elementor-post__thumbnail\">\n\t\t\t<img loading=\"lazy\" decoding=\"async\" width=\"400\" height=\"280\" src=\"https:\/\/rutesentrerefugis.com\/wp-content\/uploads\/2023\/02\/Fuentes-del-Vino-NW.jpg\" class=\"attachment-full size-full wp-image-7425\" alt=\"\" srcset=\"https:\/\/rutesentrerefugis.com\/wp-content\/uploads\/2023\/02\/Fuentes-del-Vino-NW.jpg 400w, https:\/\/rutesentrerefugis.com\/wp-content\/uploads\/2023\/02\/Fuentes-del-Vino-NW-300x210.jpg 300w\" sizes=\"(max-width: 400px) 100vw, 400px\" \/>\t\t<\/div>\n\t\t\t\t<div class=\"elementor-portfolio-item__overlay\">\n\t\t\t\t<h3 class=\"elementor-portfolio-item__title\">\n\t\tFUENTES DEL VINO MTB\t\t<\/h3>\n\t\t\t\t<\/div>\n\t\t\t\t<\/a>\n\t\t<\/article>\n\t\t\t\t<article class=\"elementor-portfolio-item elementor-post  post-17883 post type-post status-publish format-standard has-post-thumbnail hentry category-btt-ca category-ultima-ruta tag-arratia-nerbioi tag-durangaldea tag-elosu tag-etxaguen tag-gopegi tag-gorbeia tag-gorbeialdea tag-ibarra tag-legutio tag-murgia tag-ondategi tag-otxandio tag-parque-natural-de-gorbeia tag-zaitegi\" role=\"listitem\">\n\t\t\t<a class=\"elementor-post__thumbnail__link\" href=\"https:\/\/rutesentrerefugis.com\/index.php\/2023\/06\/12\/gorbeia-bira\/\">\n\t\t\t\t<div class=\"elementor-portfolio-item__img elementor-post__thumbnail\">\n\t\t\t<img loading=\"lazy\" decoding=\"async\" width=\"400\" height=\"280\" src=\"https:\/\/rutesentrerefugis.com\/wp-content\/uploads\/2023\/06\/Gorbeia-Bira-Bike-Tour.jpg\" class=\"attachment-full size-full wp-image-17884\" alt=\"\" srcset=\"https:\/\/rutesentrerefugis.com\/wp-content\/uploads\/2023\/06\/Gorbeia-Bira-Bike-Tour.jpg 400w, https:\/\/rutesentrerefugis.com\/wp-content\/uploads\/2023\/06\/Gorbeia-Bira-Bike-Tour-300x210.jpg 300w\" sizes=\"(max-width: 400px) 100vw, 400px\" \/>\t\t<\/div>\n\t\t\t\t<div class=\"elementor-portfolio-item__overlay\">\n\t\t\t\t<h3 class=\"elementor-portfolio-item__title\">\n\t\tGORBEIA BIRA MTB\t\t<\/h3>\n\t\t\t\t<\/div>\n\t\t\t\t<\/a>\n\t\t<\/article>\n\t\t\t\t<article class=\"elementor-portfolio-item elementor-post  post-4033 post type-post status-publish format-standard has-post-thumbnail hentry category-btt-ca category-occitania-ca category-pn-aiguestortes-ca tag-alos-disil-es-ca tag-arties-ca tag-astell-ca tag-bagergue-ca tag-betren-ca tag-boren-ca tag-casarilh-ca tag-castellars-ca tag-encantats-ca tag-erta-es-ca tag-espot-ca tag-espui-ca tag-garos-ca tag-gessa-ca tag-ginast-ca tag-gotarta-es-ca tag-guiro-es-ca tag-iran-ca tag-irgo-es-ca tag-isil-es-ca tag-la-torre-de-capdella-ca tag-les-esglesies-es-ca tag-malpas-ca tag-montgarri-ca tag-pallars-jussa-es-ca tag-pallars-sobira-es-ca tag-parc-nacional-daiguestortes-i-estany-de-sant-maurici-ca tag-pedals-de-foc-es-ca tag-raons-ca tag-ribagorca-ca tag-sant-maurici-es-ca tag-sas-ca tag-senet-ca tag-son-ca tag-sorpe-ca tag-unha-ca tag-val-daran-es-ca tag-valencia-daneu-ca tag-vall-de-boi-es-ca tag-vielha-ca tag-villaler-ca\" role=\"listitem\">\n\t\t\t<a class=\"elementor-post__thumbnail__link\" href=\"https:\/\/rutesentrerefugis.com\/index.php\/2021\/01\/27\/gran-pedals-foc-occitania\/\">\n\t\t\t\t<div class=\"elementor-portfolio-item__img elementor-post__thumbnail\">\n\t\t\t<img loading=\"lazy\" decoding=\"async\" width=\"400\" height=\"280\" src=\"https:\/\/rutesentrerefugis.com\/wp-content\/uploads\/2022\/12\/Gran-Pedals-Foc-Occitania-NW.jpg\" class=\"attachment-full size-full wp-image-4034\" alt=\"\" srcset=\"https:\/\/rutesentrerefugis.com\/wp-content\/uploads\/2022\/12\/Gran-Pedals-Foc-Occitania-NW.jpg 400w, https:\/\/rutesentrerefugis.com\/wp-content\/uploads\/2022\/12\/Gran-Pedals-Foc-Occitania-NW-300x210.jpg 300w\" sizes=\"(max-width: 400px) 100vw, 400px\" \/>\t\t<\/div>\n\t\t\t\t<div class=\"elementor-portfolio-item__overlay\">\n\t\t\t\t<h3 class=\"elementor-portfolio-item__title\">\n\t\tGRAN PEDALS FOC D&#8217;OCCIT\u00c0NIA\t\t<\/h3>\n\t\t\t\t<\/div>\n\t\t\t\t<\/a>\n\t\t<\/article>\n\t\t\t\t<article class=\"elementor-portfolio-item elementor-post  post-25946 post type-post status-publish format-standard has-post-thumbnail hentry category-btt-ca category-ultima-ruta tag-arredondo tag-artzenales tag-ason-aguera-ca tag-balmaseda-es-ca tag-bilbao-ca tag-cantabria-es-ca tag-castro-urdiales-ca tag-costa-oriental-ca tag-encartaciones-ca tag-gordexola-ca tag-gran-bilbao-ca tag-grand-pedales-del-norte tag-isla-ca tag-karrantza-ca tag-la-cavada tag-langre tag-laredo tag-liendo tag-noja tag-pais-basc-ca tag-pais-vasco tag-pedales-del-mundo-es-ca tag-rasines-ca tag-santona-ca tag-sodupe-es-ca tag-somo tag-sopuerta-ca tag-trasmiera-ca tag-trucios-es-ca\" role=\"listitem\">\n\t\t\t<a class=\"elementor-post__thumbnail__link\" href=\"https:\/\/rutesentrerefugis.com\/index.php\/2025\/04\/24\/grand-pedals-del-nord\/\">\n\t\t\t\t<div class=\"elementor-portfolio-item__img elementor-post__thumbnail\">\n\t\t\t<img loading=\"lazy\" decoding=\"async\" width=\"400\" height=\"280\" src=\"https:\/\/rutesentrerefugis.com\/wp-content\/uploads\/2025\/04\/Gran-Pedales-del-Norte.jpg\" class=\"attachment-full size-full wp-image-26007\" alt=\"\" srcset=\"https:\/\/rutesentrerefugis.com\/wp-content\/uploads\/2025\/04\/Gran-Pedales-del-Norte.jpg 400w, https:\/\/rutesentrerefugis.com\/wp-content\/uploads\/2025\/04\/Gran-Pedales-del-Norte-300x210.jpg 300w\" sizes=\"(max-width: 400px) 100vw, 400px\" \/>\t\t<\/div>\n\t\t\t\t<div class=\"elementor-portfolio-item__overlay\">\n\t\t\t\t<h3 class=\"elementor-portfolio-item__title\">\n\t\tGRAND PEDALS DEL NORD\t\t<\/h3>\n\t\t\t\t<\/div>\n\t\t\t\t<\/a>\n\t\t<\/article>\n\t\t\t\t<article class=\"elementor-portfolio-item elementor-post  post-384 post type-post status-publish format-standard has-post-thumbnail hentry category-btt-ca tag-aiako-harria-ca tag-baztan-ca tag-bortziri-ca tag-btt-ca tag-cami-dels-contrabandistes-bidasoa-ca tag-camino-de-los-contrabandistas-bidasoa-ca tag-donostialdea-ca tag-kontrabandisten-bideak-ca tag-parc-natural-aiako-harria-ca tag-parque-natural-aiako-harria-ca tag-valle-de-baztan-ca tag-valle-del-bidasoa-ca\" role=\"listitem\">\n\t\t\t<a class=\"elementor-post__thumbnail__link\" href=\"https:\/\/rutesentrerefugis.com\/index.php\/2022\/08\/02\/kontrabandisten-bideak-btt\/\">\n\t\t\t\t<div class=\"elementor-portfolio-item__img elementor-post__thumbnail\">\n\t\t\t<img loading=\"lazy\" decoding=\"async\" width=\"400\" height=\"280\" src=\"https:\/\/rutesentrerefugis.com\/wp-content\/uploads\/2022\/08\/Kontrabandisten-Bideak.jpg\" class=\"attachment-full size-full wp-image-385\" alt=\"Kontrabandisten Bideak\" srcset=\"https:\/\/rutesentrerefugis.com\/wp-content\/uploads\/2022\/08\/Kontrabandisten-Bideak.jpg 400w, https:\/\/rutesentrerefugis.com\/wp-content\/uploads\/2022\/08\/Kontrabandisten-Bideak-300x210.jpg 300w\" sizes=\"(max-width: 400px) 100vw, 400px\" \/>\t\t<\/div>\n\t\t\t\t<div class=\"elementor-portfolio-item__overlay\">\n\t\t\t\t<h3 class=\"elementor-portfolio-item__title\">\n\t\tKONTRABANDISTEN BIDEAK EN BTT\t\t<\/h3>\n\t\t\t\t<\/div>\n\t\t\t\t<\/a>\n\t\t<\/article>\n\t\t\t\t<article class=\"elementor-portfolio-item elementor-post  post-29668 post type-post status-publish format-standard has-post-thumbnail hentry category-btt-ca category-ultima-ruta tag-arties-ca tag-bagergue-ca tag-bossost-ca tag-btt-ca tag-pedales-del-mundo-es-ca tag-pedals-daran tag-val-daran-es-ca tag-vielha-ca\" role=\"listitem\">\n\t\t\t<a class=\"elementor-post__thumbnail__link\" href=\"https:\/\/rutesentrerefugis.com\/index.php\/2026\/03\/14\/pedals-d-aran\/\">\n\t\t\t\t<div class=\"elementor-portfolio-item__img elementor-post__thumbnail\">\n\t\t\t<img loading=\"lazy\" decoding=\"async\" width=\"400\" height=\"280\" src=\"https:\/\/rutesentrerefugis.com\/wp-content\/uploads\/2026\/03\/Pedals-d-Aran.jpg\" class=\"attachment-full size-full wp-image-29669\" alt=\"\" srcset=\"https:\/\/rutesentrerefugis.com\/wp-content\/uploads\/2026\/03\/Pedals-d-Aran.jpg 400w, https:\/\/rutesentrerefugis.com\/wp-content\/uploads\/2026\/03\/Pedals-d-Aran-300x210.jpg 300w\" sizes=\"(max-width: 400px) 100vw, 400px\" \/>\t\t<\/div>\n\t\t\t\t<div class=\"elementor-portfolio-item__overlay\">\n\t\t\t\t<h3 class=\"elementor-portfolio-item__title\">\n\t\tPEDALS D&#8217;ARAN\t\t<\/h3>\n\t\t\t\t<\/div>\n\t\t\t\t<\/a>\n\t\t<\/article>\n\t\t\t\t<article class=\"elementor-portfolio-item elementor-post  post-5878 post type-post status-publish format-standard has-post-thumbnail hentry category-btt-ca tag-guilleries-ca tag-la-selva-es-ca tag-massis-de-les-guilleries-ca tag-osona-es-ca tag-parc-natural-del-montseny-es-ca tag-pedales-del-mundo-es-ca tag-pedals-den-serrallonga-ca tag-sant-hilari-de-sacalm-ca tag-serralada-prelitoral-ca tag-serralada-transversal-ca tag-vilanova-de-sau-ca\" role=\"listitem\">\n\t\t\t<a class=\"elementor-post__thumbnail__link\" href=\"https:\/\/rutesentrerefugis.com\/index.php\/2018\/07\/25\/pedals-de-serrallonga\/\">\n\t\t\t\t<div class=\"elementor-portfolio-item__img elementor-post__thumbnail\">\n\t\t\t<img loading=\"lazy\" decoding=\"async\" width=\"400\" height=\"280\" src=\"https:\/\/rutesentrerefugis.com\/wp-content\/uploads\/2023\/01\/Pedals-d-en-Serrallonga-NW.jpg\" class=\"attachment-full size-full wp-image-5879\" alt=\"\" srcset=\"https:\/\/rutesentrerefugis.com\/wp-content\/uploads\/2023\/01\/Pedals-d-en-Serrallonga-NW.jpg 400w, https:\/\/rutesentrerefugis.com\/wp-content\/uploads\/2023\/01\/Pedals-d-en-Serrallonga-NW-300x210.jpg 300w\" sizes=\"(max-width: 400px) 100vw, 400px\" \/>\t\t<\/div>\n\t\t\t\t<div class=\"elementor-portfolio-item__overlay\">\n\t\t\t\t<h3 class=\"elementor-portfolio-item__title\">\n\t\tPEDALS D&#8217;EN SERRALLONGA\t\t<\/h3>\n\t\t\t\t<\/div>\n\t\t\t\t<\/a>\n\t\t<\/article>\n\t\t\t\t<article class=\"elementor-portfolio-item elementor-post  post-7567 post type-post status-publish format-standard has-post-thumbnail hentry category-btt-ca category-occitania-ca category-rutes-ca tag-alta-garona-ca tag-aspet-ca tag-bourg-doueil-ca tag-btt-ca tag-hautes-pyrenees-es-ca tag-les-ca tag-luchon-ca tag-occitania-ca tag-pays-de-trois-vallees-ca tag-pays-luchonnais-ca tag-pedals-doccitania-ca tag-st-bertrand-de-cominges-es-ca tag-val-daran-es-ca tag-vallee-de-la-barousse-ca tag-vielha-ca\" role=\"listitem\">\n\t\t\t<a class=\"elementor-post__thumbnail__link\" href=\"https:\/\/rutesentrerefugis.com\/index.php\/2018\/06\/09\/pedals-occitania\/\">\n\t\t\t\t<div class=\"elementor-portfolio-item__img elementor-post__thumbnail\">\n\t\t\t<img loading=\"lazy\" decoding=\"async\" width=\"400\" height=\"280\" src=\"https:\/\/rutesentrerefugis.com\/wp-content\/uploads\/2023\/02\/Pedals-d-Occitania-NW.jpg\" class=\"attachment-full size-full wp-image-7568\" alt=\"\" srcset=\"https:\/\/rutesentrerefugis.com\/wp-content\/uploads\/2023\/02\/Pedals-d-Occitania-NW.jpg 400w, https:\/\/rutesentrerefugis.com\/wp-content\/uploads\/2023\/02\/Pedals-d-Occitania-NW-300x210.jpg 300w\" sizes=\"(max-width: 400px) 100vw, 400px\" \/>\t\t<\/div>\n\t\t\t\t<div class=\"elementor-portfolio-item__overlay\">\n\t\t\t\t<h3 class=\"elementor-portfolio-item__title\">\n\t\tPEDALS D&#8217;OCCIT\u00c0NIA\t\t<\/h3>\n\t\t\t\t<\/div>\n\t\t\t\t<\/a>\n\t\t<\/article>\n\t\t\t\t<article class=\"elementor-portfolio-item elementor-post  post-5924 post type-post status-publish format-standard has-post-thumbnail hentry category-btt-ca tag-ason-aguera-ca tag-castro-urdiales-ca tag-cordillera-cantabrica-ca tag-costa-oriental-ca tag-guriezo-ca tag-isla-ca tag-pedales-del-mundo-es-ca tag-pedals-de-cantabria-ca tag-rasines-ca tag-ribamontan-al-mar-ca tag-santona-ca tag-solares-ca tag-trasmiera-ca\" role=\"listitem\">\n\t\t\t<a class=\"elementor-post__thumbnail__link\" href=\"https:\/\/rutesentrerefugis.com\/index.php\/2018\/07\/25\/pedals-de-cantabria\/\">\n\t\t\t\t<div class=\"elementor-portfolio-item__img elementor-post__thumbnail\">\n\t\t\t<img loading=\"lazy\" decoding=\"async\" width=\"400\" height=\"280\" src=\"https:\/\/rutesentrerefugis.com\/wp-content\/uploads\/2023\/01\/Pedales-de-Cantabria-NW.jpg\" class=\"attachment-full size-full wp-image-5925\" alt=\"\" srcset=\"https:\/\/rutesentrerefugis.com\/wp-content\/uploads\/2023\/01\/Pedales-de-Cantabria-NW.jpg 400w, https:\/\/rutesentrerefugis.com\/wp-content\/uploads\/2023\/01\/Pedales-de-Cantabria-NW-300x210.jpg 300w\" sizes=\"(max-width: 400px) 100vw, 400px\" \/>\t\t<\/div>\n\t\t\t\t<div class=\"elementor-portfolio-item__overlay\">\n\t\t\t\t<h3 class=\"elementor-portfolio-item__title\">\n\t\tPEDALS DE CANT\u00c0BRIA\t\t<\/h3>\n\t\t\t\t<\/div>\n\t\t\t\t<\/a>\n\t\t<\/article>\n\t\t\t\t<article class=\"elementor-portfolio-item elementor-post  post-1685 post type-post status-publish format-standard has-post-thumbnail hentry category-btt-ca category-pn-aiguestortes-ca tag-alos-disil-es-ca tag-arties-ca tag-astell-ca tag-bagergue-ca tag-betren-ca tag-boren-ca tag-casarilh-ca tag-castellars-ca tag-encantats-ca tag-erta-es-ca tag-espot-ca tag-espui-ca tag-garos-ca tag-gessa-ca tag-ginast-ca tag-gotarta-es-ca tag-guiro-es-ca tag-iran-ca tag-irgo-es-ca tag-isil-es-ca tag-la-torre-de-capdella-ca tag-les-esglesies-es-ca tag-malpas-ca tag-montgarri-ca tag-pallars-jussa-es-ca tag-pallars-sobira-es-ca tag-parc-nacional-daiguestortes-i-estany-de-sant-maurici-ca tag-pedals-de-foc-es-ca tag-raons-ca tag-ribagorca-ca tag-sant-maurici-es-ca tag-sas-ca tag-senet-ca tag-son-ca tag-sorpe-ca tag-unha-ca tag-val-daran-es-ca tag-valencia-daneu-ca tag-vall-de-boi-es-ca tag-vielha-ca tag-villaler-ca\" role=\"listitem\">\n\t\t\t<a class=\"elementor-post__thumbnail__link\" href=\"https:\/\/rutesentrerefugis.com\/index.php\/2018\/05\/07\/pedals-de-foc\/\">\n\t\t\t\t<div class=\"elementor-portfolio-item__img elementor-post__thumbnail\">\n\t\t\t<img loading=\"lazy\" decoding=\"async\" width=\"400\" height=\"280\" src=\"https:\/\/rutesentrerefugis.com\/wp-content\/uploads\/2022\/10\/Pedals-de-Foc-NW.jpg\" class=\"attachment-full size-full wp-image-1689\" alt=\"\" srcset=\"https:\/\/rutesentrerefugis.com\/wp-content\/uploads\/2022\/10\/Pedals-de-Foc-NW.jpg 400w, https:\/\/rutesentrerefugis.com\/wp-content\/uploads\/2022\/10\/Pedals-de-Foc-NW-300x210.jpg 300w\" sizes=\"(max-width: 400px) 100vw, 400px\" \/>\t\t<\/div>\n\t\t\t\t<div class=\"elementor-portfolio-item__overlay\">\n\t\t\t\t<h3 class=\"elementor-portfolio-item__title\">\n\t\tPEDALS DE FOC\t\t<\/h3>\n\t\t\t\t<\/div>\n\t\t\t\t<\/a>\n\t\t<\/article>\n\t\t\t\t<article class=\"elementor-portfolio-item elementor-post  post-29812 post type-post status-publish format-standard has-post-thumbnail hentry category-btt-ca tag-alt-emporda-ca tag-baix-emporda-ca tag-calella-de-palafrugell-ca tag-costa-vermella-ca tag-cotlliure-ca tag-el-port-de-la-selva-es-ca tag-lestartit-ca tag-llanca tag-parc-natural-del-cap-de-creus-ca tag-parc-natural-del-montgri-ca tag-parc-natural-dels-aiguamolls-de-lemporda-ca tag-pedales-del-mundo-es-ca tag-pedals-de-la-costa-brava-ca tag-roses-es-ca tag-rossello-ca\" role=\"listitem\">\n\t\t\t<a class=\"elementor-post__thumbnail__link\" href=\"https:\/\/rutesentrerefugis.com\/index.php\/2026\/03\/24\/pedals-de-la-costa-brava\/\">\n\t\t\t\t<div class=\"elementor-portfolio-item__img elementor-post__thumbnail\">\n\t\t\t<img loading=\"lazy\" decoding=\"async\" width=\"400\" height=\"280\" src=\"https:\/\/rutesentrerefugis.com\/wp-content\/uploads\/2026\/03\/Pedals-Costa-Brava.jpg\" class=\"attachment-full size-full wp-image-29813\" alt=\"\" srcset=\"https:\/\/rutesentrerefugis.com\/wp-content\/uploads\/2026\/03\/Pedals-Costa-Brava.jpg 400w, https:\/\/rutesentrerefugis.com\/wp-content\/uploads\/2026\/03\/Pedals-Costa-Brava-300x210.jpg 300w\" sizes=\"(max-width: 400px) 100vw, 400px\" \/>\t\t<\/div>\n\t\t\t\t<div class=\"elementor-portfolio-item__overlay\">\n\t\t\t\t<h3 class=\"elementor-portfolio-item__title\">\n\t\tPEDALS DE LA COSTA BRAVA\t\t<\/h3>\n\t\t\t\t<\/div>\n\t\t\t\t<\/a>\n\t\t<\/article>\n\t\t\t\t<article class=\"elementor-portfolio-item elementor-post  post-6043 post type-post status-publish format-standard has-post-thumbnail hentry category-btt-ca tag-cistierna-ca tag-cremenes-ca tag-la-mata-de-monteagudo-ca tag-lario-ca tag-leon-ca tag-lois-ca tag-montana-de-riano-es-ca tag-montana-oriental-es-ca tag-morgovejo-es-ca tag-pedales-de-leon-es-ca tag-pedales-del-mundo-es-ca tag-picos-de-europa-es-ca tag-posada-de-valdeon-es-ca tag-riano-es-ca tag-sajambre-es-ca tag-soto-de-sajambre-es-ca tag-tierra-de-la-reina-es-ca tag-valdeon-es-ca tag-valderrueda-es-ca tag-villafrea-de-la-reina-es-ca\" role=\"listitem\">\n\t\t\t<a class=\"elementor-post__thumbnail__link\" href=\"https:\/\/rutesentrerefugis.com\/index.php\/2020\/04\/01\/pedals-de-leon\/\">\n\t\t\t\t<div class=\"elementor-portfolio-item__img elementor-post__thumbnail\">\n\t\t\t<img loading=\"lazy\" decoding=\"async\" width=\"400\" height=\"280\" src=\"https:\/\/rutesentrerefugis.com\/wp-content\/uploads\/2023\/01\/Pedales-de-Leon-NW.jpg\" class=\"attachment-full size-full wp-image-6044\" alt=\"\" srcset=\"https:\/\/rutesentrerefugis.com\/wp-content\/uploads\/2023\/01\/Pedales-de-Leon-NW.jpg 400w, https:\/\/rutesentrerefugis.com\/wp-content\/uploads\/2023\/01\/Pedales-de-Leon-NW-300x210.jpg 300w\" sizes=\"(max-width: 400px) 100vw, 400px\" \/>\t\t<\/div>\n\t\t\t\t<div class=\"elementor-portfolio-item__overlay\">\n\t\t\t\t<h3 class=\"elementor-portfolio-item__title\">\n\t\tPEDALS DE LE\u00d3N\t\t<\/h3>\n\t\t\t\t<\/div>\n\t\t\t\t<\/a>\n\t\t<\/article>\n\t\t\t\t<article class=\"elementor-portfolio-item elementor-post  post-5969 post type-post status-publish format-standard has-post-thumbnail hentry category-btt-ca tag-cistierna-ca tag-montana-de-riano-es-ca tag-montana-oriental-es-ca tag-muntanya-oriental-lleonesa-ca tag-pedales-del-mundo-es-ca tag-pedals-de-les-mines-ca tag-sabero-ca tag-salamon-ca\" role=\"listitem\">\n\t\t\t<a class=\"elementor-post__thumbnail__link\" href=\"https:\/\/rutesentrerefugis.com\/index.php\/2018\/07\/25\/pedals-de-les-mines\/\">\n\t\t\t\t<div class=\"elementor-portfolio-item__img elementor-post__thumbnail\">\n\t\t\t<img loading=\"lazy\" decoding=\"async\" width=\"400\" height=\"280\" src=\"https:\/\/rutesentrerefugis.com\/wp-content\/uploads\/2023\/01\/Pedales-de-las-Minas-NW.jpg\" class=\"attachment-full size-full wp-image-5970\" alt=\"\" srcset=\"https:\/\/rutesentrerefugis.com\/wp-content\/uploads\/2023\/01\/Pedales-de-las-Minas-NW.jpg 400w, https:\/\/rutesentrerefugis.com\/wp-content\/uploads\/2023\/01\/Pedales-de-las-Minas-NW-300x210.jpg 300w\" sizes=\"(max-width: 400px) 100vw, 400px\" \/>\t\t<\/div>\n\t\t\t\t<div class=\"elementor-portfolio-item__overlay\">\n\t\t\t\t<h3 class=\"elementor-portfolio-item__title\">\n\t\tPEDALS DE LES MINES\t\t<\/h3>\n\t\t\t\t<\/div>\n\t\t\t\t<\/a>\n\t\t<\/article>\n\t\t\t\t<article class=\"elementor-portfolio-item elementor-post  post-6151 post type-post status-publish format-standard has-post-thumbnail hentry category-btt-ca tag-alaior-es-ca tag-ciutadella-es-ca tag-es-castell-es-ca tag-es-mercadal-es-ca tag-es-migjorn-gran-ca tag-ferreries-ca tag-mao-ca tag-menorca-ca tag-pedales-del-mundo-es-ca tag-pedals-de-menorca-ca tag-sant-lluis-ca\" role=\"listitem\">\n\t\t\t<a class=\"elementor-post__thumbnail__link\" href=\"https:\/\/rutesentrerefugis.com\/index.php\/2018\/07\/25\/pedals-de-menorca\/\">\n\t\t\t\t<div class=\"elementor-portfolio-item__img elementor-post__thumbnail\">\n\t\t\t<img loading=\"lazy\" decoding=\"async\" width=\"400\" height=\"280\" src=\"https:\/\/rutesentrerefugis.com\/wp-content\/uploads\/2023\/01\/Pedals-de-Menorca-NW.jpg\" class=\"attachment-full size-full wp-image-6152\" alt=\"\" srcset=\"https:\/\/rutesentrerefugis.com\/wp-content\/uploads\/2023\/01\/Pedals-de-Menorca-NW.jpg 400w, https:\/\/rutesentrerefugis.com\/wp-content\/uploads\/2023\/01\/Pedals-de-Menorca-NW-300x210.jpg 300w\" sizes=\"(max-width: 400px) 100vw, 400px\" \/>\t\t<\/div>\n\t\t\t\t<div class=\"elementor-portfolio-item__overlay\">\n\t\t\t\t<h3 class=\"elementor-portfolio-item__title\">\n\t\tPEDALS DE MENORCA\t\t<\/h3>\n\t\t\t\t<\/div>\n\t\t\t\t<\/a>\n\t\t<\/article>\n\t\t\t\t<article class=\"elementor-portfolio-item elementor-post  post-6089 post type-post status-publish format-standard has-post-thumbnail hentry category-btt-ca tag-alpujarra-es-ca tag-cadiar-es-ca tag-capileira-es-ca tag-cogollos-de-guadix-es-ca tag-granada-es-ca tag-guadix-es-ca tag-laroles-es-ca tag-niguelas-es-ca tag-pedales-de-granada-es-ca tag-pedales-del-mundo-es-ca tag-sierra-nevada-es-ca tag-vega-de-granada-es-ca\" role=\"listitem\">\n\t\t\t<a class=\"elementor-post__thumbnail__link\" href=\"https:\/\/rutesentrerefugis.com\/index.php\/2018\/07\/25\/pedals-de-granada\/\">\n\t\t\t\t<div class=\"elementor-portfolio-item__img elementor-post__thumbnail\">\n\t\t\t<img loading=\"lazy\" decoding=\"async\" width=\"400\" height=\"280\" src=\"https:\/\/rutesentrerefugis.com\/wp-content\/uploads\/2023\/01\/Pedales-de-Granada-NW.jpg\" class=\"attachment-full size-full wp-image-6090\" alt=\"\" srcset=\"https:\/\/rutesentrerefugis.com\/wp-content\/uploads\/2023\/01\/Pedales-de-Granada-NW.jpg 400w, https:\/\/rutesentrerefugis.com\/wp-content\/uploads\/2023\/01\/Pedales-de-Granada-NW-300x210.jpg 300w\" sizes=\"(max-width: 400px) 100vw, 400px\" \/>\t\t<\/div>\n\t\t\t\t<div class=\"elementor-portfolio-item__overlay\">\n\t\t\t\t<h3 class=\"elementor-portfolio-item__title\">\n\t\tPEDALS DE SIERRA NEVADA\t\t<\/h3>\n\t\t\t\t<\/div>\n\t\t\t\t<\/a>\n\t\t<\/article>\n\t\t\t\t<article class=\"elementor-portfolio-item elementor-post  post-6168 post type-post status-publish format-standard has-post-thumbnail hentry category-btt-ca category-ruta-del-cister-ca tag-cornudella-de-montsant-ca tag-monestir-de-poblet-ca tag-monestir-de-santes-creus-ca tag-monestir-de-vallbona-de-les-monges-ca tag-mont-ral-ca tag-pedales-del-mundo-es-ca tag-pedals-del-cister-ca tag-poblet-ca tag-rocafort-de-queralt-ca tag-rocallaura-ca tag-santes-creus-ca tag-vallbona-de-les-monges-ca tag-vilaverd-ca\" role=\"listitem\">\n\t\t\t<a class=\"elementor-post__thumbnail__link\" href=\"https:\/\/rutesentrerefugis.com\/index.php\/2018\/07\/25\/pedals-del-cister\/\">\n\t\t\t\t<div class=\"elementor-portfolio-item__img elementor-post__thumbnail\">\n\t\t\t<img loading=\"lazy\" decoding=\"async\" width=\"400\" height=\"280\" src=\"https:\/\/rutesentrerefugis.com\/wp-content\/uploads\/2023\/01\/Pedals-del-Cister-NW.jpg\" class=\"attachment-full size-full wp-image-6169\" alt=\"\" srcset=\"https:\/\/rutesentrerefugis.com\/wp-content\/uploads\/2023\/01\/Pedals-del-Cister-NW.jpg 400w, https:\/\/rutesentrerefugis.com\/wp-content\/uploads\/2023\/01\/Pedals-del-Cister-NW-300x210.jpg 300w\" sizes=\"(max-width: 400px) 100vw, 400px\" \/>\t\t<\/div>\n\t\t\t\t<div class=\"elementor-portfolio-item__overlay\">\n\t\t\t\t<h3 class=\"elementor-portfolio-item__title\">\n\t\tPEDALS DEL CISTER\t\t<\/h3>\n\t\t\t\t<\/div>\n\t\t\t\t<\/a>\n\t\t<\/article>\n\t\t\t\t<article class=\"elementor-portfolio-item elementor-post  post-6258 post type-post status-publish format-standard has-post-thumbnail hentry category-btt-ca tag-arenys-de-lledo-ca tag-baix-arago-ca tag-baix-maestrat-es-ca tag-beseit-es-ca tag-calaceite-es-ca tag-fredes-ca tag-la-fresneda-es-ca tag-matarranya-es-ca tag-monroyo-ca tag-parc-natural-del-matarranya-es-ca tag-parc-natural-dels-ports-de-beseit-es-ca tag-pedales-del-matarranya-ca tag-pedales-del-mundo-es-ca tag-penarroya-de-tastavins-es-ca tag-valjunquera-ca\" role=\"listitem\">\n\t\t\t<a class=\"elementor-post__thumbnail__link\" href=\"https:\/\/rutesentrerefugis.com\/index.php\/2020\/04\/01\/pedals-del-matarranya\/\">\n\t\t\t\t<div class=\"elementor-portfolio-item__img elementor-post__thumbnail\">\n\t\t\t<img loading=\"lazy\" decoding=\"async\" width=\"400\" height=\"280\" src=\"https:\/\/rutesentrerefugis.com\/wp-content\/uploads\/2023\/01\/Pedals-del-Matarranya-NW.jpg\" class=\"attachment-full size-full wp-image-6259\" alt=\"\" srcset=\"https:\/\/rutesentrerefugis.com\/wp-content\/uploads\/2023\/01\/Pedals-del-Matarranya-NW.jpg 400w, https:\/\/rutesentrerefugis.com\/wp-content\/uploads\/2023\/01\/Pedals-del-Matarranya-NW-300x210.jpg 300w\" sizes=\"(max-width: 400px) 100vw, 400px\" \/>\t\t<\/div>\n\t\t\t\t<div class=\"elementor-portfolio-item__overlay\">\n\t\t\t\t<h3 class=\"elementor-portfolio-item__title\">\n\t\tPEDALS DEL MATARRANYA\t\t<\/h3>\n\t\t\t\t<\/div>\n\t\t\t\t<\/a>\n\t\t<\/article>\n\t\t\t\t<article class=\"elementor-portfolio-item elementor-post  post-6008 post type-post status-publish format-standard has-post-thumbnail hentry category-btt-ca category-cadi-moixero-ca tag-alt-urgell-ca tag-bergueda-es-ca tag-gosol-ca tag-la-coma-i-la-pedra-es-ca tag-parc-natural-del-cadi-moixero-ca tag-pedales-del-mundo-es-ca tag-pedals-del-pedraforca-es-ca tag-port-del-comte-es-ca tag-solsones-ca tag-tuixent-ca\" role=\"listitem\">\n\t\t\t<a class=\"elementor-post__thumbnail__link\" href=\"https:\/\/rutesentrerefugis.com\/index.php\/2018\/05\/06\/pedals-del-pedraforca\/\">\n\t\t\t\t<div class=\"elementor-portfolio-item__img elementor-post__thumbnail\">\n\t\t\t<img loading=\"lazy\" decoding=\"async\" width=\"400\" height=\"280\" src=\"https:\/\/rutesentrerefugis.com\/wp-content\/uploads\/2023\/01\/Pedals-del-Pedraforca-NW.jpg\" class=\"attachment-full size-full wp-image-6009\" alt=\"\" srcset=\"https:\/\/rutesentrerefugis.com\/wp-content\/uploads\/2023\/01\/Pedals-del-Pedraforca-NW.jpg 400w, https:\/\/rutesentrerefugis.com\/wp-content\/uploads\/2023\/01\/Pedals-del-Pedraforca-NW-300x210.jpg 300w\" sizes=\"(max-width: 400px) 100vw, 400px\" \/>\t\t<\/div>\n\t\t\t\t<div class=\"elementor-portfolio-item__overlay\">\n\t\t\t\t<h3 class=\"elementor-portfolio-item__title\">\n\t\tPEDALS DEL PEDRAFORCA\t\t<\/h3>\n\t\t\t\t<\/div>\n\t\t\t\t<\/a>\n\t\t<\/article>\n\t\t\t\t<article class=\"elementor-portfolio-item elementor-post  post-6306 post type-post status-publish format-standard has-post-thumbnail hentry category-btt-ca tag-bellmunt-del-priorat-es-ca tag-cornudella-de-montsant-ca tag-escaladei-ca tag-falset-es-ca tag-gratallops-es-ca tag-la-morera-de-montsant-ca tag-la-vilella-alta-ca tag-la-vilella-baixa-ca tag-parc-natural-del-montsant-es-ca tag-pedales-del-mundo-es-ca tag-pedals-del-priorat-es-ca tag-poboleda-es-ca tag-priorat-ca tag-torroja-del-priorat-es-ca\" role=\"listitem\">\n\t\t\t<a class=\"elementor-post__thumbnail__link\" href=\"https:\/\/rutesentrerefugis.com\/index.php\/2018\/07\/25\/pedals-del-priorat\/\">\n\t\t\t\t<div class=\"elementor-portfolio-item__img elementor-post__thumbnail\">\n\t\t\t<img loading=\"lazy\" decoding=\"async\" width=\"400\" height=\"280\" src=\"https:\/\/rutesentrerefugis.com\/wp-content\/uploads\/2023\/01\/Pedals-del-Priorat-NW.jpg\" class=\"attachment-full size-full wp-image-6307\" alt=\"\" srcset=\"https:\/\/rutesentrerefugis.com\/wp-content\/uploads\/2023\/01\/Pedals-del-Priorat-NW.jpg 400w, https:\/\/rutesentrerefugis.com\/wp-content\/uploads\/2023\/01\/Pedals-del-Priorat-NW-300x210.jpg 300w\" sizes=\"(max-width: 400px) 100vw, 400px\" \/>\t\t<\/div>\n\t\t\t\t<div class=\"elementor-portfolio-item__overlay\">\n\t\t\t\t<h3 class=\"elementor-portfolio-item__title\">\n\t\tPEDALS DEL PRIORAT\t\t<\/h3>\n\t\t\t\t<\/div>\n\t\t\t\t<\/a>\n\t\t<\/article>\n\t\t\t\t<article class=\"elementor-portfolio-item elementor-post  post-6323 post type-post status-publish format-standard has-post-thumbnail hentry category-btt-ca tag-arnes-es-ca tag-baix-maestrat-es-ca tag-beseit-es-ca tag-caro-es-ca tag-coratxa-ca tag-els-ports-es-ca tag-fredes-ca tag-matarranya-es-ca tag-montsia-es-ca tag-parc-natural-de-la-tinenca-de-benifassa-es-ca tag-parc-natural-dels-ports-de-beseit-es-ca tag-pedales-del-mundo-es-ca tag-pedals-dels-ports-ca tag-pena-roja-de-tastavins-ca tag-pobla-de-benifassa-ca tag-terra-alta-es-ca tag-villabona-ca\" role=\"listitem\">\n\t\t\t<a class=\"elementor-post__thumbnail__link\" href=\"https:\/\/rutesentrerefugis.com\/index.php\/2020\/04\/01\/pedals-dels-ports\/\">\n\t\t\t\t<div class=\"elementor-portfolio-item__img elementor-post__thumbnail\">\n\t\t\t<img loading=\"lazy\" decoding=\"async\" width=\"400\" height=\"280\" src=\"https:\/\/rutesentrerefugis.com\/wp-content\/uploads\/2023\/01\/Pedales-de-los-Ports-NW.jpg\" class=\"attachment-full size-full wp-image-6324\" alt=\"\" srcset=\"https:\/\/rutesentrerefugis.com\/wp-content\/uploads\/2023\/01\/Pedales-de-los-Ports-NW.jpg 400w, https:\/\/rutesentrerefugis.com\/wp-content\/uploads\/2023\/01\/Pedales-de-los-Ports-NW-300x210.jpg 300w\" sizes=\"(max-width: 400px) 100vw, 400px\" \/>\t\t<\/div>\n\t\t\t\t<div class=\"elementor-portfolio-item__overlay\">\n\t\t\t\t<h3 class=\"elementor-portfolio-item__title\">\n\t\tPEDALS DELS PORTS\t\t<\/h3>\n\t\t\t\t<\/div>\n\t\t\t\t<\/a>\n\t\t<\/article>\n\t\t\t\t<article class=\"elementor-portfolio-item elementor-post  post-6340 post type-post status-publish format-standard has-post-thumbnail hentry category-btt-ca category-occitania-ca tag-arrens-marsous-ca tag-baudean-es-ca tag-cauterets-es-ca tag-hautes-pyrenees-es-ca tag-lourdes-es-ca tag-luz-saint-sauveur-ca tag-occitania-ca tag-pedales-del-mundo-es-ca tag-pedals-du-tourmalet-es-ca tag-sainte-marie-de-campan-es-ca\" role=\"listitem\">\n\t\t\t<a class=\"elementor-post__thumbnail__link\" href=\"https:\/\/rutesentrerefugis.com\/index.php\/2020\/04\/02\/pedals-du-tourmalet\/\">\n\t\t\t\t<div class=\"elementor-portfolio-item__img elementor-post__thumbnail\">\n\t\t\t<img loading=\"lazy\" decoding=\"async\" width=\"400\" height=\"280\" src=\"https:\/\/rutesentrerefugis.com\/wp-content\/uploads\/2023\/01\/Pedals-du-Tourmalet-NW.jpg\" class=\"attachment-full size-full wp-image-6341\" alt=\"\" srcset=\"https:\/\/rutesentrerefugis.com\/wp-content\/uploads\/2023\/01\/Pedals-du-Tourmalet-NW.jpg 400w, https:\/\/rutesentrerefugis.com\/wp-content\/uploads\/2023\/01\/Pedals-du-Tourmalet-NW-300x210.jpg 300w\" sizes=\"(max-width: 400px) 100vw, 400px\" \/>\t\t<\/div>\n\t\t\t\t<div class=\"elementor-portfolio-item__overlay\">\n\t\t\t\t<h3 class=\"elementor-portfolio-item__title\">\n\t\tPEDALS DU TOURMALET\t\t<\/h3>\n\t\t\t\t<\/div>\n\t\t\t\t<\/a>\n\t\t<\/article>\n\t\t\t\t<article class=\"elementor-portfolio-item elementor-post  post-6443 post type-post status-publish format-standard has-post-thumbnail hentry category-btt-ca category-penedes-ca tag-alt-penedes-es-ca tag-baix-penedes-es-ca tag-calafell-es-ca tag-garraf-es-ca tag-la-llacuna-es-ca tag-muntanyes-de-lordal-ca tag-parc-dolerdola-ca tag-parc-del-foix-es-ca tag-parc-del-garraf-es-ca tag-pontons-es-ca tag-priorat-ca tag-sant-sadurni-danoia-ca tag-santes-creus-ca tag-sitges-es-ca\" role=\"listitem\">\n\t\t\t<a class=\"elementor-post__thumbnail__link\" href=\"https:\/\/rutesentrerefugis.com\/index.php\/2021\/01\/09\/penedes-360-en-btt\/\">\n\t\t\t\t<div class=\"elementor-portfolio-item__img elementor-post__thumbnail\">\n\t\t\t<img loading=\"lazy\" decoding=\"async\" width=\"400\" height=\"280\" src=\"https:\/\/rutesentrerefugis.com\/wp-content\/uploads\/2023\/01\/Penedes-360-BTT.jpg\" class=\"attachment-full size-full wp-image-6444\" alt=\"\" srcset=\"https:\/\/rutesentrerefugis.com\/wp-content\/uploads\/2023\/01\/Penedes-360-BTT.jpg 400w, https:\/\/rutesentrerefugis.com\/wp-content\/uploads\/2023\/01\/Penedes-360-BTT-300x210.jpg 300w\" sizes=\"(max-width: 400px) 100vw, 400px\" \/>\t\t<\/div>\n\t\t\t\t<div class=\"elementor-portfolio-item__overlay\">\n\t\t\t\t<h3 class=\"elementor-portfolio-item__title\">\n\t\tPENED\u00c8S 360\u00ba EN BTT\t\t<\/h3>\n\t\t\t\t<\/div>\n\t\t\t\t<\/a>\n\t\t<\/article>\n\t\t\t\t<article class=\"elementor-portfolio-item elementor-post  post-7608 post type-post status-publish format-standard has-post-thumbnail hentry category-btt-ca category-rutes-ca category-cadi-moixero-ca tag-alt-bergueda-es-ca tag-bergueda-es-ca tag-btt-ca tag-cerdanya-ca tag-la-closa-ca tag-moli-serradell-ca tag-parc-natural-del-cadi-moixero-ca tag-refugi-arderico-ca tag-refugi-erols-ca tag-refugi-niu-de-laliga-ca tag-ripolles-ca tag-ruta-de-lermita-ca tag-serra-de-catllaras-ca tag-serra-de-montgrony-ca\" role=\"listitem\">\n\t\t\t<a class=\"elementor-post__thumbnail__link\" href=\"https:\/\/rutesentrerefugis.com\/index.php\/2018\/06\/16\/ruta-ermita-en-btt\/\">\n\t\t\t\t<div class=\"elementor-portfolio-item__img elementor-post__thumbnail\">\n\t\t\t<img loading=\"lazy\" decoding=\"async\" width=\"400\" height=\"280\" src=\"https:\/\/rutesentrerefugis.com\/wp-content\/uploads\/2023\/02\/Ruta-de-l-Ermita-NW.jpg\" class=\"attachment-full size-full wp-image-7609\" alt=\"\" srcset=\"https:\/\/rutesentrerefugis.com\/wp-content\/uploads\/2023\/02\/Ruta-de-l-Ermita-NW.jpg 400w, https:\/\/rutesentrerefugis.com\/wp-content\/uploads\/2023\/02\/Ruta-de-l-Ermita-NW-300x210.jpg 300w\" sizes=\"(max-width: 400px) 100vw, 400px\" \/>\t\t<\/div>\n\t\t\t\t<div class=\"elementor-portfolio-item__overlay\">\n\t\t\t\t<h3 class=\"elementor-portfolio-item__title\">\n\t\tRUTA DE L&#8217;ERMIT\u00c0 EN BTT\t\t<\/h3>\n\t\t\t\t<\/div>\n\t\t\t\t<\/a>\n\t\t<\/article>\n\t\t\t\t<article class=\"elementor-portfolio-item elementor-post  post-7627 post type-post status-publish format-standard has-post-thumbnail hentry category-btt category-ruta-del-ter category-rutes tag-baix-emporda tag-btt tag-costa-brava tag-girona tag-girones tag-gola-del-ter tag-la-selva tag-manlleu tag-osona tag-pirineu-oriental tag-ripoll tag-ripolles-2 tag-ruta-del-ter tag-torroella-de-montgri tag-ulldeter\" role=\"listitem\">\n\t\t\t<a class=\"elementor-post__thumbnail__link\" href=\"https:\/\/rutesentrerefugis.com\/index.php\/2018\/06\/16\/ruta-del-ter-en-btt\/\">\n\t\t\t\t<div class=\"elementor-portfolio-item__img elementor-post__thumbnail\">\n\t\t\t<img loading=\"lazy\" decoding=\"async\" width=\"400\" height=\"280\" src=\"https:\/\/rutesentrerefugis.com\/wp-content\/uploads\/2023\/02\/Ruta-del-Ter-NW.jpg\" class=\"attachment-full size-full wp-image-7628\" alt=\"\" srcset=\"https:\/\/rutesentrerefugis.com\/wp-content\/uploads\/2023\/02\/Ruta-del-Ter-NW.jpg 400w, https:\/\/rutesentrerefugis.com\/wp-content\/uploads\/2023\/02\/Ruta-del-Ter-NW-300x210.jpg 300w\" sizes=\"(max-width: 400px) 100vw, 400px\" \/>\t\t<\/div>\n\t\t\t\t<div class=\"elementor-portfolio-item__overlay\">\n\t\t\t\t<h3 class=\"elementor-portfolio-item__title\">\n\t\tRUTA DEL TER EN BTT\t\t<\/h3>\n\t\t\t\t<\/div>\n\t\t\t\t<\/a>\n\t\t<\/article>\n\t\t\t\t<article class=\"elementor-portfolio-item elementor-post  post-28008 post type-post status-publish format-standard has-post-thumbnail hentry category-btt-ca category-ultima-ruta tag-besalu-es-ca tag-btt-ca tag-cantonigros-ca tag-castellfollit-de-la-roca-es-ca tag-garrotxa-ca tag-joanetes tag-mieres-es-ca tag-mtb-es-ca tag-olot-ca tag-osona-es-ca tag-parc-natural-zona-volcanica-de-la-garrotxa-es-ca tag-rupit-ca tag-ruta-de-los-volcanes tag-ruta-dels-volcans tag-santa-pau-es-ca tag-torello-ca tag-tracks-bikefriendly\" role=\"listitem\">\n\t\t\t<a class=\"elementor-post__thumbnail__link\" href=\"https:\/\/rutesentrerefugis.com\/index.php\/2025\/09\/01\/tracks-dels-volcans\/\">\n\t\t\t\t<div class=\"elementor-portfolio-item__img elementor-post__thumbnail\">\n\t\t\t<img loading=\"lazy\" decoding=\"async\" width=\"400\" height=\"280\" src=\"https:\/\/rutesentrerefugis.com\/wp-content\/uploads\/2025\/09\/Ruta-Volcans-MTB.jpg\" class=\"attachment-full size-full wp-image-28052\" alt=\"\" srcset=\"https:\/\/rutesentrerefugis.com\/wp-content\/uploads\/2025\/09\/Ruta-Volcans-MTB.jpg 400w, https:\/\/rutesentrerefugis.com\/wp-content\/uploads\/2025\/09\/Ruta-Volcans-MTB-300x210.jpg 300w\" sizes=\"(max-width: 400px) 100vw, 400px\" \/>\t\t<\/div>\n\t\t\t\t<div class=\"elementor-portfolio-item__overlay\">\n\t\t\t\t<h3 class=\"elementor-portfolio-item__title\">\n\t\tRUTA DELS VOLCANS\t\t<\/h3>\n\t\t\t\t<\/div>\n\t\t\t\t<\/a>\n\t\t<\/article>\n\t\t\t\t<article class=\"elementor-portfolio-item elementor-post  post-4740 post type-post status-publish format-standard has-post-thumbnail hentry category-andorra-ca category-btt-ca tag-alt-urgell-ca tag-andorra-ca tag-andorra-bike-tracks-ca tag-andorra-la-vella-ca tag-ars-ca tag-canillo-ca tag-el-tarter-ca tag-encamp-ca tag-escaldes-engordany-ca tag-grandvalira-ca tag-la-farga-de-moles-ca tag-la-massana-es-ca tag-la-seu-durgell-ca tag-naturlandia-ca tag-os-de-civis-2-ca tag-pas-de-la-casa-ca tag-sant-julia-de-loria-ca tag-soldeu-ca tag-tracks-tour-ca\" role=\"listitem\">\n\t\t\t<a class=\"elementor-post__thumbnail__link\" href=\"https:\/\/rutesentrerefugis.com\/index.php\/2021\/01\/12\/tracks-andorra-btt\/\">\n\t\t\t\t<div class=\"elementor-portfolio-item__img elementor-post__thumbnail\">\n\t\t\t<img loading=\"lazy\" decoding=\"async\" width=\"400\" height=\"280\" src=\"https:\/\/rutesentrerefugis.com\/wp-content\/uploads\/2022\/12\/Tracks-Andorra-NW.jpg\" class=\"attachment-full size-full wp-image-4741\" alt=\"\" srcset=\"https:\/\/rutesentrerefugis.com\/wp-content\/uploads\/2022\/12\/Tracks-Andorra-NW.jpg 400w, https:\/\/rutesentrerefugis.com\/wp-content\/uploads\/2022\/12\/Tracks-Andorra-NW-300x210.jpg 300w\" sizes=\"(max-width: 400px) 100vw, 400px\" \/>\t\t<\/div>\n\t\t\t\t<div class=\"elementor-portfolio-item__overlay\">\n\t\t\t\t<h3 class=\"elementor-portfolio-item__title\">\n\t\tTRACKS ANDORRA BTT\t\t<\/h3>\n\t\t\t\t<\/div>\n\t\t\t\t<\/a>\n\t\t<\/article>\n\t\t\t\t<article class=\"elementor-portfolio-item elementor-post  post-5244 post type-post status-publish format-standard has-post-thumbnail hentry category-btt-ca category-cadi-moixero-ca tag-alas-ca tag-alt-urgell-ca tag-baga-es-ca tag-baixa-cerdanya-es-ca tag-bellver-de-cerdanya-es-ca tag-bergueda-es-ca tag-cornellana-ca tag-frontera-park-ca tag-la-seu-durgell-ca tag-lles-de-cerdanya-ca tag-parc-natural-de-lalt-pirineu-ca tag-parc-natural-del-cadi-moixero-ca tag-puigcerda-ca tag-refugi-de-la-basseta-es-ca tag-sant-joan-de-lerm-ca\" role=\"listitem\">\n\t\t\t<a class=\"elementor-post__thumbnail__link\" href=\"https:\/\/rutesentrerefugis.com\/index.php\/2018\/05\/08\/trinxat-btt\/\">\n\t\t\t\t<div class=\"elementor-portfolio-item__img elementor-post__thumbnail\">\n\t\t\t<img loading=\"lazy\" decoding=\"async\" width=\"400\" height=\"280\" src=\"https:\/\/rutesentrerefugis.com\/wp-content\/uploads\/2022\/12\/Trinxat-BTT-NW.jpg\" class=\"attachment-full size-full wp-image-5245\" alt=\"\" srcset=\"https:\/\/rutesentrerefugis.com\/wp-content\/uploads\/2022\/12\/Trinxat-BTT-NW.jpg 400w, https:\/\/rutesentrerefugis.com\/wp-content\/uploads\/2022\/12\/Trinxat-BTT-NW-300x210.jpg 300w\" sizes=\"(max-width: 400px) 100vw, 400px\" \/>\t\t<\/div>\n\t\t\t\t<div class=\"elementor-portfolio-item__overlay\">\n\t\t\t\t<h3 class=\"elementor-portfolio-item__title\">\n\t\tTRINXAT BTT\t\t<\/h3>\n\t\t\t\t<\/div>\n\t\t\t\t<\/a>\n\t\t<\/article>\n\t\t\t\t<article class=\"elementor-portfolio-item elementor-post  post-5267 post type-post status-publish format-standard has-post-thumbnail hentry category-btt-ca category-rutes-ca category-cadi-moixero-ca tag-alas-ca tag-alt-urgell-ca tag-baga-es-ca tag-baixa-cerdanya-es-ca tag-bellver-de-cerdanya-es-ca tag-bergueda-es-ca tag-cornellana-ca tag-frontera-park-ca tag-la-seu-durgell-ca tag-lles-de-cerdanya-ca tag-parc-natural-de-lalt-pirineu-ca tag-parc-natural-del-cadi-moixero-ca tag-puigcerda-ca tag-refugi-de-la-basseta-es-ca tag-sant-joan-de-lerm-ca\" role=\"listitem\">\n\t\t\t<a class=\"elementor-post__thumbnail__link\" href=\"https:\/\/rutesentrerefugis.com\/index.php\/2018\/05\/08\/trinxat-express-btt\/\">\n\t\t\t\t<div class=\"elementor-portfolio-item__img elementor-post__thumbnail\">\n\t\t\t<img loading=\"lazy\" decoding=\"async\" width=\"400\" height=\"280\" src=\"https:\/\/rutesentrerefugis.com\/wp-content\/uploads\/2022\/12\/Trinxat-Expres-BTT-NW.jpg\" class=\"attachment-full size-full wp-image-5246\" alt=\"\" srcset=\"https:\/\/rutesentrerefugis.com\/wp-content\/uploads\/2022\/12\/Trinxat-Expres-BTT-NW.jpg 400w, https:\/\/rutesentrerefugis.com\/wp-content\/uploads\/2022\/12\/Trinxat-Expres-BTT-NW-300x210.jpg 300w\" sizes=\"(max-width: 400px) 100vw, 400px\" \/>\t\t<\/div>\n\t\t\t\t<div class=\"elementor-portfolio-item__overlay\">\n\t\t\t\t<h3 class=\"elementor-portfolio-item__title\">\n\t\tTRINXAT EXPRESS BTT\t\t<\/h3>\n\t\t\t\t<\/div>\n\t\t\t\t<\/a>\n\t\t<\/article>\n\t\t\t\t<article class=\"elementor-portfolio-item elementor-post  post-5832 post type-post status-publish format-standard has-post-thumbnail hentry category-btt-ca tag-brinas-es-ca tag-ezcaray-ca tag-la-rioja-ca tag-la-rioja-alta-ca tag-logrono-ca tag-rioja-media-es-ca tag-viniegra-de-abajo-es-ca\" role=\"listitem\">\n\t\t\t<a class=\"elementor-post__thumbnail__link\" href=\"https:\/\/rutesentrerefugis.com\/index.php\/2020\/05\/23\/turons-de-la-rioja\/\">\n\t\t\t\t<div class=\"elementor-portfolio-item__img elementor-post__thumbnail\">\n\t\t\t<img loading=\"lazy\" decoding=\"async\" width=\"400\" height=\"280\" src=\"https:\/\/rutesentrerefugis.com\/wp-content\/uploads\/2023\/01\/Ruedas-de-Lana-03.jpg\" class=\"attachment-full size-full wp-image-5835\" alt=\"\" srcset=\"https:\/\/rutesentrerefugis.com\/wp-content\/uploads\/2023\/01\/Ruedas-de-Lana-03.jpg 400w, https:\/\/rutesentrerefugis.com\/wp-content\/uploads\/2023\/01\/Ruedas-de-Lana-03-300x210.jpg 300w\" sizes=\"(max-width: 400px) 100vw, 400px\" \/>\t\t<\/div>\n\t\t\t\t<div class=\"elementor-portfolio-item__overlay\">\n\t\t\t\t<h3 class=\"elementor-portfolio-item__title\">\n\t\tTURONS DE LA RIOJA\t\t<\/h3>\n\t\t\t\t<\/div>\n\t\t\t\t<\/a>\n\t\t<\/article>\n\t\t\t\t<article class=\"elementor-portfolio-item elementor-post  post-5294 post type-post status-publish format-standard has-post-thumbnail hentry category-btt-ca category-rutes-ca category-cadi-moixero-ca tag-alas-ca tag-alt-urgell-ca tag-baga-es-ca tag-baixa-cerdanya-es-ca tag-bellver-de-cerdanya-es-ca tag-bergueda-es-ca tag-cornellana-ca tag-frontera-park-ca tag-la-seu-durgell-ca tag-lles-de-cerdanya-ca tag-parc-natural-de-lalt-pirineu-ca tag-parc-natural-del-cadi-moixero-ca tag-puigcerda-ca tag-refugi-de-la-basseta-es-ca tag-sant-joan-de-lerm-ca\" role=\"listitem\">\n\t\t\t<a class=\"elementor-post__thumbnail__link\" href=\"https:\/\/rutesentrerefugis.com\/index.php\/2018\/05\/08\/urgellet-expres-btt\/\">\n\t\t\t\t<div class=\"elementor-portfolio-item__img elementor-post__thumbnail\">\n\t\t\t<img loading=\"lazy\" decoding=\"async\" width=\"400\" height=\"280\" src=\"https:\/\/rutesentrerefugis.com\/wp-content\/uploads\/2022\/12\/Urgellet-Express-BTT.jpg\" class=\"attachment-full size-full wp-image-5247\" alt=\"\" srcset=\"https:\/\/rutesentrerefugis.com\/wp-content\/uploads\/2022\/12\/Urgellet-Express-BTT.jpg 400w, https:\/\/rutesentrerefugis.com\/wp-content\/uploads\/2022\/12\/Urgellet-Express-BTT-300x210.jpg 300w\" sizes=\"(max-width: 400px) 100vw, 400px\" \/>\t\t<\/div>\n\t\t\t\t<div class=\"elementor-portfolio-item__overlay\">\n\t\t\t\t<h3 class=\"elementor-portfolio-item__title\">\n\t\tURGELLET EXPRES BTT\t\t<\/h3>\n\t\t\t\t<\/div>\n\t\t\t\t<\/a>\n\t\t<\/article>\n\t\t\t\t<article class=\"elementor-portfolio-item elementor-post  post-6212 post type-post status-publish format-standard has-post-thumbnail hentry category-btt-ca tag-cabaces-ca tag-cornudella-de-montsant-ca tag-ermita-de-sant-antoni-ca tag-ermita-de-sant-joan-del-codolar-ca tag-ermita-de-santa-magdalena-ca tag-escaladei-ca tag-hostalets-dalbarca-ca tag-la-bisbal-de-falset-ca tag-la-cartoixa-descaladei-ca tag-la-figuera-ca tag-la-morera-de-montsant-ca tag-la-vilella-alta-ca tag-la-vilella-baixa-ca tag-margalef-ca tag-mas-den-gil-ca tag-mas-de-sant-blai-ca tag-presa-del-panta-de-margalef-ca tag-ulldemolins-ca\" role=\"listitem\">\n\t\t\t<a class=\"elementor-post__thumbnail__link\" href=\"https:\/\/rutesentrerefugis.com\/index.php\/2023\/01\/15\/via-montsant\/\">\n\t\t\t\t<div class=\"elementor-portfolio-item__img elementor-post__thumbnail\">\n\t\t\t<img loading=\"lazy\" decoding=\"async\" width=\"400\" height=\"280\" src=\"https:\/\/rutesentrerefugis.com\/wp-content\/uploads\/2023\/01\/Via-Montsant-NW.jpg\" class=\"attachment-full size-full wp-image-6214\" alt=\"\" srcset=\"https:\/\/rutesentrerefugis.com\/wp-content\/uploads\/2023\/01\/Via-Montsant-NW.jpg 400w, https:\/\/rutesentrerefugis.com\/wp-content\/uploads\/2023\/01\/Via-Montsant-NW-300x210.jpg 300w\" sizes=\"(max-width: 400px) 100vw, 400px\" \/>\t\t<\/div>\n\t\t\t\t<div class=\"elementor-portfolio-item__overlay\">\n\t\t\t\t<h3 class=\"elementor-portfolio-item__title\">\n\t\tVIA MONTSANT\t\t<\/h3>\n\t\t\t\t<\/div>\n\t\t\t\t<\/a>\n\t\t<\/article>\n\t\t\t\t<article class=\"elementor-portfolio-item elementor-post  post-5219 post type-post status-publish format-standard has-post-thumbnail hentry category-btt-ca category-cadi-moixero-ca tag-alas-ca tag-alt-urgell-ca tag-baga-es-ca tag-baixa-cerdanya-es-ca tag-bellver-de-cerdanya-es-ca tag-bergueda-es-ca tag-cornellana-ca tag-la-seu-durgell-ca tag-parc-natural-del-cadi-moixero-ca\" role=\"listitem\">\n\t\t\t<a class=\"elementor-post__thumbnail__link\" href=\"https:\/\/rutesentrerefugis.com\/index.php\/2018\/05\/08\/volta-cadi-moixero-en-btt\/\">\n\t\t\t\t<div class=\"elementor-portfolio-item__img elementor-post__thumbnail\">\n\t\t\t<img loading=\"lazy\" decoding=\"async\" width=\"400\" height=\"280\" src=\"https:\/\/rutesentrerefugis.com\/wp-content\/uploads\/2022\/12\/Volta-al-Cadi-Moixero-NW.jpg\" class=\"attachment-full size-full wp-image-5220\" alt=\"\" srcset=\"https:\/\/rutesentrerefugis.com\/wp-content\/uploads\/2022\/12\/Volta-al-Cadi-Moixero-NW.jpg 400w, https:\/\/rutesentrerefugis.com\/wp-content\/uploads\/2022\/12\/Volta-al-Cadi-Moixero-NW-300x210.jpg 300w\" sizes=\"(max-width: 400px) 100vw, 400px\" \/>\t\t<\/div>\n\t\t\t\t<div class=\"elementor-portfolio-item__overlay\">\n\t\t\t\t<h3 class=\"elementor-portfolio-item__title\">\n\t\tVOLTA CAD\u00cd-MOIXER\u00d3 EN BTT\t\t<\/h3>\n\t\t\t\t<\/div>\n\t\t\t\t<\/a>\n\t\t<\/article>\n\t\t\t\t<\/div>\n\t\t\t\t\t\t<\/div>\n\t\t\t\t<\/div>\n\t\t\t\t\t<\/div>\n\t\t<\/div>\n\t\t\t\t\t<\/div>\n\t\t<\/section>\n\t\t\t\t<section class=\"elementor-section elementor-top-section elementor-element elementor-element-bc06efa elementor-section-full_width elementor-section-height-default elementor-section-height-default\" data-id=\"bc06efa\" data-element_type=\"section\" data-e-type=\"section\">\n\t\t\t\t\t\t<div class=\"elementor-container elementor-column-gap-default\">\n\t\t\t\t\t<div class=\"elementor-column elementor-col-100 elementor-top-column elementor-element elementor-element-42eccfc\" data-id=\"42eccfc\" data-element_type=\"column\" data-e-type=\"column\">\n\t\t\t<div class=\"elementor-widget-wrap elementor-element-populated\">\n\t\t\t\t\t\t<div class=\"elementor-element elementor-element-9dcb69a elementor-widget elementor-widget-spacer\" data-id=\"9dcb69a\" data-element_type=\"widget\" data-e-type=\"widget\" data-widget_type=\"spacer.default\">\n\t\t\t\t<div class=\"elementor-widget-container\">\n\t\t\t\t\t\t\t<div class=\"elementor-spacer\">\n\t\t\t<div class=\"elementor-spacer-inner\"><\/div>\n\t\t<\/div>\n\t\t\t\t\t\t<\/div>\n\t\t\t\t<\/div>\n\t\t\t\t\t<\/div>\n\t\t<\/div>\n\t\t\t\t\t<\/div>\n\t\t<\/section>\n\t\t\t\t<\/div>\n\t\t","protected":false},"excerpt":{"rendered":"<p>\u00b7 RUTES AMB BTT \u00b7<\/p>\n","protected":false},"author":2,"featured_media":0,"parent":16,"menu_order":0,"comment_status":"closed","ping_status":"closed","template":"elementor_header_footer","meta":{"_monsterinsights_skip_tracking":false,"_monsterinsights_sitenote_active":false,"_monsterinsights_sitenote_note":"","_monsterinsights_sitenote_category":0,"footnotes":""},"class_list":["post-854","page","type-page","status-publish","hentry"],"yoast_head":"<!-- This site is optimized with the Yoast SEO plugin v27.5 - https:\/\/yoast.com\/product\/yoast-seo-wordpress\/ -->\n<title>RUTES AMB BTT - Rutes Entre Refugis<\/title>\n<meta name=\"robots\" content=\"index, follow, max-snippet:-1, max-image-preview:large, max-video-preview:-1\" \/>\n<link rel=\"canonical\" href=\"https:\/\/rutesentrerefugis.com\/index.php\/rutes\/rutes-amb-btt\/\" \/>\n<meta property=\"og:locale\" content=\"es_ES\" \/>\n<meta property=\"og:type\" content=\"article\" \/>\n<meta property=\"og:title\" content=\"RUTES AMB BTT - Rutes Entre Refugis\" \/>\n<meta property=\"og:description\" content=\"\u00b7 RUTES AMB BTT \u00b7\" \/>\n<meta property=\"og:url\" content=\"https:\/\/rutesentrerefugis.com\/index.php\/rutes\/rutes-amb-btt\/\" \/>\n<meta property=\"og:site_name\" content=\"Rutes Entre Refugis\" \/>\n<meta property=\"article:modified_time\" content=\"2023-11-01T12:41:34+00:00\" \/>\n<meta property=\"og:image\" content=\"https:\/\/rutesentrerefugis.com\/wp-content\/uploads\/2022\/08\/BTT-Inici-NW-1.jpg\" \/>\n<meta name=\"twitter:card\" content=\"summary_large_image\" \/>\n<meta name=\"twitter:label1\" content=\"Tiempo de lectura\" \/>\n\t<meta name=\"twitter:data1\" content=\"10 minutos\" \/>\n<script type=\"application\/ld+json\" class=\"yoast-schema-graph\">{\"@context\":\"https:\\\/\\\/schema.org\",\"@graph\":[{\"@type\":\"WebPage\",\"@id\":\"https:\\\/\\\/rutesentrerefugis.com\\\/index.php\\\/rutes\\\/rutes-amb-btt\\\/\",\"url\":\"https:\\\/\\\/rutesentrerefugis.com\\\/index.php\\\/rutes\\\/rutes-amb-btt\\\/\",\"name\":\"RUTES AMB BTT - Rutes Entre Refugis\",\"isPartOf\":{\"@id\":\"https:\\\/\\\/rutesentrerefugis.com\\\/#website\"},\"primaryImageOfPage\":{\"@id\":\"https:\\\/\\\/rutesentrerefugis.com\\\/index.php\\\/rutes\\\/rutes-amb-btt\\\/#primaryimage\"},\"image\":{\"@id\":\"https:\\\/\\\/rutesentrerefugis.com\\\/index.php\\\/rutes\\\/rutes-amb-btt\\\/#primaryimage\"},\"thumbnailUrl\":\"https:\\\/\\\/rutesentrerefugis.com\\\/wp-content\\\/uploads\\\/2022\\\/08\\\/BTT-Inici-NW-1.jpg\",\"datePublished\":\"2022-08-25T16:13:29+00:00\",\"dateModified\":\"2023-11-01T12:41:34+00:00\",\"breadcrumb\":{\"@id\":\"https:\\\/\\\/rutesentrerefugis.com\\\/index.php\\\/rutes\\\/rutes-amb-btt\\\/#breadcrumb\"},\"inLanguage\":\"es\",\"potentialAction\":[{\"@type\":\"ReadAction\",\"target\":[\"https:\\\/\\\/rutesentrerefugis.com\\\/index.php\\\/rutes\\\/rutes-amb-btt\\\/\"]}]},{\"@type\":\"ImageObject\",\"inLanguage\":\"es\",\"@id\":\"https:\\\/\\\/rutesentrerefugis.com\\\/index.php\\\/rutes\\\/rutes-amb-btt\\\/#primaryimage\",\"url\":\"https:\\\/\\\/rutesentrerefugis.com\\\/wp-content\\\/uploads\\\/2022\\\/08\\\/BTT-Inici-NW-1.jpg\",\"contentUrl\":\"https:\\\/\\\/rutesentrerefugis.com\\\/wp-content\\\/uploads\\\/2022\\\/08\\\/BTT-Inici-NW-1.jpg\",\"width\":2000,\"height\":450,\"caption\":\"Rutes Entre Refugis\"},{\"@type\":\"BreadcrumbList\",\"@id\":\"https:\\\/\\\/rutesentrerefugis.com\\\/index.php\\\/rutes\\\/rutes-amb-btt\\\/#breadcrumb\",\"itemListElement\":[{\"@type\":\"ListItem\",\"position\":1,\"name\":\"Inici\",\"item\":\"https:\\\/\\\/rutesentrerefugis.com\\\/\"},{\"@type\":\"ListItem\",\"position\":2,\"name\":\"RUTES\",\"item\":\"https:\\\/\\\/rutesentrerefugis.com\\\/index.php\\\/rutes\\\/\"},{\"@type\":\"ListItem\",\"position\":3,\"name\":\"RUTES AMB BTT\"}]},{\"@type\":\"WebSite\",\"@id\":\"https:\\\/\\\/rutesentrerefugis.com\\\/#website\",\"url\":\"https:\\\/\\\/rutesentrerefugis.com\\\/\",\"name\":\"Rutes Entre Refugis\",\"description\":\"Caminant sota un nom\",\"publisher\":{\"@id\":\"https:\\\/\\\/rutesentrerefugis.com\\\/#organization\"},\"potentialAction\":[{\"@type\":\"SearchAction\",\"target\":{\"@type\":\"EntryPoint\",\"urlTemplate\":\"https:\\\/\\\/rutesentrerefugis.com\\\/?s={search_term_string}\"},\"query-input\":{\"@type\":\"PropertyValueSpecification\",\"valueRequired\":true,\"valueName\":\"search_term_string\"}}],\"inLanguage\":\"es\"},{\"@type\":\"Organization\",\"@id\":\"https:\\\/\\\/rutesentrerefugis.com\\\/#organization\",\"name\":\"Rutes Entre Refugis\",\"url\":\"https:\\\/\\\/rutesentrerefugis.com\\\/\",\"logo\":{\"@type\":\"ImageObject\",\"inLanguage\":\"es\",\"@id\":\"https:\\\/\\\/rutesentrerefugis.com\\\/#\\\/schema\\\/logo\\\/image\\\/\",\"url\":\"https:\\\/\\\/rutesentrerefugis.com\\\/wp-content\\\/uploads\\\/2022\\\/08\\\/RutesEntreRefugis-Blanc-Retina-1.png\",\"contentUrl\":\"https:\\\/\\\/rutesentrerefugis.com\\\/wp-content\\\/uploads\\\/2022\\\/08\\\/RutesEntreRefugis-Blanc-Retina-1.png\",\"width\":400,\"height\":400,\"caption\":\"Rutes Entre Refugis\"},\"image\":{\"@id\":\"https:\\\/\\\/rutesentrerefugis.com\\\/#\\\/schema\\\/logo\\\/image\\\/\"}}]}<\/script>\n<!-- \/ Yoast SEO plugin. -->","yoast_head_json":{"title":"RUTES AMB BTT - Rutes Entre Refugis","robots":{"index":"index","follow":"follow","max-snippet":"max-snippet:-1","max-image-preview":"max-image-preview:large","max-video-preview":"max-video-preview:-1"},"canonical":"https:\/\/rutesentrerefugis.com\/index.php\/rutes\/rutes-amb-btt\/","og_locale":"es_ES","og_type":"article","og_title":"RUTES AMB BTT - Rutes Entre Refugis","og_description":"\u00b7 RUTES AMB BTT \u00b7","og_url":"https:\/\/rutesentrerefugis.com\/index.php\/rutes\/rutes-amb-btt\/","og_site_name":"Rutes Entre Refugis","article_modified_time":"2023-11-01T12:41:34+00:00","og_image":[{"url":"https:\/\/rutesentrerefugis.com\/wp-content\/uploads\/2022\/08\/BTT-Inici-NW-1.jpg","type":"","width":"","height":""}],"twitter_card":"summary_large_image","twitter_misc":{"Tiempo de lectura":"10 minutos"},"schema":{"@context":"https:\/\/schema.org","@graph":[{"@type":"WebPage","@id":"https:\/\/rutesentrerefugis.com\/index.php\/rutes\/rutes-amb-btt\/","url":"https:\/\/rutesentrerefugis.com\/index.php\/rutes\/rutes-amb-btt\/","name":"RUTES AMB BTT - Rutes Entre Refugis","isPartOf":{"@id":"https:\/\/rutesentrerefugis.com\/#website"},"primaryImageOfPage":{"@id":"https:\/\/rutesentrerefugis.com\/index.php\/rutes\/rutes-amb-btt\/#primaryimage"},"image":{"@id":"https:\/\/rutesentrerefugis.com\/index.php\/rutes\/rutes-amb-btt\/#primaryimage"},"thumbnailUrl":"https:\/\/rutesentrerefugis.com\/wp-content\/uploads\/2022\/08\/BTT-Inici-NW-1.jpg","datePublished":"2022-08-25T16:13:29+00:00","dateModified":"2023-11-01T12:41:34+00:00","breadcrumb":{"@id":"https:\/\/rutesentrerefugis.com\/index.php\/rutes\/rutes-amb-btt\/#breadcrumb"},"inLanguage":"es","potentialAction":[{"@type":"ReadAction","target":["https:\/\/rutesentrerefugis.com\/index.php\/rutes\/rutes-amb-btt\/"]}]},{"@type":"ImageObject","inLanguage":"es","@id":"https:\/\/rutesentrerefugis.com\/index.php\/rutes\/rutes-amb-btt\/#primaryimage","url":"https:\/\/rutesentrerefugis.com\/wp-content\/uploads\/2022\/08\/BTT-Inici-NW-1.jpg","contentUrl":"https:\/\/rutesentrerefugis.com\/wp-content\/uploads\/2022\/08\/BTT-Inici-NW-1.jpg","width":2000,"height":450,"caption":"Rutes Entre Refugis"},{"@type":"BreadcrumbList","@id":"https:\/\/rutesentrerefugis.com\/index.php\/rutes\/rutes-amb-btt\/#breadcrumb","itemListElement":[{"@type":"ListItem","position":1,"name":"Inici","item":"https:\/\/rutesentrerefugis.com\/"},{"@type":"ListItem","position":2,"name":"RUTES","item":"https:\/\/rutesentrerefugis.com\/index.php\/rutes\/"},{"@type":"ListItem","position":3,"name":"RUTES AMB BTT"}]},{"@type":"WebSite","@id":"https:\/\/rutesentrerefugis.com\/#website","url":"https:\/\/rutesentrerefugis.com\/","name":"Rutes Entre Refugis","description":"Caminant sota un nom","publisher":{"@id":"https:\/\/rutesentrerefugis.com\/#organization"},"potentialAction":[{"@type":"SearchAction","target":{"@type":"EntryPoint","urlTemplate":"https:\/\/rutesentrerefugis.com\/?s={search_term_string}"},"query-input":{"@type":"PropertyValueSpecification","valueRequired":true,"valueName":"search_term_string"}}],"inLanguage":"es"},{"@type":"Organization","@id":"https:\/\/rutesentrerefugis.com\/#organization","name":"Rutes Entre Refugis","url":"https:\/\/rutesentrerefugis.com\/","logo":{"@type":"ImageObject","inLanguage":"es","@id":"https:\/\/rutesentrerefugis.com\/#\/schema\/logo\/image\/","url":"https:\/\/rutesentrerefugis.com\/wp-content\/uploads\/2022\/08\/RutesEntreRefugis-Blanc-Retina-1.png","contentUrl":"https:\/\/rutesentrerefugis.com\/wp-content\/uploads\/2022\/08\/RutesEntreRefugis-Blanc-Retina-1.png","width":400,"height":400,"caption":"Rutes Entre Refugis"},"image":{"@id":"https:\/\/rutesentrerefugis.com\/#\/schema\/logo\/image\/"}}]}},"_links":{"self":[{"href":"https:\/\/rutesentrerefugis.com\/index.php\/wp-json\/wp\/v2\/pages\/854","targetHints":{"allow":["GET"]}}],"collection":[{"href":"https:\/\/rutesentrerefugis.com\/index.php\/wp-json\/wp\/v2\/pages"}],"about":[{"href":"https:\/\/rutesentrerefugis.com\/index.php\/wp-json\/wp\/v2\/types\/page"}],"author":[{"embeddable":true,"href":"https:\/\/rutesentrerefugis.com\/index.php\/wp-json\/wp\/v2\/users\/2"}],"replies":[{"embeddable":true,"href":"https:\/\/rutesentrerefugis.com\/index.php\/wp-json\/wp\/v2\/comments?post=854"}],"version-history":[{"count":44,"href":"https:\/\/rutesentrerefugis.com\/index.php\/wp-json\/wp\/v2\/pages\/854\/revisions"}],"predecessor-version":[{"id":19488,"href":"https:\/\/rutesentrerefugis.com\/index.php\/wp-json\/wp\/v2\/pages\/854\/revisions\/19488"}],"up":[{"embeddable":true,"href":"https:\/\/rutesentrerefugis.com\/index.php\/wp-json\/wp\/v2\/pages\/16"}],"wp:attachment":[{"href":"https:\/\/rutesentrerefugis.com\/index.php\/wp-json\/wp\/v2\/media?parent=854"}],"curies":[{"name":"wp","href":"https:\/\/api.w.org\/{rel}","templated":true}]}}